{"id":60928,"date":"2019-09-04T14:32:30","date_gmt":"2019-09-04T18:32:30","guid":{"rendered":"https:\/\/www.ludwig-van.com\/montreal\/?post_type=tribe_events&#038;p=60928"},"modified":"2019-09-04T14:32:30","modified_gmt":"2019-09-04T18:32:30","slug":"ensemble-caprice-motezuma","status":"publish","type":"tribe_events","link":"https:\/\/www.ludwig-van.com\/montreal\/event\/ensemble-caprice-motezuma\/","title":{"rendered":"Ensemble Caprice | Motezuma"},"content":{"rendered":"<p>Cet op\u00e9ra grandiose compos\u00e9 par un Vivaldi au z\u00e9nith de sa carri\u00e8re, nous est parvenu que partiellement.\u00a0 Matthias Maute a r\u00e9alis\u00e9 une reconstruction de cette grande \u0153uvre. \u00a0Laissez-vous emporter par l\u2019incroyable histoire de Motezuma** c\u00e9l\u00e8bre Empereur azt\u00e8que, aux prises avec le conquistador Fernando Cort\u00e9s dont le fr\u00e8re Ramiro mariera la fille de l\u2019Empereur. L\u2019op\u00e9ra sera pr\u00e9sent\u00e9 en version concert et les r\u00e9citatifs seront remplac\u00e9s par des textes r\u00e9cit\u00e9s par un acteur.<\/p>\n<p>En collaboration avec la Bach Society Minnesota et Early Music Seattle<\/p>\n<p>** Nous avons conserv\u00e9 l\u2019orthographe originale du livret datant de 1733 de Luigi Giusti.<\/p>\n<p><span style=\"font-family: Arial, serif;\">Co\u00fbts des billets: \u00a0R\u00e9gulier 49$, A\u00een\u00e9 et VIP du Mus\u00e9e 42$, \u00c9tudiant 25,75$<\/span><\/p>\n","protected":false},"excerpt":{"rendered":"<p>Cet op\u00e9ra grandiose compos\u00e9 par un Vivaldi au z\u00e9nith de sa carri\u00e8re, nous est parvenu que partiellement.\u00a0 Matthias Maute a r\u00e9alis\u00e9 une reconstruction de cette grande \u0153uvre. \u00a0Laissez-vous emporter par l\u2019incroyable histoire de Motezuma** c\u00e9l\u00e8bre Empereur azt\u00e8que, aux prises avec le conquistador Fernando Cort\u00e9s dont le fr\u00e8re Ramiro mariera la fille de l\u2019Empereur. L\u2019op\u00e9ra sera [&hellip;]<\/p>\n","protected":false},"author":1,"featured_media":60917,"comment_status":"open","ping_status":"closed","template":"","meta":{"om_disable_all_campaigns":false,"jetpack_post_was_ever_published":false},"tags":[],"tribe_events_cat":[4992,5053,5050],"acf":[],"jetpack_sharing_enabled":true,"_links":{"self":[{"href":"https:\/\/www.ludwig-van.com\/montreal\/wp-json\/wp\/v2\/tribe_events\/60928"}],"collection":[{"href":"https:\/\/www.ludwig-van.com\/montreal\/wp-json\/wp\/v2\/tribe_events"}],"about":[{"href":"https:\/\/www.ludwig-van.com\/montreal\/wp-json\/wp\/v2\/types\/tribe_events"}],"author":[{"embeddable":true,"href":"https:\/\/www.ludwig-van.com\/montreal\/wp-json\/wp\/v2\/users\/1"}],"replies":[{"embeddable":true,"href":"https:\/\/www.ludwig-van.com\/montreal\/wp-json\/wp\/v2\/comments?post=60928"}],"version-history":[{"count":1,"href":"https:\/\/www.ludwig-van.com\/montreal\/wp-json\/wp\/v2\/tribe_events\/60928\/revisions"}],"predecessor-version":[{"id":60929,"href":"https:\/\/www.ludwig-van.com\/montreal\/wp-json\/wp\/v2\/tribe_events\/60928\/revisions\/60929"}],"wp:featuredmedia":[{"embeddable":true,"href":"https:\/\/www.ludwig-van.com\/montreal\/wp-json\/wp\/v2\/media\/60917"}],"wp:attachment":[{"href":"https:\/\/www.ludwig-van.com\/montreal\/wp-json\/wp\/v2\/media?parent=60928"}],"wp:term":[{"taxonomy":"post_tag","embeddable":true,"href":"https:\/\/www.ludwig-van.com\/montreal\/wp-json\/wp\/v2\/tags?post=60928"},{"taxonomy":"tribe_events_cat","embeddable":true,"href":"https:\/\/www.ludwig-van.com\/montreal\/wp-json\/wp\/v2\/tribe_events_cat?post=60928"}],"curies":[{"name":"wp","href":"https:\/\/api.w.org\/{rel}","templated":true}]}}