{"id":60921,"date":"2019-09-04T14:22:46","date_gmt":"2019-09-04T18:22:46","guid":{"rendered":"https:\/\/www.ludwig-van.com\/montreal\/?post_type=tribe_events&#038;p=60921"},"modified":"2019-09-04T14:28:44","modified_gmt":"2019-09-04T18:28:44","slug":"ensemble-caprice-pres-du-soleil","status":"publish","type":"tribe_events","link":"https:\/\/www.ludwig-van.com\/montreal\/event\/ensemble-caprice-pres-du-soleil\/","title":{"rendered":"Ensemble Caprice | Pr\u00e8s du soleil"},"content":{"rendered":"<p>L\u2019Ars subtilior, style musical complexe et raffin\u00e9 suivant l\u2019Ars Nova du Moyen \u00c2ge, est le point de d\u00e9part d\u2019une rencontre entre les univers des deux ensembles Caprice et Constantinople.\u00a0 Dans ce programme musical in\u00e9dit, les instruments des musiciens de Constantinople (s\u00e9tar, kanun, oud et percussions) se m\u00ealent aux sons des instruments de l\u2019Ensemble Caprice (fl\u00fbtes \u00e0 bec et vi\u00e8le) ainsi qu\u2019aux voix de la soprano Rebecca Dowd et du chanteur persan Kiya Tabassian.\u00a0 Tous dialogueront ensemble pour cr\u00e9er un concert haut en couleurs m\u00e9di\u00e9vales, europ\u00e9ennes et orientales.<\/p>\n<p>R\u00e9pertoire:\u00a0 Llibre Vermell, Matteo di Perugia, Johannes Ciconia et autres<\/p>\n<p>Co\u00fbts des billets: \u00a0R\u00e9gulier 39$, A\u00een\u00e9 et VIP du Mus\u00e9e 33,50$, \u00c9tudiant 20,75$<\/p>\n","protected":false},"excerpt":{"rendered":"<p>L\u2019Ars subtilior, style musical complexe et raffin\u00e9 suivant l\u2019Ars Nova du Moyen \u00c2ge, est le point de d\u00e9part d\u2019une rencontre entre les univers des deux ensembles Caprice et Constantinople.\u00a0 Dans ce programme musical in\u00e9dit, les instruments des musiciens de Constantinople (s\u00e9tar, kanun, oud et percussions) se m\u00ealent aux sons des instruments de l\u2019Ensemble Caprice (fl\u00fbtes [&hellip;]<\/p>\n","protected":false},"author":1,"featured_media":60915,"comment_status":"open","ping_status":"closed","template":"","meta":{"om_disable_all_campaigns":false,"jetpack_post_was_ever_published":false},"tags":[],"tribe_events_cat":[5053,5050,5563],"acf":[],"jetpack_sharing_enabled":true,"_links":{"self":[{"href":"https:\/\/www.ludwig-van.com\/montreal\/wp-json\/wp\/v2\/tribe_events\/60921"}],"collection":[{"href":"https:\/\/www.ludwig-van.com\/montreal\/wp-json\/wp\/v2\/tribe_events"}],"about":[{"href":"https:\/\/www.ludwig-van.com\/montreal\/wp-json\/wp\/v2\/types\/tribe_events"}],"author":[{"embeddable":true,"href":"https:\/\/www.ludwig-van.com\/montreal\/wp-json\/wp\/v2\/users\/1"}],"replies":[{"embeddable":true,"href":"https:\/\/www.ludwig-van.com\/montreal\/wp-json\/wp\/v2\/comments?post=60921"}],"version-history":[{"count":3,"href":"https:\/\/www.ludwig-van.com\/montreal\/wp-json\/wp\/v2\/tribe_events\/60921\/revisions"}],"predecessor-version":[{"id":60927,"href":"https:\/\/www.ludwig-van.com\/montreal\/wp-json\/wp\/v2\/tribe_events\/60921\/revisions\/60927"}],"wp:featuredmedia":[{"embeddable":true,"href":"https:\/\/www.ludwig-van.com\/montreal\/wp-json\/wp\/v2\/media\/60915"}],"wp:attachment":[{"href":"https:\/\/www.ludwig-van.com\/montreal\/wp-json\/wp\/v2\/media?parent=60921"}],"wp:term":[{"taxonomy":"post_tag","embeddable":true,"href":"https:\/\/www.ludwig-van.com\/montreal\/wp-json\/wp\/v2\/tags?post=60921"},{"taxonomy":"tribe_events_cat","embeddable":true,"href":"https:\/\/www.ludwig-van.com\/montreal\/wp-json\/wp\/v2\/tribe_events_cat?post=60921"}],"curies":[{"name":"wp","href":"https:\/\/api.w.org\/{rel}","templated":true}]}}