{"id":60163,"date":"2019-06-29T21:16:50","date_gmt":"2019-06-30T01:16:50","guid":{"rendered":"https:\/\/www.ludwig-van.com\/montreal\/?post_type=tribe_events&#038;p=60163"},"modified":"2019-06-29T21:16:50","modified_gmt":"2019-06-30T01:16:50","slug":"pentaedre-pentaedre-solo","status":"publish","type":"tribe_events","link":"https:\/\/www.ludwig-van.com\/montreal\/event\/pentaedre-pentaedre-solo\/","title":{"rendered":"Penta\u00e8dre | Penta\u00e8dre solo !"},"content":{"rendered":"<p><em>Deux si\u00e8cles de musique originale pour quintette \u00e0 vent avec des \u0153uvres de Danzi, Lachner, Maslanka et une cr\u00e9ation de Miguel Del Aguila<\/em><\/p>\n<p>Penta\u00e8dre vous convie \u00e0 ce premier concert de saison on ne peut plus vari\u00e9, couvrant plus de deux si\u00e8cles de musique originale ! Le ma\u00eetre allemand du quintette \u00e0 vent, Franz Danzi, sera \u00e0 l\u2019honneur avec son Quintette en si b\u00e9mol majeur op. 56, no. 1, qui sera jumel\u00e9 au Quintette no. 2 du compositeur romantique Franz Lachner. \u00c9galement au programme deux \u0153uvres am\u00e9ricaines plus r\u00e9centes, le quatri\u00e8me quintette du compositeur David Maslanka, ainsi que le Quinteto Sinfonico de Miguel Del Aguila, am\u00e9ricain d\u2019origine uruguayenne, en premi\u00e8re mondiale.<\/p>\n<p>Franz Danzi (1763-1826) : Quintette en si b\u00e9mol majeur, op.56, no. 1<br \/>\nDavid Maslanka (1943-2017) : Quintette pour vents no.1<br \/>\nFranz Lachner (1803-1890) : Quintette en mi b\u00e9mol majeur, no. 2<br \/>\nMiguel Del Aguila (1957-\u2026) : Quinteto Sinfonico, no. 4 (cr\u00e9ation)<\/p>\n<p>ADMISSION: 32$, 27$, 12$<\/p>\n","protected":false},"excerpt":{"rendered":"<p>Deux si\u00e8cles de musique originale pour quintette \u00e0 vent avec des \u0153uvres de Danzi, Lachner, Maslanka et une cr\u00e9ation de Miguel Del Aguila Penta\u00e8dre vous convie \u00e0 ce premier concert de saison on ne peut plus vari\u00e9, couvrant plus de deux si\u00e8cles de musique originale ! Le ma\u00eetre allemand du quintette \u00e0 vent, Franz Danzi, [&hellip;]<\/p>\n","protected":false},"author":1,"featured_media":60161,"comment_status":"open","ping_status":"closed","template":"","meta":{"om_disable_all_campaigns":false,"jetpack_post_was_ever_published":false},"tags":[],"tribe_events_cat":[5052],"acf":[],"jetpack_sharing_enabled":true,"_links":{"self":[{"href":"https:\/\/www.ludwig-van.com\/montreal\/wp-json\/wp\/v2\/tribe_events\/60163"}],"collection":[{"href":"https:\/\/www.ludwig-van.com\/montreal\/wp-json\/wp\/v2\/tribe_events"}],"about":[{"href":"https:\/\/www.ludwig-van.com\/montreal\/wp-json\/wp\/v2\/types\/tribe_events"}],"author":[{"embeddable":true,"href":"https:\/\/www.ludwig-van.com\/montreal\/wp-json\/wp\/v2\/users\/1"}],"replies":[{"embeddable":true,"href":"https:\/\/www.ludwig-van.com\/montreal\/wp-json\/wp\/v2\/comments?post=60163"}],"version-history":[{"count":1,"href":"https:\/\/www.ludwig-van.com\/montreal\/wp-json\/wp\/v2\/tribe_events\/60163\/revisions"}],"predecessor-version":[{"id":60164,"href":"https:\/\/www.ludwig-van.com\/montreal\/wp-json\/wp\/v2\/tribe_events\/60163\/revisions\/60164"}],"wp:featuredmedia":[{"embeddable":true,"href":"https:\/\/www.ludwig-van.com\/montreal\/wp-json\/wp\/v2\/media\/60161"}],"wp:attachment":[{"href":"https:\/\/www.ludwig-van.com\/montreal\/wp-json\/wp\/v2\/media?parent=60163"}],"wp:term":[{"taxonomy":"post_tag","embeddable":true,"href":"https:\/\/www.ludwig-van.com\/montreal\/wp-json\/wp\/v2\/tags?post=60163"},{"taxonomy":"tribe_events_cat","embeddable":true,"href":"https:\/\/www.ludwig-van.com\/montreal\/wp-json\/wp\/v2\/tribe_events_cat?post=60163"}],"curies":[{"name":"wp","href":"https:\/\/api.w.org\/{rel}","templated":true}]}}