{"id":59429,"date":"2019-04-13T18:40:15","date_gmt":"2019-04-13T22:40:15","guid":{"rendered":"https:\/\/www.ludwig-van.com\/montreal\/?post_type=tribe_events&#038;p=59429"},"modified":"2019-04-13T18:40:15","modified_gmt":"2019-04-13T22:40:15","slug":"arte-musica-m-mme-schumann","status":"publish","type":"tribe_events","link":"https:\/\/www.ludwig-van.com\/montreal\/event\/arte-musica-m-mme-schumann\/","title":{"rendered":"Arte Musica | M. et Mme Schumann"},"content":{"rendered":"<p>Pour Clara et Robert Schumann, couple mythique du romantisme, la musique \u00e9tait une expression de leurs pens\u00e9es et de leurs \u00e9motions les plus profondes ainsi que le langage personnel de leur amour. Les extraits des lettres de Clara et Robert Schumann, lues par Catherine Perrin, font \u00e9cho\u00a0\u00e0 ces deux \u0153uvres de musique de chambre empreintes d\u2019une profonde tendresse.<\/p>\n<p>ARTISTES<br \/>\nMusiciens de l&rsquo;OSM<br \/>\nJean-S\u00e9bastien Roy, violon<br \/>\nSofia Gentile, alto<br \/>\nSylvain Murray, violoncelle<br \/>\nWonny Song, piano<br \/>\nCatherine Perrin, narration<\/p>\n<p>PROGRAMME<br \/>\nCLARA SCHUMANN Trio pour piano, violon et violoncelle en <em>sol<\/em> mineur, op. 17<br \/>\nROBERT SCHUMANN Quatuor pour piano, violon, alto et violoncelle en <em>mi<\/em> b\u00e9mol majeur, op. 47<\/p>\n","protected":false},"excerpt":{"rendered":"<p>Pour Clara et Robert Schumann, couple mythique du romantisme, la musique \u00e9tait une expression de leurs pens\u00e9es et de leurs \u00e9motions les plus profondes ainsi que le langage personnel de leur amour. Les extraits des lettres de Clara et Robert Schumann, lues par Catherine Perrin, font \u00e9cho\u00a0\u00e0 ces deux \u0153uvres de musique de chambre empreintes [&hellip;]<\/p>\n","protected":false},"author":1,"featured_media":59430,"comment_status":"open","ping_status":"closed","template":"","meta":{"om_disable_all_campaigns":false,"jetpack_post_was_ever_published":false},"tags":[],"tribe_events_cat":[6109,5052,5024,5124,6476],"acf":[],"jetpack_sharing_enabled":true,"_links":{"self":[{"href":"https:\/\/www.ludwig-van.com\/montreal\/wp-json\/wp\/v2\/tribe_events\/59429"}],"collection":[{"href":"https:\/\/www.ludwig-van.com\/montreal\/wp-json\/wp\/v2\/tribe_events"}],"about":[{"href":"https:\/\/www.ludwig-van.com\/montreal\/wp-json\/wp\/v2\/types\/tribe_events"}],"author":[{"embeddable":true,"href":"https:\/\/www.ludwig-van.com\/montreal\/wp-json\/wp\/v2\/users\/1"}],"replies":[{"embeddable":true,"href":"https:\/\/www.ludwig-van.com\/montreal\/wp-json\/wp\/v2\/comments?post=59429"}],"version-history":[{"count":1,"href":"https:\/\/www.ludwig-van.com\/montreal\/wp-json\/wp\/v2\/tribe_events\/59429\/revisions"}],"predecessor-version":[{"id":59431,"href":"https:\/\/www.ludwig-van.com\/montreal\/wp-json\/wp\/v2\/tribe_events\/59429\/revisions\/59431"}],"wp:featuredmedia":[{"embeddable":true,"href":"https:\/\/www.ludwig-van.com\/montreal\/wp-json\/wp\/v2\/media\/59430"}],"wp:attachment":[{"href":"https:\/\/www.ludwig-van.com\/montreal\/wp-json\/wp\/v2\/media?parent=59429"}],"wp:term":[{"taxonomy":"post_tag","embeddable":true,"href":"https:\/\/www.ludwig-van.com\/montreal\/wp-json\/wp\/v2\/tags?post=59429"},{"taxonomy":"tribe_events_cat","embeddable":true,"href":"https:\/\/www.ludwig-van.com\/montreal\/wp-json\/wp\/v2\/tribe_events_cat?post=59429"}],"curies":[{"name":"wp","href":"https:\/\/api.w.org\/{rel}","templated":true}]}}