{"id":59426,"date":"2019-04-13T18:36:20","date_gmt":"2019-04-13T22:36:20","guid":{"rendered":"https:\/\/www.ludwig-van.com\/montreal\/?post_type=tribe_events&#038;p=59426"},"modified":"2019-04-13T18:36:20","modified_gmt":"2019-04-13T22:36:20","slug":"arte-musica-y2","status":"publish","type":"tribe_events","link":"https:\/\/www.ludwig-van.com\/montreal\/event\/arte-musica-y2\/","title":{"rendered":"Arte Musica | Y2"},"content":{"rendered":"<p>N\u2019est-ce pas la nature m\u00eame du jazz de nous surprendre et de nous transporter vers des horizons insoup\u00e7onn\u00e9s ? C\u2019est dans cet esprit que ces deux piliers du jazz montr\u00e9alais s\u2019unissent pour nous faire vivre une exp\u00e9rience totalement habit\u00e9e par la libre improvisation. Une vision moderne de deux cr\u00e9ateurs r\u00e9solument de notre temps.<\/p>\n<p>ARTISTES<br \/>\nYannick Rieu, saxophone soprano<br \/>\nYves L\u00e9veill\u00e9, piano<\/p>\n","protected":false},"excerpt":{"rendered":"<p>N\u2019est-ce pas la nature m\u00eame du jazz de nous surprendre et de nous transporter vers des horizons insoup\u00e7onn\u00e9s ? C\u2019est dans cet esprit que ces deux piliers du jazz montr\u00e9alais s\u2019unissent pour nous faire vivre une exp\u00e9rience totalement habit\u00e9e par la libre improvisation. Une vision moderne de deux cr\u00e9ateurs r\u00e9solument de notre temps. ARTISTES Yannick [&hellip;]<\/p>\n","protected":false},"author":1,"featured_media":59427,"comment_status":"open","ping_status":"closed","template":"","meta":{"om_disable_all_campaigns":false,"jetpack_post_was_ever_published":false},"tags":[],"tribe_events_cat":[5501],"acf":[],"jetpack_sharing_enabled":true,"_links":{"self":[{"href":"https:\/\/www.ludwig-van.com\/montreal\/wp-json\/wp\/v2\/tribe_events\/59426"}],"collection":[{"href":"https:\/\/www.ludwig-van.com\/montreal\/wp-json\/wp\/v2\/tribe_events"}],"about":[{"href":"https:\/\/www.ludwig-van.com\/montreal\/wp-json\/wp\/v2\/types\/tribe_events"}],"author":[{"embeddable":true,"href":"https:\/\/www.ludwig-van.com\/montreal\/wp-json\/wp\/v2\/users\/1"}],"replies":[{"embeddable":true,"href":"https:\/\/www.ludwig-van.com\/montreal\/wp-json\/wp\/v2\/comments?post=59426"}],"version-history":[{"count":1,"href":"https:\/\/www.ludwig-van.com\/montreal\/wp-json\/wp\/v2\/tribe_events\/59426\/revisions"}],"predecessor-version":[{"id":59428,"href":"https:\/\/www.ludwig-van.com\/montreal\/wp-json\/wp\/v2\/tribe_events\/59426\/revisions\/59428"}],"wp:featuredmedia":[{"embeddable":true,"href":"https:\/\/www.ludwig-van.com\/montreal\/wp-json\/wp\/v2\/media\/59427"}],"wp:attachment":[{"href":"https:\/\/www.ludwig-van.com\/montreal\/wp-json\/wp\/v2\/media?parent=59426"}],"wp:term":[{"taxonomy":"post_tag","embeddable":true,"href":"https:\/\/www.ludwig-van.com\/montreal\/wp-json\/wp\/v2\/tags?post=59426"},{"taxonomy":"tribe_events_cat","embeddable":true,"href":"https:\/\/www.ludwig-van.com\/montreal\/wp-json\/wp\/v2\/tribe_events_cat?post=59426"}],"curies":[{"name":"wp","href":"https:\/\/api.w.org\/{rel}","templated":true}]}}