{"id":59421,"date":"2019-04-13T18:25:58","date_gmt":"2019-04-13T22:25:58","guid":{"rendered":"https:\/\/www.ludwig-van.com\/montreal\/?post_type=tribe_events&#038;p=59421"},"modified":"2019-04-13T18:25:58","modified_gmt":"2019-04-13T22:25:58","slug":"arte-musica-gabriela-montero","status":"publish","type":"tribe_events","link":"https:\/\/www.ludwig-van.com\/montreal\/event\/arte-musica-gabriela-montero\/","title":{"rendered":"Arte Musica | Gabriela Montero"},"content":{"rendered":"<p>La pianiste et compositrice d\u2019origine v\u00e9n\u00e9zu\u00e9lienne Gabriela Montero est reconnue autant pour ses interpr\u00e9tations lumineuses du r\u00e9pertoire classique que pour ses fabuleuses improvisations. Un concert sur le th\u00e8me de l\u2019enfance o\u00f9 la spontan\u00e9it\u00e9 est au rendez-vous.<\/p>\n<p>ARTISTE<br \/>\nGABRIELA MONTERO, piano<\/p>\n<p>PROGRAMME<br \/>\n<strong>SCHUMANN<\/strong>\u00a0<em>Kinderszenen\u00a0<\/em>[Sc\u00e8nes d\u2019enfants], op. 15<br \/>\n<strong>CHOSTAKOVITCH\u00a0<\/strong>Sonate n<sup>o<\/sup>\u00a02 en\u00a0<em>si\u00a0<\/em>mineur, op. 61<br \/>\n<strong>Chick COREA\u00a0<\/strong><em>Children\u2019s Songs<\/em>\u00a0(extraits)<br \/>\n<strong>Gabriela MONTERO\u00a0<\/strong>Improvisation<\/p>\n","protected":false},"excerpt":{"rendered":"<p>La pianiste et compositrice d\u2019origine v\u00e9n\u00e9zu\u00e9lienne Gabriela Montero est reconnue autant pour ses interpr\u00e9tations lumineuses du r\u00e9pertoire classique que pour ses fabuleuses improvisations. Un concert sur le th\u00e8me de l\u2019enfance o\u00f9 la spontan\u00e9it\u00e9 est au rendez-vous. ARTISTE GABRIELA MONTERO, piano PROGRAMME SCHUMANN\u00a0Kinderszenen\u00a0[Sc\u00e8nes d\u2019enfants], op. 15 CHOSTAKOVITCH\u00a0Sonate no\u00a02 en\u00a0si\u00a0mineur, op. 61 Chick COREA\u00a0Children\u2019s Songs\u00a0(extraits) Gabriela MONTERO\u00a0Improvisation<\/p>\n","protected":false},"author":1,"featured_media":59422,"comment_status":"open","ping_status":"closed","template":"","meta":{"om_disable_all_campaigns":false,"jetpack_post_was_ever_published":false},"tags":[],"tribe_events_cat":[5327,5024],"acf":[],"jetpack_sharing_enabled":true,"_links":{"self":[{"href":"https:\/\/www.ludwig-van.com\/montreal\/wp-json\/wp\/v2\/tribe_events\/59421"}],"collection":[{"href":"https:\/\/www.ludwig-van.com\/montreal\/wp-json\/wp\/v2\/tribe_events"}],"about":[{"href":"https:\/\/www.ludwig-van.com\/montreal\/wp-json\/wp\/v2\/types\/tribe_events"}],"author":[{"embeddable":true,"href":"https:\/\/www.ludwig-van.com\/montreal\/wp-json\/wp\/v2\/users\/1"}],"replies":[{"embeddable":true,"href":"https:\/\/www.ludwig-van.com\/montreal\/wp-json\/wp\/v2\/comments?post=59421"}],"version-history":[{"count":1,"href":"https:\/\/www.ludwig-van.com\/montreal\/wp-json\/wp\/v2\/tribe_events\/59421\/revisions"}],"predecessor-version":[{"id":59423,"href":"https:\/\/www.ludwig-van.com\/montreal\/wp-json\/wp\/v2\/tribe_events\/59421\/revisions\/59423"}],"wp:featuredmedia":[{"embeddable":true,"href":"https:\/\/www.ludwig-van.com\/montreal\/wp-json\/wp\/v2\/media\/59422"}],"wp:attachment":[{"href":"https:\/\/www.ludwig-van.com\/montreal\/wp-json\/wp\/v2\/media?parent=59421"}],"wp:term":[{"taxonomy":"post_tag","embeddable":true,"href":"https:\/\/www.ludwig-van.com\/montreal\/wp-json\/wp\/v2\/tags?post=59421"},{"taxonomy":"tribe_events_cat","embeddable":true,"href":"https:\/\/www.ludwig-van.com\/montreal\/wp-json\/wp\/v2\/tribe_events_cat?post=59421"}],"curies":[{"name":"wp","href":"https:\/\/api.w.org\/{rel}","templated":true}]}}