{"id":59346,"date":"2019-04-03T22:46:52","date_gmt":"2019-04-04T02:46:52","guid":{"rendered":"https:\/\/www.ludwig-van.com\/montreal\/?post_type=tribe_events&#038;p=59346"},"modified":"2019-04-03T22:46:52","modified_gmt":"2019-04-04T02:46:52","slug":"jeunesses-musicales-origines-bing-bang","status":"publish","type":"tribe_events","link":"https:\/\/www.ludwig-van.com\/montreal\/event\/jeunesses-musicales-origines-bing-bang\/2019-05-05\/","title":{"rendered":"Jeunesses Musicales | Les origines du bing bang!"},"content":{"rendered":"<p>Retracez l&rsquo;\u00e9volution des rythmes \u00e0 travers des traditions musicales provenant des quatre coins du monde!<\/p>\n<p>C\u2019est une grosse journ\u00e9e pour Marton et Bruno, les deux copains percussionnistes. Le premier a une audition \u00e0 la batterie le jour m\u00eame et doit pouvoir jouer une vari\u00e9t\u00e9 de rythmes de diff\u00e9rentes r\u00e9gions du monde; le second participe \u00e0 une grande parade multiculturelle et ne sait pas quels instruments choisir tellement il y a de possibilit\u00e9s. Tous deux vont se remuer les m\u00e9ninges tr\u00e8s intens\u00e9ment sous nos yeux\u2026 et dans nos oreilles! Ils vont explorer toutes sortes de percussions \u2013 caj\u00f3n, claves, surdo, bodhran, djemb\u00e9 \u2013 et toutes sortes de pays et r\u00e9gions du monde \u2013 le P\u00e9rou, le Br\u00e9sil, Cuba, l\u2019Irlande, les \u00c9tats-Unis, l\u2019Afrique\u2026 sans oublier le Qu\u00e9bec! Au terme de cette journ\u00e9e haute en couleur, o\u00f9 chacun cherche son rythme, comment Marton et Bruno atteindront-ils leurs buts?<\/p>\n<p>Public cible : 3 \u00e0 8 ans<br \/>\nDur\u00e9e du concert : 55 minutes<\/p>\n<p>ARTISTES<br \/>\nMarton Maderspach et Bruno Roy, percussions<\/p>\n<p>MISE EN SC\u00c8NE<br \/>\nAlain Gauthier<\/p>\n<p>TEXTE<br \/>\nPascal Blanchet<\/p>\n<p>SC\u00c9NOGRAPHIE<br \/>\nPierre-Luc Boudreau<\/p>\n","protected":false},"excerpt":{"rendered":"<p>Retracez l&rsquo;\u00e9volution des rythmes \u00e0 travers des traditions musicales provenant des quatre coins du monde! C\u2019est une grosse journ\u00e9e pour Marton et Bruno, les deux copains percussionnistes. Le premier a une audition \u00e0 la batterie le jour m\u00eame et doit pouvoir jouer une vari\u00e9t\u00e9 de rythmes de diff\u00e9rentes r\u00e9gions du monde; le second participe \u00e0 [&hellip;]<\/p>\n","protected":false},"author":1,"featured_media":59347,"comment_status":"open","ping_status":"closed","template":"","meta":{"om_disable_all_campaigns":false,"jetpack_post_was_ever_published":false},"tags":[],"tribe_events_cat":[6139,5027],"acf":[],"jetpack_sharing_enabled":true,"_links":{"self":[{"href":"https:\/\/www.ludwig-van.com\/montreal\/wp-json\/wp\/v2\/tribe_events\/59346"}],"collection":[{"href":"https:\/\/www.ludwig-van.com\/montreal\/wp-json\/wp\/v2\/tribe_events"}],"about":[{"href":"https:\/\/www.ludwig-van.com\/montreal\/wp-json\/wp\/v2\/types\/tribe_events"}],"author":[{"embeddable":true,"href":"https:\/\/www.ludwig-van.com\/montreal\/wp-json\/wp\/v2\/users\/1"}],"replies":[{"embeddable":true,"href":"https:\/\/www.ludwig-van.com\/montreal\/wp-json\/wp\/v2\/comments?post=59346"}],"version-history":[{"count":1,"href":"https:\/\/www.ludwig-van.com\/montreal\/wp-json\/wp\/v2\/tribe_events\/59346\/revisions"}],"predecessor-version":[{"id":59348,"href":"https:\/\/www.ludwig-van.com\/montreal\/wp-json\/wp\/v2\/tribe_events\/59346\/revisions\/59348"}],"wp:featuredmedia":[{"embeddable":true,"href":"https:\/\/www.ludwig-van.com\/montreal\/wp-json\/wp\/v2\/media\/59347"}],"wp:attachment":[{"href":"https:\/\/www.ludwig-van.com\/montreal\/wp-json\/wp\/v2\/media?parent=59346"}],"wp:term":[{"taxonomy":"post_tag","embeddable":true,"href":"https:\/\/www.ludwig-van.com\/montreal\/wp-json\/wp\/v2\/tags?post=59346"},{"taxonomy":"tribe_events_cat","embeddable":true,"href":"https:\/\/www.ludwig-van.com\/montreal\/wp-json\/wp\/v2\/tribe_events_cat?post=59346"}],"curies":[{"name":"wp","href":"https:\/\/api.w.org\/{rel}","templated":true}]}}