{"id":59201,"date":"2019-03-20T16:46:10","date_gmt":"2019-03-20T20:46:10","guid":{"rendered":"https:\/\/www.ludwig-van.com\/montreal\/?post_type=tribe_events&#038;p=59201"},"modified":"2019-03-20T16:46:10","modified_gmt":"2019-03-20T20:46:10","slug":"jeunesses-musicales-lhistoire-de-babar","status":"publish","type":"tribe_events","link":"https:\/\/www.ludwig-van.com\/montreal\/event\/jeunesses-musicales-lhistoire-de-babar\/2019-04-07\/","title":{"rendered":"Jeunesses Musicales | L\u2019histoire de Babar"},"content":{"rendered":"<p>Un r\u00e9cit plein de rebondissements et une musique color\u00e9e qui sauront \u00e9mouvoir les petits et \u00e9veiller un brin de nostalgie chez les grands !<\/p>\n<p>Deux amies revisitent en musique et en th\u00e9\u00e2tre un conte de leur enfance : la c\u00e9l\u00e8bre histoire du roi Babar. Gr\u00e2ce \u00e0 quelques bouts de tissus et \u00e0 la musique \u00e9vocatrice de Francis Poulenc, \u00c9lisabeth et Laurence donnent vie aux aventures du petit \u00e9l\u00e9phant dans les grandes rues de la ville, puis \u00e0 son retour dans la savanne. Une cr\u00e9ation \u00e0 la fois touchante, amusante et inventive.<\/p>\n<p>Public cible : 3 \u00e0 8 ans<br \/>\nDur\u00e9e du concert : 45 minutes<\/p>\n<p>ARTISTES<br \/>\nElisabeth Payeur, narration<br \/>\nLaurence Lambert-Chan,piano<\/p>\n<p>MISE EN SC\u00c8NE<br \/>\nJudith Pelletier<\/p>\n<p>SC\u00c9NOGRAPHIE<br \/>\nGabrielle Desrosiers<\/p>\n<p>COSTUMES<br \/>\nDana\u00eblle Lareau<\/p>\n","protected":false},"excerpt":{"rendered":"<p>Un r\u00e9cit plein de rebondissements et une musique color\u00e9e qui sauront \u00e9mouvoir les petits et \u00e9veiller un brin de nostalgie chez les grands ! Deux amies revisitent en musique et en th\u00e9\u00e2tre un conte de leur enfance : la c\u00e9l\u00e8bre histoire du roi Babar. Gr\u00e2ce \u00e0 quelques bouts de tissus et \u00e0 la musique \u00e9vocatrice [&hellip;]<\/p>\n","protected":false},"author":1,"featured_media":59203,"comment_status":"open","ping_status":"closed","template":"","meta":{"om_disable_all_campaigns":false,"jetpack_post_was_ever_published":false},"tags":[],"tribe_events_cat":[6139,5024],"acf":[],"jetpack_sharing_enabled":true,"_links":{"self":[{"href":"https:\/\/www.ludwig-van.com\/montreal\/wp-json\/wp\/v2\/tribe_events\/59201"}],"collection":[{"href":"https:\/\/www.ludwig-van.com\/montreal\/wp-json\/wp\/v2\/tribe_events"}],"about":[{"href":"https:\/\/www.ludwig-van.com\/montreal\/wp-json\/wp\/v2\/types\/tribe_events"}],"author":[{"embeddable":true,"href":"https:\/\/www.ludwig-van.com\/montreal\/wp-json\/wp\/v2\/users\/1"}],"replies":[{"embeddable":true,"href":"https:\/\/www.ludwig-van.com\/montreal\/wp-json\/wp\/v2\/comments?post=59201"}],"version-history":[{"count":1,"href":"https:\/\/www.ludwig-van.com\/montreal\/wp-json\/wp\/v2\/tribe_events\/59201\/revisions"}],"predecessor-version":[{"id":59204,"href":"https:\/\/www.ludwig-van.com\/montreal\/wp-json\/wp\/v2\/tribe_events\/59201\/revisions\/59204"}],"wp:featuredmedia":[{"embeddable":true,"href":"https:\/\/www.ludwig-van.com\/montreal\/wp-json\/wp\/v2\/media\/59203"}],"wp:attachment":[{"href":"https:\/\/www.ludwig-van.com\/montreal\/wp-json\/wp\/v2\/media?parent=59201"}],"wp:term":[{"taxonomy":"post_tag","embeddable":true,"href":"https:\/\/www.ludwig-van.com\/montreal\/wp-json\/wp\/v2\/tags?post=59201"},{"taxonomy":"tribe_events_cat","embeddable":true,"href":"https:\/\/www.ludwig-van.com\/montreal\/wp-json\/wp\/v2\/tribe_events_cat?post=59201"}],"curies":[{"name":"wp","href":"https:\/\/api.w.org\/{rel}","templated":true}]}}