{"id":58810,"date":"2019-02-19T19:12:38","date_gmt":"2019-02-20T00:12:38","guid":{"rendered":"https:\/\/www.ludwig-van.com\/montreal\/?post_type=tribe_events&#038;p=58810"},"modified":"2019-02-19T19:12:38","modified_gmt":"2019-02-20T00:12:38","slug":"arte-musica-christian-blackshaw-joue-mozart-concert-ii","status":"publish","type":"tribe_events","link":"https:\/\/www.ludwig-van.com\/montreal\/event\/arte-musica-christian-blackshaw-joue-mozart-concert-ii\/","title":{"rendered":"Arte Musica | Christian Blackshaw joue Mozart \u2013 concert II"},"content":{"rendered":"<p>L\u2019int\u00e9grale des Sonates pour piano de Mozart en quatre r\u00e9citals r\u00e9partis sur deux saisons.<\/p>\n<p>Le pianiste anglais Christian Blackshaw est sans conteste l\u2019un des plus grands mozartiens actuels. Au cours des deux prochaines saisons, le public de la salle Bourgie aura le bonheur de l\u2019entendre interpr\u00e9ter ce r\u00e9pertoire qu\u2019il affectionne particuli\u00e8rement.<\/p>\n<p><strong>MOZART,<\/strong>\u00a0Sonates pour piano n<sup>os<\/sup>\u00a03, 4, 5, 10 et 13<\/p>\n","protected":false},"excerpt":{"rendered":"<p>L\u2019int\u00e9grale des Sonates pour piano de Mozart en quatre r\u00e9citals r\u00e9partis sur deux saisons. Le pianiste anglais Christian Blackshaw est sans conteste l\u2019un des plus grands mozartiens actuels. Au cours des deux prochaines saisons, le public de la salle Bourgie aura le bonheur de l\u2019entendre interpr\u00e9ter ce r\u00e9pertoire qu\u2019il affectionne particuli\u00e8rement. MOZART,\u00a0Sonates pour piano nos\u00a03, [&hellip;]<\/p>\n","protected":false},"author":1,"featured_media":53517,"comment_status":"open","ping_status":"closed","template":"","meta":{"om_disable_all_campaigns":false,"jetpack_post_was_ever_published":false},"tags":[],"tribe_events_cat":[5024],"acf":[],"jetpack_sharing_enabled":true,"_links":{"self":[{"href":"https:\/\/www.ludwig-van.com\/montreal\/wp-json\/wp\/v2\/tribe_events\/58810"}],"collection":[{"href":"https:\/\/www.ludwig-van.com\/montreal\/wp-json\/wp\/v2\/tribe_events"}],"about":[{"href":"https:\/\/www.ludwig-van.com\/montreal\/wp-json\/wp\/v2\/types\/tribe_events"}],"author":[{"embeddable":true,"href":"https:\/\/www.ludwig-van.com\/montreal\/wp-json\/wp\/v2\/users\/1"}],"replies":[{"embeddable":true,"href":"https:\/\/www.ludwig-van.com\/montreal\/wp-json\/wp\/v2\/comments?post=58810"}],"version-history":[{"count":1,"href":"https:\/\/www.ludwig-van.com\/montreal\/wp-json\/wp\/v2\/tribe_events\/58810\/revisions"}],"predecessor-version":[{"id":58812,"href":"https:\/\/www.ludwig-van.com\/montreal\/wp-json\/wp\/v2\/tribe_events\/58810\/revisions\/58812"}],"wp:featuredmedia":[{"embeddable":true,"href":"https:\/\/www.ludwig-van.com\/montreal\/wp-json\/wp\/v2\/media\/53517"}],"wp:attachment":[{"href":"https:\/\/www.ludwig-van.com\/montreal\/wp-json\/wp\/v2\/media?parent=58810"}],"wp:term":[{"taxonomy":"post_tag","embeddable":true,"href":"https:\/\/www.ludwig-van.com\/montreal\/wp-json\/wp\/v2\/tags?post=58810"},{"taxonomy":"tribe_events_cat","embeddable":true,"href":"https:\/\/www.ludwig-van.com\/montreal\/wp-json\/wp\/v2\/tribe_events_cat?post=58810"}],"curies":[{"name":"wp","href":"https:\/\/api.w.org\/{rel}","templated":true}]}}