{"id":58580,"date":"2019-02-05T14:42:53","date_gmt":"2019-02-05T19:42:53","guid":{"rendered":"https:\/\/www.ludwig-van.com\/montreal\/?post_type=tribe_events&#038;p=58580"},"modified":"2019-02-05T14:42:53","modified_gmt":"2019-02-05T19:42:53","slug":"arte-musica-grande-fete-clavecin","status":"publish","type":"tribe_events","link":"https:\/\/www.ludwig-van.com\/montreal\/event\/arte-musica-grande-fete-clavecin\/","title":{"rendered":"Arte Musica | La grande f\u00eate du clavecin !"},"content":{"rendered":"<p>Le premier livre de clavecin de Christoph Graupner constitue un des recueils les plus int\u00e9ressants de la litt\u00e9rature de clavecin du XVIIIe si\u00e8cle. Ce concert-marathon souligne les 300 ans de sa parution et\u00a0 pr\u00e9sente pour la premi\u00e8re fois en concert son audition int\u00e9grale.<\/p>\n<p>L\u2019\u00e9v\u00e9nement co\u00efncide avec le lancement de l\u2019\u00e9dition papier, chez Breitkopf und H\u00e4rtel, et du coffret de disques, sous \u00e9tiquette Analekta, tous deux publi\u00e9s par Genevi\u00e8ve Soly.<\/p>\n<p><em>Pr\u00e9sent\u00e9 en collaboration avec Les Id\u00e9es heureuses<\/em><\/p>\n<p>ARTISTES<\/p>\n<p>HUIT CLAVECINISTES QU\u00c9B\u00c9COIS<br \/>\nLuc Beaus\u00e9jour, Myl\u00e8ne B\u00e9langer, Johanne Couture, Hank Knox, Jean-Willy Kunz, Dom Andr\u00e9 Laberge et Genevi\u00e8ve Soly<\/p>\n<p>PROGRAMME<\/p>\n<p>Int\u00e9grale des huit\u00a0<em>Partitas<\/em>\u00a0de\u00a0<strong>GRAUPNER<\/strong>\u00a0(1718)<\/p>\n","protected":false},"excerpt":{"rendered":"<p>Le premier livre de clavecin de Christoph Graupner constitue un des recueils les plus int\u00e9ressants de la litt\u00e9rature de clavecin du XVIIIe si\u00e8cle. Ce concert-marathon souligne les 300 ans de sa parution et\u00a0 pr\u00e9sente pour la premi\u00e8re fois en concert son audition int\u00e9grale. L\u2019\u00e9v\u00e9nement co\u00efncide avec le lancement de l\u2019\u00e9dition papier, chez Breitkopf und H\u00e4rtel, [&hellip;]<\/p>\n","protected":false},"author":1,"featured_media":58581,"comment_status":"open","ping_status":"closed","template":"","meta":{"om_disable_all_campaigns":false,"jetpack_post_was_ever_published":false},"tags":[],"tribe_events_cat":[5052,5053],"acf":[],"jetpack_sharing_enabled":true,"_links":{"self":[{"href":"https:\/\/www.ludwig-van.com\/montreal\/wp-json\/wp\/v2\/tribe_events\/58580"}],"collection":[{"href":"https:\/\/www.ludwig-van.com\/montreal\/wp-json\/wp\/v2\/tribe_events"}],"about":[{"href":"https:\/\/www.ludwig-van.com\/montreal\/wp-json\/wp\/v2\/types\/tribe_events"}],"author":[{"embeddable":true,"href":"https:\/\/www.ludwig-van.com\/montreal\/wp-json\/wp\/v2\/users\/1"}],"replies":[{"embeddable":true,"href":"https:\/\/www.ludwig-van.com\/montreal\/wp-json\/wp\/v2\/comments?post=58580"}],"version-history":[{"count":1,"href":"https:\/\/www.ludwig-van.com\/montreal\/wp-json\/wp\/v2\/tribe_events\/58580\/revisions"}],"predecessor-version":[{"id":58582,"href":"https:\/\/www.ludwig-van.com\/montreal\/wp-json\/wp\/v2\/tribe_events\/58580\/revisions\/58582"}],"wp:featuredmedia":[{"embeddable":true,"href":"https:\/\/www.ludwig-van.com\/montreal\/wp-json\/wp\/v2\/media\/58581"}],"wp:attachment":[{"href":"https:\/\/www.ludwig-van.com\/montreal\/wp-json\/wp\/v2\/media?parent=58580"}],"wp:term":[{"taxonomy":"post_tag","embeddable":true,"href":"https:\/\/www.ludwig-van.com\/montreal\/wp-json\/wp\/v2\/tags?post=58580"},{"taxonomy":"tribe_events_cat","embeddable":true,"href":"https:\/\/www.ludwig-van.com\/montreal\/wp-json\/wp\/v2\/tribe_events_cat?post=58580"}],"curies":[{"name":"wp","href":"https:\/\/api.w.org\/{rel}","templated":true}]}}