{"id":58574,"date":"2019-02-05T14:28:56","date_gmt":"2019-02-05T19:28:56","guid":{"rendered":"https:\/\/www.ludwig-van.com\/montreal\/?post_type=tribe_events&#038;p=58574"},"modified":"2019-02-05T14:28:56","modified_gmt":"2019-02-05T19:28:56","slug":"arte-musica-llyr-williams","status":"publish","type":"tribe_events","link":"https:\/\/www.ludwig-van.com\/montreal\/event\/arte-musica-llyr-williams\/","title":{"rendered":"Arte Musica | Llyr Williams"},"content":{"rendered":"<p>Les transcriptions des \u0153uvres de Wagner r\u00e9alis\u00e9es par Liszt, qui recr\u00e9ent les couleurs de l\u2019orchestre en termes pianistiques, sont au c\u0153ur de ce r\u00e9cital. Le pianiste gallois Llyr Williams\u00a0est reconnu pour son intelligence musicale\u00a0et la nature expressive de ses interpr\u00e9tations.\u00a0Ce concert marque ses d\u00e9buts \u00e0 Montr\u00e9al.<\/p>\n<p><strong>ARTISTE<\/strong><br \/>\nLLYR WILLIAMS, piano<\/p>\n<p><strong>PROGRAMME<\/strong><\/p>\n<p><strong>RAVEL<\/strong><br \/>\n<em>Jeux d\u2019eau\u00a0<\/em>et\u00a0<em>Miroirs\u00a0<\/em>(extraits)<\/p>\n<p><strong>FAUR\u00c9<\/strong><br \/>\nBarcarolle n<sup>o<\/sup>\u00a04<br \/>\nNocturne n<sup>o<\/sup>\u00a01<br \/>\nImpromptu n<sup>o<\/sup>\u00a03<\/p>\n<p><strong>LISZT<br \/>\n<\/strong>Deux\u00a0<em>\u00c9tudes d\u2019ex\u00e9cution transcendante<\/em>\u00a0(<em>Appassionata\u00a0<\/em>et\u00a0<em>Harmonies du soir<\/em>)<\/p>\n<p><strong>WAGNER<br \/>\n<\/strong>Sonate pour l\u2019album de Madame M.W.<\/p>\n<p><strong>WAGNER\/LISZT<\/strong><br \/>\n<em>Fantaisie sur trois th\u00e8mes<\/em>\u00a0de Rienzi<br \/>\n<em>Ch\u0153ur des fileuses\u00a0<\/em>du Vaisseau fant\u00f4me<br \/>\n<em>Romance \u00e0 l\u2019\u00e9toile\u00a0<\/em>de Tannha\u00fcser<br \/>\n<em>Liebestod\u00a0<\/em>de Tristan et Isolde<\/p>\n","protected":false},"excerpt":{"rendered":"<p>Les transcriptions des \u0153uvres de Wagner r\u00e9alis\u00e9es par Liszt, qui recr\u00e9ent les couleurs de l\u2019orchestre en termes pianistiques, sont au c\u0153ur de ce r\u00e9cital. Le pianiste gallois Llyr Williams\u00a0est reconnu pour son intelligence musicale\u00a0et la nature expressive de ses interpr\u00e9tations.\u00a0Ce concert marque ses d\u00e9buts \u00e0 Montr\u00e9al. ARTISTE LLYR WILLIAMS, piano PROGRAMME RAVEL Jeux d\u2019eau\u00a0et\u00a0Miroirs\u00a0(extraits) FAUR\u00c9 [&hellip;]<\/p>\n","protected":false},"author":1,"featured_media":58575,"comment_status":"open","ping_status":"closed","template":"","meta":{"om_disable_all_campaigns":false,"jetpack_post_was_ever_published":false},"tags":[],"tribe_events_cat":[5024],"acf":[],"jetpack_sharing_enabled":true,"_links":{"self":[{"href":"https:\/\/www.ludwig-van.com\/montreal\/wp-json\/wp\/v2\/tribe_events\/58574"}],"collection":[{"href":"https:\/\/www.ludwig-van.com\/montreal\/wp-json\/wp\/v2\/tribe_events"}],"about":[{"href":"https:\/\/www.ludwig-van.com\/montreal\/wp-json\/wp\/v2\/types\/tribe_events"}],"author":[{"embeddable":true,"href":"https:\/\/www.ludwig-van.com\/montreal\/wp-json\/wp\/v2\/users\/1"}],"replies":[{"embeddable":true,"href":"https:\/\/www.ludwig-van.com\/montreal\/wp-json\/wp\/v2\/comments?post=58574"}],"version-history":[{"count":1,"href":"https:\/\/www.ludwig-van.com\/montreal\/wp-json\/wp\/v2\/tribe_events\/58574\/revisions"}],"predecessor-version":[{"id":58576,"href":"https:\/\/www.ludwig-van.com\/montreal\/wp-json\/wp\/v2\/tribe_events\/58574\/revisions\/58576"}],"wp:featuredmedia":[{"embeddable":true,"href":"https:\/\/www.ludwig-van.com\/montreal\/wp-json\/wp\/v2\/media\/58575"}],"wp:attachment":[{"href":"https:\/\/www.ludwig-van.com\/montreal\/wp-json\/wp\/v2\/media?parent=58574"}],"wp:term":[{"taxonomy":"post_tag","embeddable":true,"href":"https:\/\/www.ludwig-van.com\/montreal\/wp-json\/wp\/v2\/tags?post=58574"},{"taxonomy":"tribe_events_cat","embeddable":true,"href":"https:\/\/www.ludwig-van.com\/montreal\/wp-json\/wp\/v2\/tribe_events_cat?post=58574"}],"curies":[{"name":"wp","href":"https:\/\/api.w.org\/{rel}","templated":true}]}}