{"id":58346,"date":"2019-01-21T17:06:50","date_gmt":"2019-01-21T22:06:50","guid":{"rendered":"https:\/\/www.ludwig-van.com\/montreal\/?post_type=tribe_events&#038;p=58346"},"modified":"2019-01-21T17:06:50","modified_gmt":"2019-01-21T22:06:50","slug":"club-musical-de-quebec-jordi-savall-concert-nations","status":"publish","type":"tribe_events","link":"https:\/\/www.ludwig-van.com\/montreal\/event\/club-musical-de-quebec-jordi-savall-concert-nations\/","title":{"rendered":"Club musical de Qu\u00e9bec | Jordi Savall et le Concert des Nations"},"content":{"rendered":"<p>C\u2019est un v\u00e9ritable monument de la musique ancienne que Qu\u00e9bec re\u00e7oit cette saison. C\u00e9l\u00e9br\u00e9 \u00e0 travers la plan\u00e8te pour l\u2019originalit\u00e9 de son r\u00e9pertoire et pour son jeu chaleureux, Jordi Savall s\u2019arr\u00eate \u00e0 Qu\u00e9bec avec son ensemble pour nous proposer un concert autour du merveilleux film <em>Tous les matins du monde<\/em>. Un \u00e9v\u00e9nement \u00e0 graver en lettres d\u2019or sur votre calendrier!<\/p>\n<p>Jordi Savall, basse de viole et direction<\/p>\n<p>Le Concert des Nations :<br \/>\nManfredo Kraemer, violon<br \/>\nCharles Zebley, fl\u00fbte traversi\u00e8re<br \/>\nPhilippe Pierlot, basse de viole<br \/>\nRolf Lislevand, th\u00e9orbe<br \/>\nLuca Guglielmi, clavecin<\/p>\n<p>Pr\u00e9lude au concert \u00e0 19 h, avec le musicologue Benjamin Ren\u00e9<\/p>\n<p>Ce concert est \u00e9galement pr\u00e9sent\u00e9 le 16 f\u00e9vrier \u00e0 20 h et le 17 f\u00e9vrier \u00e0 14 h par la Fondation Arte Musica \u00e0 la salle Bourgie, \u00e0 Montr\u00e9al.<\/p>\n<p>Cours de ma\u00eetre en musique baroque avec maestro Jordi Savall : lundi 18 f\u00e9vrier de 16 h \u00e0 18 h, \u00e0 la salle Henri-Gagnon du pavillon Casault de l&rsquo;Universit\u00e9 Laval. Entr\u00e9e libre, bienvenue! (places limit\u00e9es)<br \/>\nOffert en partenariat avec la Ville de Qu\u00e9bec, en collaboration avec les Conservatoires de musique de Qu\u00e9bec et de Rimouski, ainsi que la Facult\u00e9 de musique de l&rsquo;Universit\u00e9 Laval.<\/p>\n","protected":false},"excerpt":{"rendered":"<p>C\u2019est un v\u00e9ritable monument de la musique ancienne que Qu\u00e9bec re\u00e7oit cette saison. C\u00e9l\u00e9br\u00e9 \u00e0 travers la plan\u00e8te pour l\u2019originalit\u00e9 de son r\u00e9pertoire et pour son jeu chaleureux, Jordi Savall s\u2019arr\u00eate \u00e0 Qu\u00e9bec avec son ensemble pour nous proposer un concert autour du merveilleux film Tous les matins du monde. Un \u00e9v\u00e9nement \u00e0 graver en [&hellip;]<\/p>\n","protected":false},"author":1,"featured_media":58322,"comment_status":"open","ping_status":"closed","template":"","meta":{"om_disable_all_campaigns":false,"jetpack_post_was_ever_published":false},"tags":[],"tribe_events_cat":[5052,5053,5563],"acf":[],"jetpack_sharing_enabled":true,"_links":{"self":[{"href":"https:\/\/www.ludwig-van.com\/montreal\/wp-json\/wp\/v2\/tribe_events\/58346"}],"collection":[{"href":"https:\/\/www.ludwig-van.com\/montreal\/wp-json\/wp\/v2\/tribe_events"}],"about":[{"href":"https:\/\/www.ludwig-van.com\/montreal\/wp-json\/wp\/v2\/types\/tribe_events"}],"author":[{"embeddable":true,"href":"https:\/\/www.ludwig-van.com\/montreal\/wp-json\/wp\/v2\/users\/1"}],"replies":[{"embeddable":true,"href":"https:\/\/www.ludwig-van.com\/montreal\/wp-json\/wp\/v2\/comments?post=58346"}],"version-history":[{"count":1,"href":"https:\/\/www.ludwig-van.com\/montreal\/wp-json\/wp\/v2\/tribe_events\/58346\/revisions"}],"predecessor-version":[{"id":58349,"href":"https:\/\/www.ludwig-van.com\/montreal\/wp-json\/wp\/v2\/tribe_events\/58346\/revisions\/58349"}],"wp:featuredmedia":[{"embeddable":true,"href":"https:\/\/www.ludwig-van.com\/montreal\/wp-json\/wp\/v2\/media\/58322"}],"wp:attachment":[{"href":"https:\/\/www.ludwig-van.com\/montreal\/wp-json\/wp\/v2\/media?parent=58346"}],"wp:term":[{"taxonomy":"post_tag","embeddable":true,"href":"https:\/\/www.ludwig-van.com\/montreal\/wp-json\/wp\/v2\/tags?post=58346"},{"taxonomy":"tribe_events_cat","embeddable":true,"href":"https:\/\/www.ludwig-van.com\/montreal\/wp-json\/wp\/v2\/tribe_events_cat?post=58346"}],"curies":[{"name":"wp","href":"https:\/\/api.w.org\/{rel}","templated":true}]}}