{"id":58190,"date":"2019-01-09T17:50:56","date_gmt":"2019-01-09T22:50:56","guid":{"rendered":"https:\/\/www.ludwig-van.com\/montreal\/?post_type=tribe_events&#038;p=58190"},"modified":"2019-01-09T17:50:56","modified_gmt":"2019-01-09T22:50:56","slug":"violons-du-roy-marco-polo","status":"publish","type":"tribe_events","link":"https:\/\/www.ludwig-van.com\/montreal\/event\/violons-du-roy-marco-polo\/","title":{"rendered":"Violons du Roy | Marco Polo"},"content":{"rendered":"<p>TH\u00c9\u00c2TRE MUSICAL. Ce spectacle in\u00e9dit fait appel aux talentueux com\u00e9diens S\u00e9bastien Ricard et Marianne Marceau et, bien s\u00fbr \u00e0 nos musiciens qui, en plus d\u2019interpr\u00e9ter des \u0153uvres de Rameau, de Purcell et de Vivaldi, prennent part \u00e0 l\u2019action dramatique imagin\u00e9e par Denis Plante.<\/p>\n<p>Gratuit pour les 12 ans et moins *<br \/>\n* Accompagn\u00e9s d&rsquo;un adulte<\/p>\n<p>Ce concert sera suivi d&rsquo;une causerie sur sc\u00e8ne avec les artistes qui r\u00e9pondront aux questions et aux commentaires du public.<\/p>\n<p>Denis Plante, texte, mise en sc\u00e8ne et arrangements musicaux<br \/>\nMarianne Marceau, com\u00e9dienne<br \/>\nS\u00e9bastien Ricard, com\u00e9dien<\/p>\n","protected":false},"excerpt":{"rendered":"<p>TH\u00c9\u00c2TRE MUSICAL. Ce spectacle in\u00e9dit fait appel aux talentueux com\u00e9diens S\u00e9bastien Ricard et Marianne Marceau et, bien s\u00fbr \u00e0 nos musiciens qui, en plus d\u2019interpr\u00e9ter des \u0153uvres de Rameau, de Purcell et de Vivaldi, prennent part \u00e0 l\u2019action dramatique imagin\u00e9e par Denis Plante. Gratuit pour les 12 ans et moins * * Accompagn\u00e9s d&rsquo;un adulte [&hellip;]<\/p>\n","protected":false},"author":1,"featured_media":54917,"comment_status":"open","ping_status":"closed","template":"","meta":{"om_disable_all_campaigns":false,"jetpack_post_was_ever_published":false},"tags":[],"tribe_events_cat":[6109,5052,6139,5502,5124,6476],"acf":[],"jetpack_sharing_enabled":true,"_links":{"self":[{"href":"https:\/\/www.ludwig-van.com\/montreal\/wp-json\/wp\/v2\/tribe_events\/58190"}],"collection":[{"href":"https:\/\/www.ludwig-van.com\/montreal\/wp-json\/wp\/v2\/tribe_events"}],"about":[{"href":"https:\/\/www.ludwig-van.com\/montreal\/wp-json\/wp\/v2\/types\/tribe_events"}],"author":[{"embeddable":true,"href":"https:\/\/www.ludwig-van.com\/montreal\/wp-json\/wp\/v2\/users\/1"}],"replies":[{"embeddable":true,"href":"https:\/\/www.ludwig-van.com\/montreal\/wp-json\/wp\/v2\/comments?post=58190"}],"version-history":[{"count":1,"href":"https:\/\/www.ludwig-van.com\/montreal\/wp-json\/wp\/v2\/tribe_events\/58190\/revisions"}],"predecessor-version":[{"id":58191,"href":"https:\/\/www.ludwig-van.com\/montreal\/wp-json\/wp\/v2\/tribe_events\/58190\/revisions\/58191"}],"wp:featuredmedia":[{"embeddable":true,"href":"https:\/\/www.ludwig-van.com\/montreal\/wp-json\/wp\/v2\/media\/54917"}],"wp:attachment":[{"href":"https:\/\/www.ludwig-van.com\/montreal\/wp-json\/wp\/v2\/media?parent=58190"}],"wp:term":[{"taxonomy":"post_tag","embeddable":true,"href":"https:\/\/www.ludwig-van.com\/montreal\/wp-json\/wp\/v2\/tags?post=58190"},{"taxonomy":"tribe_events_cat","embeddable":true,"href":"https:\/\/www.ludwig-van.com\/montreal\/wp-json\/wp\/v2\/tribe_events_cat?post=58190"}],"curies":[{"name":"wp","href":"https:\/\/api.w.org\/{rel}","templated":true}]}}