{"id":58053,"date":"2018-12-12T01:21:50","date_gmt":"2018-12-12T06:21:50","guid":{"rendered":"https:\/\/www.ludwig-van.com\/montreal\/?post_type=tribe_events&#038;p=58053"},"modified":"2019-01-16T14:47:36","modified_gmt":"2019-01-16T19:47:36","slug":"orchestre-de-chambre-mcgill-tchaikovsky-tetreault","status":"publish","type":"tribe_events","link":"https:\/\/www.ludwig-van.com\/montreal\/event\/orchestre-de-chambre-mcgill-tchaikovsky-tetreault\/","title":{"rendered":"Orchestre de chambre McGill | Tcha\u00efkovsky &#038; T\u00e9treault"},"content":{"rendered":"<p>St\u00e9phane T\u00e9treault \u00e9tait \u00e0 peine \u00e2g\u00e9 de 12 ans lorsqu\u2019il a jou\u00e9 aux c\u00f4t\u00e9s du MCO pour la premi\u00e8re fois. C\u2019est un honneur de l\u2019accueillir de nouveau parmi nous lors de ce concert. Il interpr\u00e8te les \u0153uvres avec lesquelles il nous avait charm\u00e9s la toute premi\u00e8re fois.<\/p>\n<p><i>Brott\u2019s Arabesque<\/i>, A. Brott<br \/>\n<i>S\u00e9r\u00e9nade pour cordes Op.48<\/i>, P.I. Tchaikovsky<br \/>\n<i>Variations sur un th\u00e8me de Tchaikovsky<\/i>, A. Arensky<br \/>\n<i>Variations sur un th\u00e8me Rococo Op.33<\/i>, P.I. Tchaikovsky<\/p>\n","protected":false},"excerpt":{"rendered":"<p>St\u00e9phane T\u00e9treault \u00e9tait \u00e0 peine \u00e2g\u00e9 de 12 ans lorsqu\u2019il a jou\u00e9 aux c\u00f4t\u00e9s du MCO pour la premi\u00e8re fois. C\u2019est un honneur de l\u2019accueillir de nouveau parmi nous lors de ce concert. Il interpr\u00e8te les \u0153uvres avec lesquelles il nous avait charm\u00e9s la toute premi\u00e8re fois. Brott\u2019s Arabesque, A. Brott S\u00e9r\u00e9nade pour cordes Op.48, [&hellip;]<\/p>\n","protected":false},"author":1,"featured_media":48759,"comment_status":"open","ping_status":"closed","template":"","meta":{"om_disable_all_campaigns":false,"jetpack_post_was_ever_published":false},"tags":[],"tribe_events_cat":[6109,6487],"acf":[],"jetpack_sharing_enabled":true,"_links":{"self":[{"href":"https:\/\/www.ludwig-van.com\/montreal\/wp-json\/wp\/v2\/tribe_events\/58053"}],"collection":[{"href":"https:\/\/www.ludwig-van.com\/montreal\/wp-json\/wp\/v2\/tribe_events"}],"about":[{"href":"https:\/\/www.ludwig-van.com\/montreal\/wp-json\/wp\/v2\/types\/tribe_events"}],"author":[{"embeddable":true,"href":"https:\/\/www.ludwig-van.com\/montreal\/wp-json\/wp\/v2\/users\/1"}],"replies":[{"embeddable":true,"href":"https:\/\/www.ludwig-van.com\/montreal\/wp-json\/wp\/v2\/comments?post=58053"}],"version-history":[{"count":1,"href":"https:\/\/www.ludwig-van.com\/montreal\/wp-json\/wp\/v2\/tribe_events\/58053\/revisions"}],"predecessor-version":[{"id":58054,"href":"https:\/\/www.ludwig-van.com\/montreal\/wp-json\/wp\/v2\/tribe_events\/58053\/revisions\/58054"}],"wp:featuredmedia":[{"embeddable":true,"href":"https:\/\/www.ludwig-van.com\/montreal\/wp-json\/wp\/v2\/media\/48759"}],"wp:attachment":[{"href":"https:\/\/www.ludwig-van.com\/montreal\/wp-json\/wp\/v2\/media?parent=58053"}],"wp:term":[{"taxonomy":"post_tag","embeddable":true,"href":"https:\/\/www.ludwig-van.com\/montreal\/wp-json\/wp\/v2\/tags?post=58053"},{"taxonomy":"tribe_events_cat","embeddable":true,"href":"https:\/\/www.ludwig-van.com\/montreal\/wp-json\/wp\/v2\/tribe_events_cat?post=58053"}],"curies":[{"name":"wp","href":"https:\/\/api.w.org\/{rel}","templated":true}]}}