{"id":58048,"date":"2018-12-12T01:06:48","date_gmt":"2018-12-12T06:06:48","guid":{"rendered":"https:\/\/www.ludwig-van.com\/montreal\/?post_type=tribe_events&#038;p=58048"},"modified":"2018-12-12T01:06:48","modified_gmt":"2018-12-12T06:06:48","slug":"arte-musica-rachel-therrien-quintet","status":"publish","type":"tribe_events","link":"https:\/\/www.ludwig-van.com\/montreal\/event\/arte-musica-rachel-therrien-quintet\/","title":{"rendered":"Arte Musica | Rachel Therrien Quintet"},"content":{"rendered":"<p>Rachel Therrien, trompettiste qu\u00e9b\u00e9coise aujourd\u2019hui \u00e9tablie \u00e0 New York, nous pr\u00e9sente son nouveau disque, <em>Why Don\u2019t You Try<\/em>. Avec ses complices de longue date, elle propose un jazz \u00e9nergique aux improvisations enlevantes.<\/p>\n<p><strong>ARTISTES<\/strong><br \/>\nRACHEL THERREN QUINTET :<br \/>\nRachel Therrien, trompette et bugle (fl\u00fcgelhorn)<br \/>\nBenjamin Deschamps, saxophone<br \/>\nCharles Trudel, piano<br \/>\nSimon Pag\u00e9, contrebasse<br \/>\nAlain Bourgeois, batterie<\/p>\n<p><strong>PROGRAMME<\/strong><br \/>\nYemaya \u00e0 Montreal<br \/>\nAdirondack Jump*<br \/>\nHayd\u00e9e Santamaria*<br \/>\nOut Of a Dream<br \/>\nDemi Nuit*<br \/>\nI am Alone*<br \/>\nCapricho Arabe<br \/>\nRocket Launch*<\/p>\n<p>*Tir\u00e9 de l&rsquo;album <em>Why Don&rsquo;t You Try<\/em><\/p>\n","protected":false},"excerpt":{"rendered":"<p>Rachel Therrien, trompettiste qu\u00e9b\u00e9coise aujourd\u2019hui \u00e9tablie \u00e0 New York, nous pr\u00e9sente son nouveau disque, Why Don\u2019t You Try. Avec ses complices de longue date, elle propose un jazz \u00e9nergique aux improvisations enlevantes. ARTISTES RACHEL THERREN QUINTET : Rachel Therrien, trompette et bugle (fl\u00fcgelhorn) Benjamin Deschamps, saxophone Charles Trudel, piano Simon Pag\u00e9, contrebasse Alain Bourgeois, batterie [&hellip;]<\/p>\n","protected":false},"author":1,"featured_media":58049,"comment_status":"open","ping_status":"closed","template":"","meta":{"om_disable_all_campaigns":false,"jetpack_post_was_ever_published":false},"tags":[],"tribe_events_cat":[5501],"acf":[],"jetpack_sharing_enabled":true,"_links":{"self":[{"href":"https:\/\/www.ludwig-van.com\/montreal\/wp-json\/wp\/v2\/tribe_events\/58048"}],"collection":[{"href":"https:\/\/www.ludwig-van.com\/montreal\/wp-json\/wp\/v2\/tribe_events"}],"about":[{"href":"https:\/\/www.ludwig-van.com\/montreal\/wp-json\/wp\/v2\/types\/tribe_events"}],"author":[{"embeddable":true,"href":"https:\/\/www.ludwig-van.com\/montreal\/wp-json\/wp\/v2\/users\/1"}],"replies":[{"embeddable":true,"href":"https:\/\/www.ludwig-van.com\/montreal\/wp-json\/wp\/v2\/comments?post=58048"}],"version-history":[{"count":1,"href":"https:\/\/www.ludwig-van.com\/montreal\/wp-json\/wp\/v2\/tribe_events\/58048\/revisions"}],"predecessor-version":[{"id":58050,"href":"https:\/\/www.ludwig-van.com\/montreal\/wp-json\/wp\/v2\/tribe_events\/58048\/revisions\/58050"}],"wp:featuredmedia":[{"embeddable":true,"href":"https:\/\/www.ludwig-van.com\/montreal\/wp-json\/wp\/v2\/media\/58049"}],"wp:attachment":[{"href":"https:\/\/www.ludwig-van.com\/montreal\/wp-json\/wp\/v2\/media?parent=58048"}],"wp:term":[{"taxonomy":"post_tag","embeddable":true,"href":"https:\/\/www.ludwig-van.com\/montreal\/wp-json\/wp\/v2\/tags?post=58048"},{"taxonomy":"tribe_events_cat","embeddable":true,"href":"https:\/\/www.ludwig-van.com\/montreal\/wp-json\/wp\/v2\/tribe_events_cat?post=58048"}],"curies":[{"name":"wp","href":"https:\/\/api.w.org\/{rel}","templated":true}]}}