{"id":58021,"date":"2018-12-10T20:04:27","date_gmt":"2018-12-11T01:04:27","guid":{"rendered":"https:\/\/www.ludwig-van.com\/montreal\/?post_type=tribe_events&#038;p=58021"},"modified":"2018-12-10T20:04:27","modified_gmt":"2018-12-11T01:04:27","slug":"arte-musica-louis-lortie-joue-faure-concert-i","status":"publish","type":"tribe_events","link":"https:\/\/www.ludwig-van.com\/montreal\/event\/arte-musica-louis-lortie-joue-faure-concert-i\/","title":{"rendered":"Arte Musica | Louis Lortie joue Faur\u00e9 &#8211; concert I"},"content":{"rendered":"<p>Deux concerts pr\u00e9sent\u00e9s dans le cadre d\u2019une nouvelle association entre Arte Musica et la Chapelle Musicale Reine \u00c9lisabeth\u00a0(Waterloo, Belgique), un centre d\u2019excellence de formation artistique destin\u00e9e \u00e0 de jeunes talents remarquables.<\/p>\n<p><strong>ARTISTES<\/strong><br \/>\nLOUIS LORTIE, comme soliste ou en formation de chambre avec :<br \/>\nKerson Leong, violon<br \/>\nH\u00e9l\u00e8ne Desaint, alto<br \/>\nAstrig Siranossian, violoncelle<br \/>\nNathana\u00ebl Gouin, piano<\/p>\n<p><strong>PROGRAMME<\/strong><br \/>\nFAUR\u00c9<br \/>\nBallade pour piano seul, op. 19<br \/>\nSuite <em>Dolly<\/em>, pour piano \u00e0 quatre mains<br \/>\nSonate no 1 pour violon et piano en <em>la<\/em> majeur, op. 13<br \/>\nQuatuor no 1 pour piano et cordes en <em>do<\/em> mineur, op. 15<\/p>\n","protected":false},"excerpt":{"rendered":"<p>Deux concerts pr\u00e9sent\u00e9s dans le cadre d\u2019une nouvelle association entre Arte Musica et la Chapelle Musicale Reine \u00c9lisabeth\u00a0(Waterloo, Belgique), un centre d\u2019excellence de formation artistique destin\u00e9e \u00e0 de jeunes talents remarquables. ARTISTES LOUIS LORTIE, comme soliste ou en formation de chambre avec : Kerson Leong, violon H\u00e9l\u00e8ne Desaint, alto Astrig Siranossian, violoncelle Nathana\u00ebl Gouin, piano [&hellip;]<\/p>\n","protected":false},"author":1,"featured_media":53246,"comment_status":"open","ping_status":"closed","template":"","meta":{"om_disable_all_campaigns":false,"jetpack_post_was_ever_published":false},"tags":[],"tribe_events_cat":[6109,5052,5024,5124,6476],"acf":[],"jetpack_sharing_enabled":true,"_links":{"self":[{"href":"https:\/\/www.ludwig-van.com\/montreal\/wp-json\/wp\/v2\/tribe_events\/58021"}],"collection":[{"href":"https:\/\/www.ludwig-van.com\/montreal\/wp-json\/wp\/v2\/tribe_events"}],"about":[{"href":"https:\/\/www.ludwig-van.com\/montreal\/wp-json\/wp\/v2\/types\/tribe_events"}],"author":[{"embeddable":true,"href":"https:\/\/www.ludwig-van.com\/montreal\/wp-json\/wp\/v2\/users\/1"}],"replies":[{"embeddable":true,"href":"https:\/\/www.ludwig-van.com\/montreal\/wp-json\/wp\/v2\/comments?post=58021"}],"version-history":[{"count":1,"href":"https:\/\/www.ludwig-van.com\/montreal\/wp-json\/wp\/v2\/tribe_events\/58021\/revisions"}],"predecessor-version":[{"id":58022,"href":"https:\/\/www.ludwig-van.com\/montreal\/wp-json\/wp\/v2\/tribe_events\/58021\/revisions\/58022"}],"wp:featuredmedia":[{"embeddable":true,"href":"https:\/\/www.ludwig-van.com\/montreal\/wp-json\/wp\/v2\/media\/53246"}],"wp:attachment":[{"href":"https:\/\/www.ludwig-van.com\/montreal\/wp-json\/wp\/v2\/media?parent=58021"}],"wp:term":[{"taxonomy":"post_tag","embeddable":true,"href":"https:\/\/www.ludwig-van.com\/montreal\/wp-json\/wp\/v2\/tags?post=58021"},{"taxonomy":"tribe_events_cat","embeddable":true,"href":"https:\/\/www.ludwig-van.com\/montreal\/wp-json\/wp\/v2\/tribe_events_cat?post=58021"}],"curies":[{"name":"wp","href":"https:\/\/api.w.org\/{rel}","templated":true}]}}