{"id":58016,"date":"2018-12-10T19:59:48","date_gmt":"2018-12-11T00:59:48","guid":{"rendered":"https:\/\/www.ludwig-van.com\/montreal\/?post_type=tribe_events&#038;p=58016"},"modified":"2018-12-10T19:59:48","modified_gmt":"2018-12-11T00:59:48","slug":"arte-musica-echo","status":"publish","type":"tribe_events","link":"https:\/\/www.ludwig-van.com\/montreal\/event\/arte-musica-echo\/2019-01-19\/","title":{"rendered":"Arte Musica | \u00c9cho"},"content":{"rendered":"<p>Vivez une exp\u00e9rience sonore\u00a0et musicale unique au gr\u00e9 de votre visite dans le magnifique pavillon d\u2019art qu\u00e9b\u00e9cois et canadien. Dans ce concert\u00a0<em>in situ<\/em>, l\u2019\u0153uvre de la compositrice\u00a0canadienne Ann Southam r\u00e9sonne dans un espace inusit\u00e9, entour\u00e9e d\u2019\u0153uvres d\u2019art de ses contemporains.<\/p>\n<p>Dur\u00e9e: 50 minutes<\/p>\n<p>Concert\u00a0<em>In Situ<\/em>\u00a0&#8211; Quatre r\u00e9presentations<br \/>\nPAVILLON CLAIRE ET MARC BOURGIE, NIVEAU S2<br \/>\nCOLLECTION DU MUS\u00c9E :\u00a0<em>\u00a0CHAMPS LIBRES (1960-1980)<\/em><\/p>\n<p><strong>Entr\u00e9e libre\u00a0<\/strong>aux d\u00e9tenteurs de billets pour la collection\u00a0permanente et aux membres VIP du MBAM.<\/p>\n<p><strong>ARTISTES<\/strong><br \/>\nBrigitte Poulin, piano<br \/>\nJean Marchand, piano<\/p>\n<p><strong>PROGRAMME<\/strong><br \/>\nAnn SOUTHAM, <em>Simple Lines of Inquiry<\/em><\/p>\n","protected":false},"excerpt":{"rendered":"<p>Vivez une exp\u00e9rience sonore\u00a0et musicale unique au gr\u00e9 de votre visite dans le magnifique pavillon d\u2019art qu\u00e9b\u00e9cois et canadien. Dans ce concert\u00a0in situ, l\u2019\u0153uvre de la compositrice\u00a0canadienne Ann Southam r\u00e9sonne dans un espace inusit\u00e9, entour\u00e9e d\u2019\u0153uvres d\u2019art de ses contemporains. Dur\u00e9e: 50 minutes Concert\u00a0In Situ\u00a0&#8211; Quatre r\u00e9presentations PAVILLON CLAIRE ET MARC BOURGIE, NIVEAU S2 COLLECTION [&hellip;]<\/p>\n","protected":false},"author":1,"featured_media":54728,"comment_status":"open","ping_status":"closed","template":"","meta":{"om_disable_all_campaigns":false,"jetpack_post_was_ever_published":false},"tags":[],"tribe_events_cat":[5327,5024],"acf":[],"jetpack_sharing_enabled":true,"_links":{"self":[{"href":"https:\/\/www.ludwig-van.com\/montreal\/wp-json\/wp\/v2\/tribe_events\/58016"}],"collection":[{"href":"https:\/\/www.ludwig-van.com\/montreal\/wp-json\/wp\/v2\/tribe_events"}],"about":[{"href":"https:\/\/www.ludwig-van.com\/montreal\/wp-json\/wp\/v2\/types\/tribe_events"}],"author":[{"embeddable":true,"href":"https:\/\/www.ludwig-van.com\/montreal\/wp-json\/wp\/v2\/users\/1"}],"replies":[{"embeddable":true,"href":"https:\/\/www.ludwig-van.com\/montreal\/wp-json\/wp\/v2\/comments?post=58016"}],"version-history":[{"count":1,"href":"https:\/\/www.ludwig-van.com\/montreal\/wp-json\/wp\/v2\/tribe_events\/58016\/revisions"}],"predecessor-version":[{"id":58017,"href":"https:\/\/www.ludwig-van.com\/montreal\/wp-json\/wp\/v2\/tribe_events\/58016\/revisions\/58017"}],"wp:featuredmedia":[{"embeddable":true,"href":"https:\/\/www.ludwig-van.com\/montreal\/wp-json\/wp\/v2\/media\/54728"}],"wp:attachment":[{"href":"https:\/\/www.ludwig-van.com\/montreal\/wp-json\/wp\/v2\/media?parent=58016"}],"wp:term":[{"taxonomy":"post_tag","embeddable":true,"href":"https:\/\/www.ludwig-van.com\/montreal\/wp-json\/wp\/v2\/tags?post=58016"},{"taxonomy":"tribe_events_cat","embeddable":true,"href":"https:\/\/www.ludwig-van.com\/montreal\/wp-json\/wp\/v2\/tribe_events_cat?post=58016"}],"curies":[{"name":"wp","href":"https:\/\/api.w.org\/{rel}","templated":true}]}}