{"id":57743,"date":"2018-11-23T19:19:51","date_gmt":"2018-11-24T00:19:51","guid":{"rendered":"https:\/\/www.ludwig-van.com\/montreal\/?post_type=tribe_events&#038;p=57743"},"modified":"2018-11-23T19:19:51","modified_gmt":"2018-11-24T00:19:51","slug":"jeunesses-musicales-monde-noel","status":"publish","type":"tribe_events","link":"https:\/\/www.ludwig-van.com\/montreal\/event\/jeunesses-musicales-monde-noel\/2018-12-09\/","title":{"rendered":"Jeunesses Musicales | Un monde pour No\u00ebl"},"content":{"rendered":"<p>Un tour du monde en chants et en musique pour c\u00e9l\u00e9brer les traditions de No\u00ebl d&rsquo;ici et d&rsquo;ailleurs.<\/p>\n<p>Suivez les traces d\u2019une fillette espi\u00e8gle \u00e0 la recherche de ses cadeaux. Par la magie de No\u00ebl, sa qu\u00eate lui fera faire le tour de la Terre. Elle d\u00e9couvrira des fa\u00e7ons bien diff\u00e9rentes de f\u00eater No\u00ebl, mais aussi des valeurs universelles. Un concert th\u00e9\u00e2tral tout en finesse qui vous fera entendre quelques-uns des plus beaux chants de No\u00ebl anciens, traditionnels et contemporains au son des voix harmonieuses, des fl\u00fbtes et des tambours\u2026 sans oublier les grelots!<\/p>\n<p>Une coproduction des JMC avec L\u2019ENSEMBLE ALKEMIA<\/p>\n<p>ARTISTES<br \/>\nDoroth\u00e9a Ventura ou V\u00e9ronique Gauthier, voix et fl\u00fbtes<br \/>\nSt\u00e9phanie Pothier ou Mich\u00e8le Motard, voix et percussions<br \/>\nJean-Fran\u00e7ois Daignault, voix, fl\u00fbtes \u00e0 bec et chalumeau<\/p>\n<p>CONCEPTION, TEXTE ET MISE EN SC\u00c8NE<br \/>\nMarilyn Perreault<br \/>\nSC\u00c9NOGRAPHIE<br \/>\nKatie Messier et Catherine Goerner-Potvin<br \/>\n\u00c9clairages<br \/>\nAnne-Marie Legault<\/p>\n<p>3 \u00e0 8 ans | Fran\u00e7ais | 10h00 et 11h30<\/p>\n","protected":false},"excerpt":{"rendered":"<p>Un tour du monde en chants et en musique pour c\u00e9l\u00e9brer les traditions de No\u00ebl d&rsquo;ici et d&rsquo;ailleurs. Suivez les traces d\u2019une fillette espi\u00e8gle \u00e0 la recherche de ses cadeaux. Par la magie de No\u00ebl, sa qu\u00eate lui fera faire le tour de la Terre. Elle d\u00e9couvrira des fa\u00e7ons bien diff\u00e9rentes de f\u00eater No\u00ebl, mais [&hellip;]<\/p>\n","protected":false},"author":1,"featured_media":56093,"comment_status":"open","ping_status":"closed","template":"","meta":{"om_disable_all_campaigns":false,"jetpack_post_was_ever_published":false},"tags":[],"tribe_events_cat":[5718,6139,5027,5050],"acf":[],"jetpack_sharing_enabled":true,"_links":{"self":[{"href":"https:\/\/www.ludwig-van.com\/montreal\/wp-json\/wp\/v2\/tribe_events\/57743"}],"collection":[{"href":"https:\/\/www.ludwig-van.com\/montreal\/wp-json\/wp\/v2\/tribe_events"}],"about":[{"href":"https:\/\/www.ludwig-van.com\/montreal\/wp-json\/wp\/v2\/types\/tribe_events"}],"author":[{"embeddable":true,"href":"https:\/\/www.ludwig-van.com\/montreal\/wp-json\/wp\/v2\/users\/1"}],"replies":[{"embeddable":true,"href":"https:\/\/www.ludwig-van.com\/montreal\/wp-json\/wp\/v2\/comments?post=57743"}],"version-history":[{"count":1,"href":"https:\/\/www.ludwig-van.com\/montreal\/wp-json\/wp\/v2\/tribe_events\/57743\/revisions"}],"predecessor-version":[{"id":57744,"href":"https:\/\/www.ludwig-van.com\/montreal\/wp-json\/wp\/v2\/tribe_events\/57743\/revisions\/57744"}],"wp:featuredmedia":[{"embeddable":true,"href":"https:\/\/www.ludwig-van.com\/montreal\/wp-json\/wp\/v2\/media\/56093"}],"wp:attachment":[{"href":"https:\/\/www.ludwig-van.com\/montreal\/wp-json\/wp\/v2\/media?parent=57743"}],"wp:term":[{"taxonomy":"post_tag","embeddable":true,"href":"https:\/\/www.ludwig-van.com\/montreal\/wp-json\/wp\/v2\/tags?post=57743"},{"taxonomy":"tribe_events_cat","embeddable":true,"href":"https:\/\/www.ludwig-van.com\/montreal\/wp-json\/wp\/v2\/tribe_events_cat?post=57743"}],"curies":[{"name":"wp","href":"https:\/\/api.w.org\/{rel}","templated":true}]}}