{"id":57622,"date":"2018-11-20T18:15:31","date_gmt":"2018-11-20T23:15:31","guid":{"rendered":"https:\/\/www.ludwig-van.com\/montreal\/?post_type=tribe_events&#038;p=57622"},"modified":"2018-11-20T18:15:31","modified_gmt":"2018-11-20T23:15:31","slug":"arte-musica-david-myles-its-christmas","status":"publish","type":"tribe_events","link":"https:\/\/www.ludwig-van.com\/montreal\/event\/arte-musica-david-myles-its-christmas\/","title":{"rendered":"Arte Musica | David Myles \u2013 It\u2019s Christmas!"},"content":{"rendered":"<p>Avec son album <em>It\u2019s Christmas<\/em>, David Myles c\u00e9l\u00e8bre tout ce qu\u2019il y a de beau et de bon pendant la p\u00e9riode des F\u00eates. Le chanteur originaire des Maritimes vogue all\u00e8grement du bluegrass au folk, en passant par le jazz, le tout teint\u00e9 d\u2019humour. Un concert id\u00e9al pour retrouver l\u2019ambiance chaleureuse des chansons des ann\u00e9es 1950.<\/p>\n<p>ARTISTES<\/p>\n<p>DAVID MYLES, voix et guitare<br \/>\nAlan Jeffries, guitare<br \/>\nKyle Cunjak, contrebasse<\/p>\n","protected":false},"excerpt":{"rendered":"<p>Avec son album It\u2019s Christmas, David Myles c\u00e9l\u00e8bre tout ce qu\u2019il y a de beau et de bon pendant la p\u00e9riode des F\u00eates. Le chanteur originaire des Maritimes vogue all\u00e8grement du bluegrass au folk, en passant par le jazz, le tout teint\u00e9 d\u2019humour. Un concert id\u00e9al pour retrouver l\u2019ambiance chaleureuse des chansons des ann\u00e9es 1950. [&hellip;]<\/p>\n","protected":false},"author":1,"featured_media":57623,"comment_status":"open","ping_status":"closed","template":"","meta":{"om_disable_all_campaigns":false,"jetpack_post_was_ever_published":false},"tags":[],"tribe_events_cat":[5902,5718,5501,5050],"acf":[],"jetpack_sharing_enabled":true,"_links":{"self":[{"href":"https:\/\/www.ludwig-van.com\/montreal\/wp-json\/wp\/v2\/tribe_events\/57622"}],"collection":[{"href":"https:\/\/www.ludwig-van.com\/montreal\/wp-json\/wp\/v2\/tribe_events"}],"about":[{"href":"https:\/\/www.ludwig-van.com\/montreal\/wp-json\/wp\/v2\/types\/tribe_events"}],"author":[{"embeddable":true,"href":"https:\/\/www.ludwig-van.com\/montreal\/wp-json\/wp\/v2\/users\/1"}],"replies":[{"embeddable":true,"href":"https:\/\/www.ludwig-van.com\/montreal\/wp-json\/wp\/v2\/comments?post=57622"}],"version-history":[{"count":1,"href":"https:\/\/www.ludwig-van.com\/montreal\/wp-json\/wp\/v2\/tribe_events\/57622\/revisions"}],"predecessor-version":[{"id":57624,"href":"https:\/\/www.ludwig-van.com\/montreal\/wp-json\/wp\/v2\/tribe_events\/57622\/revisions\/57624"}],"wp:featuredmedia":[{"embeddable":true,"href":"https:\/\/www.ludwig-van.com\/montreal\/wp-json\/wp\/v2\/media\/57623"}],"wp:attachment":[{"href":"https:\/\/www.ludwig-van.com\/montreal\/wp-json\/wp\/v2\/media?parent=57622"}],"wp:term":[{"taxonomy":"post_tag","embeddable":true,"href":"https:\/\/www.ludwig-van.com\/montreal\/wp-json\/wp\/v2\/tags?post=57622"},{"taxonomy":"tribe_events_cat","embeddable":true,"href":"https:\/\/www.ludwig-van.com\/montreal\/wp-json\/wp\/v2\/tribe_events_cat?post=57622"}],"curies":[{"name":"wp","href":"https:\/\/api.w.org\/{rel}","templated":true}]}}