{"id":57332,"date":"2018-11-06T14:08:26","date_gmt":"2018-11-06T19:08:26","guid":{"rendered":"https:\/\/www.ludwig-van.com\/montreal\/?post_type=tribe_events&#038;p=57332"},"modified":"2018-11-06T14:08:26","modified_gmt":"2018-11-06T19:08:26","slug":"arte-musica-night-and-day-hommage-a-cole-porter","status":"publish","type":"tribe_events","link":"https:\/\/www.ludwig-van.com\/montreal\/event\/arte-musica-night-and-day-hommage-a-cole-porter\/","title":{"rendered":"Arte Musica | Night and Day &#8211; Hommage \u00e0 Cole Porter"},"content":{"rendered":"<p>Un hommage \u00e0 un grand compositeur et parolier am\u00e9ricain dont les standards ont travers\u00e9 le temps et r\u00e9sonnent encore aujourd\u2019hui sous les doigts de nombreux musiciens de jazz. La chanteuse Laura Anglade se joint au Sam Kirmayer Trio pour interpr\u00e9ter quelques chansons dont l\u2019ind\u00e9modable\u00a0<em>All of You<\/em>.<\/p>\n<p><strong>ARTISTES<\/strong><br \/>\nSAM KIRMAYER TRIO<br \/>\nSam Kirmayer, guitare<br \/>\nAlec Walkington, contrebasse<br \/>\nAndr\u00e9 White, batterie<\/p>\n<p>Invit\u00e9e sp\u00e9ciale : Laura Anglade, voix<\/p>\n<p><strong>PROGRAMME<\/strong><br \/>\nI Love You<br \/>\nAll through the night<br \/>\nIt&rsquo;s alright with me<br \/>\nYou do something to me<br \/>\nEv&rsquo;ry time we say goodbye<br \/>\nI Concentrate on You<br \/>\nAll of you<\/p>\n","protected":false},"excerpt":{"rendered":"<p>Un hommage \u00e0 un grand compositeur et parolier am\u00e9ricain dont les standards ont travers\u00e9 le temps et r\u00e9sonnent encore aujourd\u2019hui sous les doigts de nombreux musiciens de jazz. La chanteuse Laura Anglade se joint au Sam Kirmayer Trio pour interpr\u00e9ter quelques chansons dont l\u2019ind\u00e9modable\u00a0All of You. ARTISTES SAM KIRMAYER TRIO Sam Kirmayer, guitare Alec Walkington, [&hellip;]<\/p>\n","protected":false},"author":1,"featured_media":57333,"comment_status":"open","ping_status":"closed","template":"","meta":{"om_disable_all_campaigns":false,"jetpack_post_was_ever_published":false},"tags":[],"tribe_events_cat":[5902,5501,5050],"acf":[],"jetpack_sharing_enabled":true,"_links":{"self":[{"href":"https:\/\/www.ludwig-van.com\/montreal\/wp-json\/wp\/v2\/tribe_events\/57332"}],"collection":[{"href":"https:\/\/www.ludwig-van.com\/montreal\/wp-json\/wp\/v2\/tribe_events"}],"about":[{"href":"https:\/\/www.ludwig-van.com\/montreal\/wp-json\/wp\/v2\/types\/tribe_events"}],"author":[{"embeddable":true,"href":"https:\/\/www.ludwig-van.com\/montreal\/wp-json\/wp\/v2\/users\/1"}],"replies":[{"embeddable":true,"href":"https:\/\/www.ludwig-van.com\/montreal\/wp-json\/wp\/v2\/comments?post=57332"}],"version-history":[{"count":1,"href":"https:\/\/www.ludwig-van.com\/montreal\/wp-json\/wp\/v2\/tribe_events\/57332\/revisions"}],"predecessor-version":[{"id":57334,"href":"https:\/\/www.ludwig-van.com\/montreal\/wp-json\/wp\/v2\/tribe_events\/57332\/revisions\/57334"}],"wp:featuredmedia":[{"embeddable":true,"href":"https:\/\/www.ludwig-van.com\/montreal\/wp-json\/wp\/v2\/media\/57333"}],"wp:attachment":[{"href":"https:\/\/www.ludwig-van.com\/montreal\/wp-json\/wp\/v2\/media?parent=57332"}],"wp:term":[{"taxonomy":"post_tag","embeddable":true,"href":"https:\/\/www.ludwig-van.com\/montreal\/wp-json\/wp\/v2\/tags?post=57332"},{"taxonomy":"tribe_events_cat","embeddable":true,"href":"https:\/\/www.ludwig-van.com\/montreal\/wp-json\/wp\/v2\/tribe_events_cat?post=57332"}],"curies":[{"name":"wp","href":"https:\/\/api.w.org\/{rel}","templated":true}]}}