{"id":57254,"date":"2018-10-31T14:11:14","date_gmt":"2018-10-31T18:11:14","guid":{"rendered":"https:\/\/www.ludwig-van.com\/montreal\/?post_type=tribe_events&#038;p=57254"},"modified":"2018-10-31T14:11:14","modified_gmt":"2018-10-31T18:11:14","slug":"arte-musica-musique-cirque-equilibre-desequilibre","status":"publish","type":"tribe_events","link":"https:\/\/www.ludwig-van.com\/montreal\/event\/arte-musica-musique-cirque-equilibre-desequilibre\/","title":{"rendered":"Arte Musica | Musique et cirque &#8211; \u00e9quilibre et d\u00e9s\u00e9quilibre"},"content":{"rendered":"<p>Ce concert original s\u2019inspire de la fascination de Calder pour le cirque. L\u2019inventeur des mobiles s\u2019int\u00e9resse \u00e0 la tension entre l\u2019\u00e9quilibre et le d\u00e9s\u00e9quilibre depuis la cr\u00e9ation de son oeuvre\u00a0<em>Cirque Calder<\/em>. Ne manquez pas ce spectacle qui allie musique et art circassien en explorant le mouvement et l\u2019univers ludique qui plaisaient tant \u00e0 Calder.<\/p>\n<p>ARTISTES<\/p>\n<p>JANELLE FUNG et PHILIP CHIU, piano<\/p>\n<p>Michel G. Barette, mise en sc\u00e8ne<br \/>\nAlyssa Bunce, contorsionniste et danseuse<br \/>\nJarrod Takle, \u00e9quilibriste et acrobate<br \/>\nLuc Tremblay, jongleur, manipulateur et bricoleur<\/p>\n<p>PROGRAMME<br \/>\nOEuvres de BARBER, DEBUSSY, SATIE et STRAVINSKI.<\/p>\n","protected":false},"excerpt":{"rendered":"<p>Ce concert original s\u2019inspire de la fascination de Calder pour le cirque. L\u2019inventeur des mobiles s\u2019int\u00e9resse \u00e0 la tension entre l\u2019\u00e9quilibre et le d\u00e9s\u00e9quilibre depuis la cr\u00e9ation de son oeuvre\u00a0Cirque Calder. Ne manquez pas ce spectacle qui allie musique et art circassien en explorant le mouvement et l\u2019univers ludique qui plaisaient tant \u00e0 Calder. ARTISTES [&hellip;]<\/p>\n","protected":false},"author":1,"featured_media":57255,"comment_status":"open","ping_status":"closed","template":"","meta":{"om_disable_all_campaigns":false,"jetpack_post_was_ever_published":false},"tags":[],"tribe_events_cat":[6002,5024],"acf":[],"jetpack_sharing_enabled":true,"_links":{"self":[{"href":"https:\/\/www.ludwig-van.com\/montreal\/wp-json\/wp\/v2\/tribe_events\/57254"}],"collection":[{"href":"https:\/\/www.ludwig-van.com\/montreal\/wp-json\/wp\/v2\/tribe_events"}],"about":[{"href":"https:\/\/www.ludwig-van.com\/montreal\/wp-json\/wp\/v2\/types\/tribe_events"}],"author":[{"embeddable":true,"href":"https:\/\/www.ludwig-van.com\/montreal\/wp-json\/wp\/v2\/users\/1"}],"replies":[{"embeddable":true,"href":"https:\/\/www.ludwig-van.com\/montreal\/wp-json\/wp\/v2\/comments?post=57254"}],"version-history":[{"count":1,"href":"https:\/\/www.ludwig-van.com\/montreal\/wp-json\/wp\/v2\/tribe_events\/57254\/revisions"}],"predecessor-version":[{"id":57256,"href":"https:\/\/www.ludwig-van.com\/montreal\/wp-json\/wp\/v2\/tribe_events\/57254\/revisions\/57256"}],"wp:featuredmedia":[{"embeddable":true,"href":"https:\/\/www.ludwig-van.com\/montreal\/wp-json\/wp\/v2\/media\/57255"}],"wp:attachment":[{"href":"https:\/\/www.ludwig-van.com\/montreal\/wp-json\/wp\/v2\/media?parent=57254"}],"wp:term":[{"taxonomy":"post_tag","embeddable":true,"href":"https:\/\/www.ludwig-van.com\/montreal\/wp-json\/wp\/v2\/tags?post=57254"},{"taxonomy":"tribe_events_cat","embeddable":true,"href":"https:\/\/www.ludwig-van.com\/montreal\/wp-json\/wp\/v2\/tribe_events_cat?post=57254"}],"curies":[{"name":"wp","href":"https:\/\/api.w.org\/{rel}","templated":true}]}}