{"id":56787,"date":"2018-10-11T20:39:24","date_gmt":"2018-10-12T00:39:24","guid":{"rendered":"https:\/\/www.ludwig-van.com\/montreal\/?post_type=tribe_events&#038;p=56787"},"modified":"2018-10-11T20:39:24","modified_gmt":"2018-10-12T00:39:24","slug":"arte-musica-suites-dansees-2","status":"publish","type":"tribe_events","link":"https:\/\/www.ludwig-van.com\/montreal\/event\/arte-musica-suites-dansees-2\/","title":{"rendered":"Arte Musica | Suites dans\u00e9es"},"content":{"rendered":"<p>M\u00eame si elles sont destin\u00e9es au concert, les pi\u00e8ces et les danses, comme presque toute la musique de l\u2019\u00e9poque, appellent une gestuelle et renvoient aux mouvements du corps.<\/p>\n<p>Dans ce r\u00e9cital dans\u00e9, Alban Richard improvise sur des suites de danses de Louis et de Fran\u00e7ois Couperin soigneusement s\u00e9lectionn\u00e9es par Christophe Rousset.<\/p>\n<p>ARTISTES<\/p>\n<p>CHRISTOPHE ROUSSET, clavecin<br \/>\nALBAN RICHARD, chor\u00e9graphe et danseur<\/p>\n<p>PROGRAMME<\/p>\n<p>Improvisation sur des suites de danses de Louis et de Fran\u00e7ois COUPERIN<\/p>\n","protected":false},"excerpt":{"rendered":"<p>M\u00eame si elles sont destin\u00e9es au concert, les pi\u00e8ces et les danses, comme presque toute la musique de l\u2019\u00e9poque, appellent une gestuelle et renvoient aux mouvements du corps. Dans ce r\u00e9cital dans\u00e9, Alban Richard improvise sur des suites de danses de Louis et de Fran\u00e7ois Couperin soigneusement s\u00e9lectionn\u00e9es par Christophe Rousset. ARTISTES CHRISTOPHE ROUSSET, clavecin [&hellip;]<\/p>\n","protected":false},"author":1,"featured_media":56471,"comment_status":"open","ping_status":"closed","template":"","meta":{"om_disable_all_campaigns":false,"jetpack_post_was_ever_published":false},"tags":[],"tribe_events_cat":[6002,5053],"acf":[],"jetpack_sharing_enabled":true,"_links":{"self":[{"href":"https:\/\/www.ludwig-van.com\/montreal\/wp-json\/wp\/v2\/tribe_events\/56787"}],"collection":[{"href":"https:\/\/www.ludwig-van.com\/montreal\/wp-json\/wp\/v2\/tribe_events"}],"about":[{"href":"https:\/\/www.ludwig-van.com\/montreal\/wp-json\/wp\/v2\/types\/tribe_events"}],"author":[{"embeddable":true,"href":"https:\/\/www.ludwig-van.com\/montreal\/wp-json\/wp\/v2\/users\/1"}],"replies":[{"embeddable":true,"href":"https:\/\/www.ludwig-van.com\/montreal\/wp-json\/wp\/v2\/comments?post=56787"}],"version-history":[{"count":1,"href":"https:\/\/www.ludwig-van.com\/montreal\/wp-json\/wp\/v2\/tribe_events\/56787\/revisions"}],"predecessor-version":[{"id":56788,"href":"https:\/\/www.ludwig-van.com\/montreal\/wp-json\/wp\/v2\/tribe_events\/56787\/revisions\/56788"}],"wp:featuredmedia":[{"embeddable":true,"href":"https:\/\/www.ludwig-van.com\/montreal\/wp-json\/wp\/v2\/media\/56471"}],"wp:attachment":[{"href":"https:\/\/www.ludwig-van.com\/montreal\/wp-json\/wp\/v2\/media?parent=56787"}],"wp:term":[{"taxonomy":"post_tag","embeddable":true,"href":"https:\/\/www.ludwig-van.com\/montreal\/wp-json\/wp\/v2\/tags?post=56787"},{"taxonomy":"tribe_events_cat","embeddable":true,"href":"https:\/\/www.ludwig-van.com\/montreal\/wp-json\/wp\/v2\/tribe_events_cat?post=56787"}],"curies":[{"name":"wp","href":"https:\/\/api.w.org\/{rel}","templated":true}]}}