{"id":56733,"date":"2018-10-10T18:26:22","date_gmt":"2018-10-10T22:26:22","guid":{"rendered":"https:\/\/www.ludwig-van.com\/montreal\/?post_type=tribe_events&#038;p=56733"},"modified":"2018-10-10T18:26:22","modified_gmt":"2018-10-10T22:26:22","slug":"cioc-festival-couleurs-de-lorgue-francais-josee-april","status":"publish","type":"tribe_events","link":"https:\/\/www.ludwig-van.com\/montreal\/event\/cioc-festival-couleurs-de-lorgue-francais-josee-april\/","title":{"rendered":"CIOC | Festival des couleurs de l&rsquo;orgue fran\u00e7ais avec Jos\u00e9e April"},"content":{"rendered":"<p>Originaire du Bas Saint-Laurent, Jos\u00e9e April obtient, en 1974, le Premier Prix en orgue au Concours de musique du Canada. Elle a donn\u00e9 plusieurs concerts au Canada, aux \u00c9tats-Unis, en France, en Belgique, en Hollande et en Espagne, fait des enregistrements radiophoniques, jou\u00e9 pour divers orchestres \u00e0 Montr\u00e9al et enregistr\u00e9 un disque de musique de chambre sur \u00e9tiquette McGill.<\/p>\n<p>Elle est titulaire \u00e0 la Cath\u00e9drale Saint-Germain de Rimouski depuis 2000.<\/p>\n<p>Jean-Philippe Rameau: Les Indes galantes<br \/>\nEustache Du Caurroy: Huicti\u00e8me Fantaisie<br \/>\nPablo Bruna: Tiento sobre la letania de la Virgen<br \/>\nFrancesco Correa de Arauxo: Tiento de medio registro de tiple de segundo tono<br \/>\nNicolas de Grigny: Messe pour orgue (extraits)<br \/>\nAbraham van den Kerckhoven: Fantaisie<br \/>\nAnonyme: Batalla famosa<\/p>\n<p><strong>S\u00e9rie Festival des couleurs de l&rsquo;orgue fran\u00e7ais<\/strong><br \/>\nPour la 24e ann\u00e9e cons\u00e9cutive, la chapelle du Grand S\u00e9minaire de Montr\u00e9al accueille le Festival des couleurs de l\u2019orgue fran\u00e7ais tous les dimanches d\u2019octobre.Profitez de l\u2019occasion pour p\u00e9n\u00e9trer dans le Grand S\u00e9minaire de 1857 et d\u00e9couvrir la chapelle de Jean-Omer Marchand (1907), un des secrets les mieux gard\u00e9s de Montr\u00e9al, et la vo\u00fbte de l\u2019abside orn\u00e9e de la Pr\u00e9sentation de la Vierge par Joseph Saint-Charles.<\/p>\n<p>Prix: Contribution volontaire<\/p>\n","protected":false},"excerpt":{"rendered":"<p>Originaire du Bas Saint-Laurent, Jos\u00e9e April obtient, en 1974, le Premier Prix en orgue au Concours de musique du Canada. Elle a donn\u00e9 plusieurs concerts au Canada, aux \u00c9tats-Unis, en France, en Belgique, en Hollande et en Espagne, fait des enregistrements radiophoniques, jou\u00e9 pour divers orchestres \u00e0 Montr\u00e9al et enregistr\u00e9 un disque de musique de [&hellip;]<\/p>\n","protected":false},"author":1,"featured_media":56734,"comment_status":"open","ping_status":"closed","template":"","meta":{"om_disable_all_campaigns":false,"jetpack_post_was_ever_published":false},"tags":[],"tribe_events_cat":[5562],"acf":[],"jetpack_sharing_enabled":true,"_links":{"self":[{"href":"https:\/\/www.ludwig-van.com\/montreal\/wp-json\/wp\/v2\/tribe_events\/56733"}],"collection":[{"href":"https:\/\/www.ludwig-van.com\/montreal\/wp-json\/wp\/v2\/tribe_events"}],"about":[{"href":"https:\/\/www.ludwig-van.com\/montreal\/wp-json\/wp\/v2\/types\/tribe_events"}],"author":[{"embeddable":true,"href":"https:\/\/www.ludwig-van.com\/montreal\/wp-json\/wp\/v2\/users\/1"}],"replies":[{"embeddable":true,"href":"https:\/\/www.ludwig-van.com\/montreal\/wp-json\/wp\/v2\/comments?post=56733"}],"version-history":[{"count":1,"href":"https:\/\/www.ludwig-van.com\/montreal\/wp-json\/wp\/v2\/tribe_events\/56733\/revisions"}],"predecessor-version":[{"id":56736,"href":"https:\/\/www.ludwig-van.com\/montreal\/wp-json\/wp\/v2\/tribe_events\/56733\/revisions\/56736"}],"wp:featuredmedia":[{"embeddable":true,"href":"https:\/\/www.ludwig-van.com\/montreal\/wp-json\/wp\/v2\/media\/56734"}],"wp:attachment":[{"href":"https:\/\/www.ludwig-van.com\/montreal\/wp-json\/wp\/v2\/media?parent=56733"}],"wp:term":[{"taxonomy":"post_tag","embeddable":true,"href":"https:\/\/www.ludwig-van.com\/montreal\/wp-json\/wp\/v2\/tags?post=56733"},{"taxonomy":"tribe_events_cat","embeddable":true,"href":"https:\/\/www.ludwig-van.com\/montreal\/wp-json\/wp\/v2\/tribe_events_cat?post=56733"}],"curies":[{"name":"wp","href":"https:\/\/api.w.org\/{rel}","templated":true}]}}