{"id":56710,"date":"2018-10-09T12:04:27","date_gmt":"2018-10-09T16:04:27","guid":{"rendered":"https:\/\/www.ludwig-van.com\/montreal\/?post_type=tribe_events&#038;p=56710"},"modified":"2018-10-09T12:04:27","modified_gmt":"2018-10-09T16:04:27","slug":"societe-de-concerts-de-montreal-contact","status":"publish","type":"tribe_events","link":"https:\/\/www.ludwig-van.com\/montreal\/event\/societe-de-concerts-de-montreal-contact\/","title":{"rendered":"Soci\u00e9t\u00e9 de concerts de Montr\u00e9al | CONTACT"},"content":{"rendered":"<p>Les cuivres tonitruants de l\u2019Ensemble Horizon s\u2019allient aux redoutables voix du Choeur de la SCM. Ce m\u00e9lange de timbres, une premi\u00e8re pour un de nos concerts, promet un spectacle \u00e9clatant aux sonorit\u00e9s in\u00e9dites tout en crescendo. Les ensembles s\u2019alterneront en alimentant une intensit\u00e9 de plus en plus \u00e9vidente, se rejoignant pour finir en grand !<\/p>\n<ul data-rte-list=\"default\">\n<li><strong>24 chanteurs et 10 cuivres de la rel\u00e8ve<\/strong><\/li>\n<li><strong>D\u2019\u00e9tonnantes couleurs voix et cuivres <\/strong><\/li>\n<li><strong>2 cr\u00e9ations musicales livr\u00e9es en premi\u00e8re mondiale<\/strong><\/li>\n<li><strong>Le Chic Resto Pop, lieu d\u2019espoir pour sa communaut\u00e9<\/strong><\/li>\n<\/ul>\n<p><strong>LE R\u00c9PERTOIRE<\/strong><\/p>\n<p>Ensemble Horizon :<\/p>\n<ul data-rte-list=\"default\">\n<li>America Somewhere &#8211; Leonard Bernstein<\/li>\n<li>Tonight &#8211; Leonard Bernstein<\/li>\n<li>Sonata da chiesa &#8211; Jan Koetsier<\/li>\n<li>Pavane pour une infante d\u00e9funte &#8211; Maurice Ravel<\/li>\n<\/ul>\n<p>Choeur de la SCM<\/p>\n<ul data-rte-list=\"default\">\n<li>Locus Iste &#8211; Anton Bruckner<\/li>\n<li>Vexila Regis \u2013 Anton Bruckner<\/li>\n<li>Christus Factus Est \u2013 Anton Bruckner<\/li>\n<li>Os Justi \u2013 Anton Bruckner<\/li>\n<li>Albert et Richard \u2013 Pascal G.-Berardi (Cr\u00e9ation)<\/li>\n<\/ul>\n<p>Choeur de la SCM et Ensemble Horizon<\/p>\n<ul data-rte-list=\"default\">\n<li>Apocalipsis 15 \u2013 William Kraushaar (Cr\u00e9ation)<\/li>\n<li>Prolog im Himmel \u2013 Jan Koetsier<\/li>\n<\/ul>\n","protected":false},"excerpt":{"rendered":"<p>Les cuivres tonitruants de l\u2019Ensemble Horizon s\u2019allient aux redoutables voix du Choeur de la SCM. Ce m\u00e9lange de timbres, une premi\u00e8re pour un de nos concerts, promet un spectacle \u00e9clatant aux sonorit\u00e9s in\u00e9dites tout en crescendo. Les ensembles s\u2019alterneront en alimentant une intensit\u00e9 de plus en plus \u00e9vidente, se rejoignant pour finir en grand ! [&hellip;]<\/p>\n","protected":false},"author":1,"featured_media":56711,"comment_status":"open","ping_status":"closed","template":"","meta":{"om_disable_all_campaigns":false,"jetpack_post_was_ever_published":false},"tags":[],"tribe_events_cat":[5327,5050],"acf":[],"jetpack_sharing_enabled":true,"_links":{"self":[{"href":"https:\/\/www.ludwig-van.com\/montreal\/wp-json\/wp\/v2\/tribe_events\/56710"}],"collection":[{"href":"https:\/\/www.ludwig-van.com\/montreal\/wp-json\/wp\/v2\/tribe_events"}],"about":[{"href":"https:\/\/www.ludwig-van.com\/montreal\/wp-json\/wp\/v2\/types\/tribe_events"}],"author":[{"embeddable":true,"href":"https:\/\/www.ludwig-van.com\/montreal\/wp-json\/wp\/v2\/users\/1"}],"replies":[{"embeddable":true,"href":"https:\/\/www.ludwig-van.com\/montreal\/wp-json\/wp\/v2\/comments?post=56710"}],"version-history":[{"count":1,"href":"https:\/\/www.ludwig-van.com\/montreal\/wp-json\/wp\/v2\/tribe_events\/56710\/revisions"}],"predecessor-version":[{"id":56712,"href":"https:\/\/www.ludwig-van.com\/montreal\/wp-json\/wp\/v2\/tribe_events\/56710\/revisions\/56712"}],"wp:featuredmedia":[{"embeddable":true,"href":"https:\/\/www.ludwig-van.com\/montreal\/wp-json\/wp\/v2\/media\/56711"}],"wp:attachment":[{"href":"https:\/\/www.ludwig-van.com\/montreal\/wp-json\/wp\/v2\/media?parent=56710"}],"wp:term":[{"taxonomy":"post_tag","embeddable":true,"href":"https:\/\/www.ludwig-van.com\/montreal\/wp-json\/wp\/v2\/tags?post=56710"},{"taxonomy":"tribe_events_cat","embeddable":true,"href":"https:\/\/www.ludwig-van.com\/montreal\/wp-json\/wp\/v2\/tribe_events_cat?post=56710"}],"curies":[{"name":"wp","href":"https:\/\/api.w.org\/{rel}","templated":true}]}}