{"id":56488,"date":"2018-09-19T18:20:39","date_gmt":"2018-09-19T22:20:39","guid":{"rendered":"https:\/\/www.ludwig-van.com\/montreal\/?post_type=tribe_events&#038;p=56488"},"modified":"2018-09-19T18:20:39","modified_gmt":"2018-09-19T22:20:39","slug":"arte-musica-anne-queffelec-tombeau-de-couperin","status":"publish","type":"tribe_events","link":"https:\/\/www.ludwig-van.com\/montreal\/event\/arte-musica-anne-queffelec-tombeau-de-couperin\/","title":{"rendered":"Arte Musica | Anne Queff\u00e9lec &#8211; Le tombeau de Couperin"},"content":{"rendered":"<p>Les Journ\u00e9es Couperin s\u2019ouvrent avec un r\u00e9cital de piano qui montre notamment l\u2019influence et l\u2019importance de l\u2019art de Fran\u00e7ois Couperin sur les compositeurs fran\u00e7ais du XX<sup>e<\/sup> si\u00e8cle.<\/p>\n<p><em>Dans le cadre de la s\u00e9rie Compl\u00e8tement piano<\/em><\/p>\n<p>ARTISTES<br \/>\nANNE QUEFF\u00c9LEC, piano<\/p>\n<p>PROGRAMME<br \/>\nRAVEL,<em> Le Tombeau de Couperin<\/em><br \/>\nDEBUSSY,<em> Hommage \u00e0 Rameau<\/em><br \/>\nF. COUPERIN<br \/>\n<em> Barricades myst\u00e9rieuses<\/em><br \/>\n<em> Soeur Monique<\/em><br \/>\n<em> L\u2019\u00e2me en peine<\/em><br \/>\n<em> La Couperin<\/em><br \/>\n<em> Sarabande l\u2019Unique<\/em><br \/>\nRAMEAU<br \/>\n<em> Les Cyclopes<\/em><br \/>\n<em> Le Tambourin<\/em><br \/>\n<em> Le rappel des oiseaux<\/em><br \/>\n<em> Les tendres plaintes<\/em><br \/>\nDAQUIN,<em> Le Coucou<\/em><br \/>\nHANDEL,<em> L\u2019Harmonieux Forgeron<\/em><br \/>\nSCARLATTI, Sonates<\/p>\n<p>Prix : 22.40$ &#8211; 42.62$<\/p>\n","protected":false},"excerpt":{"rendered":"<p>Les Journ\u00e9es Couperin s\u2019ouvrent avec un r\u00e9cital de piano qui montre notamment l\u2019influence et l\u2019importance de l\u2019art de Fran\u00e7ois Couperin sur les compositeurs fran\u00e7ais du XXe si\u00e8cle. Dans le cadre de la s\u00e9rie Compl\u00e8tement piano ARTISTES ANNE QUEFF\u00c9LEC, piano PROGRAMME RAVEL, Le Tombeau de Couperin DEBUSSY, Hommage \u00e0 Rameau F. COUPERIN Barricades myst\u00e9rieuses Soeur Monique [&hellip;]<\/p>\n","protected":false},"author":1,"featured_media":56473,"comment_status":"open","ping_status":"closed","template":"","meta":{"om_disable_all_campaigns":false,"jetpack_post_was_ever_published":false},"tags":[],"tribe_events_cat":[5024],"acf":[],"jetpack_sharing_enabled":true,"_links":{"self":[{"href":"https:\/\/www.ludwig-van.com\/montreal\/wp-json\/wp\/v2\/tribe_events\/56488"}],"collection":[{"href":"https:\/\/www.ludwig-van.com\/montreal\/wp-json\/wp\/v2\/tribe_events"}],"about":[{"href":"https:\/\/www.ludwig-van.com\/montreal\/wp-json\/wp\/v2\/types\/tribe_events"}],"author":[{"embeddable":true,"href":"https:\/\/www.ludwig-van.com\/montreal\/wp-json\/wp\/v2\/users\/1"}],"replies":[{"embeddable":true,"href":"https:\/\/www.ludwig-van.com\/montreal\/wp-json\/wp\/v2\/comments?post=56488"}],"version-history":[{"count":1,"href":"https:\/\/www.ludwig-van.com\/montreal\/wp-json\/wp\/v2\/tribe_events\/56488\/revisions"}],"predecessor-version":[{"id":56489,"href":"https:\/\/www.ludwig-van.com\/montreal\/wp-json\/wp\/v2\/tribe_events\/56488\/revisions\/56489"}],"wp:featuredmedia":[{"embeddable":true,"href":"https:\/\/www.ludwig-van.com\/montreal\/wp-json\/wp\/v2\/media\/56473"}],"wp:attachment":[{"href":"https:\/\/www.ludwig-van.com\/montreal\/wp-json\/wp\/v2\/media?parent=56488"}],"wp:term":[{"taxonomy":"post_tag","embeddable":true,"href":"https:\/\/www.ludwig-van.com\/montreal\/wp-json\/wp\/v2\/tags?post=56488"},{"taxonomy":"tribe_events_cat","embeddable":true,"href":"https:\/\/www.ludwig-van.com\/montreal\/wp-json\/wp\/v2\/tribe_events_cat?post=56488"}],"curies":[{"name":"wp","href":"https:\/\/api.w.org\/{rel}","templated":true}]}}