{"id":56486,"date":"2018-09-19T18:15:51","date_gmt":"2018-09-19T22:15:51","guid":{"rendered":"https:\/\/www.ludwig-van.com\/montreal\/?post_type=tribe_events&#038;p=56486"},"modified":"2018-09-19T18:15:51","modified_gmt":"2018-09-19T22:15:51","slug":"arte-musica-quatuor-calder","status":"publish","type":"tribe_events","link":"https:\/\/www.ludwig-van.com\/montreal\/event\/arte-musica-quatuor-calder\/","title":{"rendered":"Arte Musica | Quatuor Calder"},"content":{"rendered":"<p>Laur\u00e9at du prestigieux Avery Fisher Career Grant en 2014, le Quatuor Calder est reconnu pour son jeu impeccable et sa polyvalence. La curiosit\u00e9 musicale de l\u2019ensemble se r\u00e9v\u00e8le dans un programme inspir\u00e9 par l\u2019artiste am\u00e9ricain Alexander Calder.<\/p>\n<p><em>Pr\u00e9sent\u00e9 dans le cadre de l\u2019exposition Calder\u00a0<\/em><\/p>\n<p>ARTISTE<br \/>\nQuatuor CALDER<br \/>\n(\u00c9tats-Unis)<\/p>\n<p>Benjamin Jacobson, violon<br \/>\nAndrew Bulbrook, violon<br \/>\nJonathan Moerschel, alto<br \/>\nEric Byers, violoncelle<\/p>\n<p>PROGRAMME<br \/>\nAndrew NORMAN, <em>Sabina<\/em><br \/>\nSTRAVINSKI, <em>Trois pi\u00e8ces<\/em><br \/>\nCAGE, <em>Music for Marcel Duchamp<\/em><br \/>\nFELDMAN, <em>Structures<\/em><br \/>\nBRITTEN, Quatuor no 2 en <em>do<\/em> majeur, op. 36<\/p>\n<p>Prix : 18.05$ &#8211; 42.62$<\/p>\n","protected":false},"excerpt":{"rendered":"<p>Laur\u00e9at du prestigieux Avery Fisher Career Grant en 2014, le Quatuor Calder est reconnu pour son jeu impeccable et sa polyvalence. La curiosit\u00e9 musicale de l\u2019ensemble se r\u00e9v\u00e8le dans un programme inspir\u00e9 par l\u2019artiste am\u00e9ricain Alexander Calder. Pr\u00e9sent\u00e9 dans le cadre de l\u2019exposition Calder\u00a0 ARTISTE Quatuor CALDER (\u00c9tats-Unis) Benjamin Jacobson, violon Andrew Bulbrook, violon Jonathan [&hellip;]<\/p>\n","protected":false},"author":1,"featured_media":56475,"comment_status":"open","ping_status":"closed","template":"","meta":{"om_disable_all_campaigns":false,"jetpack_post_was_ever_published":false},"tags":[],"tribe_events_cat":[6109,5052,5327,5124,6476],"acf":[],"jetpack_sharing_enabled":true,"_links":{"self":[{"href":"https:\/\/www.ludwig-van.com\/montreal\/wp-json\/wp\/v2\/tribe_events\/56486"}],"collection":[{"href":"https:\/\/www.ludwig-van.com\/montreal\/wp-json\/wp\/v2\/tribe_events"}],"about":[{"href":"https:\/\/www.ludwig-van.com\/montreal\/wp-json\/wp\/v2\/types\/tribe_events"}],"author":[{"embeddable":true,"href":"https:\/\/www.ludwig-van.com\/montreal\/wp-json\/wp\/v2\/users\/1"}],"replies":[{"embeddable":true,"href":"https:\/\/www.ludwig-van.com\/montreal\/wp-json\/wp\/v2\/comments?post=56486"}],"version-history":[{"count":1,"href":"https:\/\/www.ludwig-van.com\/montreal\/wp-json\/wp\/v2\/tribe_events\/56486\/revisions"}],"predecessor-version":[{"id":56487,"href":"https:\/\/www.ludwig-van.com\/montreal\/wp-json\/wp\/v2\/tribe_events\/56486\/revisions\/56487"}],"wp:featuredmedia":[{"embeddable":true,"href":"https:\/\/www.ludwig-van.com\/montreal\/wp-json\/wp\/v2\/media\/56475"}],"wp:attachment":[{"href":"https:\/\/www.ludwig-van.com\/montreal\/wp-json\/wp\/v2\/media?parent=56486"}],"wp:term":[{"taxonomy":"post_tag","embeddable":true,"href":"https:\/\/www.ludwig-van.com\/montreal\/wp-json\/wp\/v2\/tags?post=56486"},{"taxonomy":"tribe_events_cat","embeddable":true,"href":"https:\/\/www.ludwig-van.com\/montreal\/wp-json\/wp\/v2\/tribe_events_cat?post=56486"}],"curies":[{"name":"wp","href":"https:\/\/api.w.org\/{rel}","templated":true}]}}