{"id":56484,"date":"2018-09-19T18:09:44","date_gmt":"2018-09-19T22:09:44","guid":{"rendered":"https:\/\/www.ludwig-van.com\/montreal\/?post_type=tribe_events&#038;p=56484"},"modified":"2018-09-19T18:09:44","modified_gmt":"2018-09-19T22:09:44","slug":"arte-musica-beijing-guitar-duo","status":"publish","type":"tribe_events","link":"https:\/\/www.ludwig-van.com\/montreal\/event\/arte-musica-beijing-guitar-duo\/","title":{"rendered":"Arte Musica | Beijing guitar duo"},"content":{"rendered":"<p>Tant en concert qu\u2019en studio, les musiciennes\u00a0du Beijing Guitar Duo \u00e9blouissent gr\u00e2ce \u00e0\u00a0une habilet\u00e9 et un sens artistique remarquables. Toutes deux laur\u00e9ates de prestigieux concours internationaux, elles ont notamment effectu\u00e9 une tourn\u00e9e d\u2019envergure avec le l\u00e9gendaire Manuel Barrueco. Le Duo se produit pour la premi\u00e8re fois \u00e0 Montr\u00e9al \u00e0 l\u2019occasion de ce r\u00e9cital des plus attendus !<\/p>\n<p><em>Pr\u00e9sent\u00e9 en collaboration avec la\u00a0Soci\u00e9t\u00e9 de guitare de Montr\u00e9al<\/em><\/p>\n<p>ARTISTES<br \/>\nMeng Su, guitare<br \/>\nYameng Wang, guitare<\/p>\n<p>PROGRAMME<br \/>\nSCARLATTI, Deux Sonates<br \/>\nGRANADOS,\u00a0<em>Valses Po\u00e9ticos<\/em><br \/>\nTan DUN,\u00a0<em>Eight Memories in Watercolor<\/em>, op. 1 (extraits)<br \/>\nWALTON, Cinq Bagatelles (extraits)<br \/>\nBARRIOS MANGOR\u00c9, <em>Mazurka apasionada<\/em> et <em>Contemplaci\u00f3n<\/em><br \/>\nChen YI, Nian Hua (Chinese New Year\u2019s Paintings)<br \/>\nALB\u00c9NIZ, <em>Bajo la Palmera<\/em> et <em>Castilla<\/em><br \/>\nRadam\u00e9s GNATTALI, Suite <em>Retratos<\/em> (extraits)<\/p>\n<p>Prix : 18.05$ &#8211; 33.92$<\/p>\n","protected":false},"excerpt":{"rendered":"<p>Tant en concert qu\u2019en studio, les musiciennes\u00a0du Beijing Guitar Duo \u00e9blouissent gr\u00e2ce \u00e0\u00a0une habilet\u00e9 et un sens artistique remarquables. Toutes deux laur\u00e9ates de prestigieux concours internationaux, elles ont notamment effectu\u00e9 une tourn\u00e9e d\u2019envergure avec le l\u00e9gendaire Manuel Barrueco. Le Duo se produit pour la premi\u00e8re fois \u00e0 Montr\u00e9al \u00e0 l\u2019occasion de ce r\u00e9cital des plus [&hellip;]<\/p>\n","protected":false},"author":1,"featured_media":56476,"comment_status":"open","ping_status":"closed","template":"","meta":{"om_disable_all_campaigns":false,"jetpack_post_was_ever_published":false},"tags":[],"tribe_events_cat":[5109,5902,5563],"acf":[],"jetpack_sharing_enabled":true,"_links":{"self":[{"href":"https:\/\/www.ludwig-van.com\/montreal\/wp-json\/wp\/v2\/tribe_events\/56484"}],"collection":[{"href":"https:\/\/www.ludwig-van.com\/montreal\/wp-json\/wp\/v2\/tribe_events"}],"about":[{"href":"https:\/\/www.ludwig-van.com\/montreal\/wp-json\/wp\/v2\/types\/tribe_events"}],"author":[{"embeddable":true,"href":"https:\/\/www.ludwig-van.com\/montreal\/wp-json\/wp\/v2\/users\/1"}],"replies":[{"embeddable":true,"href":"https:\/\/www.ludwig-van.com\/montreal\/wp-json\/wp\/v2\/comments?post=56484"}],"version-history":[{"count":1,"href":"https:\/\/www.ludwig-van.com\/montreal\/wp-json\/wp\/v2\/tribe_events\/56484\/revisions"}],"predecessor-version":[{"id":56485,"href":"https:\/\/www.ludwig-van.com\/montreal\/wp-json\/wp\/v2\/tribe_events\/56484\/revisions\/56485"}],"wp:featuredmedia":[{"embeddable":true,"href":"https:\/\/www.ludwig-van.com\/montreal\/wp-json\/wp\/v2\/media\/56476"}],"wp:attachment":[{"href":"https:\/\/www.ludwig-van.com\/montreal\/wp-json\/wp\/v2\/media?parent=56484"}],"wp:term":[{"taxonomy":"post_tag","embeddable":true,"href":"https:\/\/www.ludwig-van.com\/montreal\/wp-json\/wp\/v2\/tags?post=56484"},{"taxonomy":"tribe_events_cat","embeddable":true,"href":"https:\/\/www.ludwig-van.com\/montreal\/wp-json\/wp\/v2\/tribe_events_cat?post=56484"}],"curies":[{"name":"wp","href":"https:\/\/api.w.org\/{rel}","templated":true}]}}