{"id":56451,"date":"2018-09-18T14:32:39","date_gmt":"2018-09-18T18:32:39","guid":{"rendered":"https:\/\/www.ludwig-van.com\/montreal\/?post_type=tribe_events&#038;p=56451"},"modified":"2018-09-18T14:32:39","modified_gmt":"2018-09-18T18:32:39","slug":"vivier-viviermix-international","status":"publish","type":"tribe_events","link":"https:\/\/www.ludwig-van.com\/montreal\/event\/vivier-viviermix-international\/","title":{"rendered":"Le Vivier | VivierMix international"},"content":{"rendered":"<p>Dans le cadre de sa nouvelle <em>S\u00e9rie des partenaires internationaux<\/em> consacr\u00e9e cette saison \u00e0 la Belgique, Le Vivier s\u2019est associ\u00e9 au festival belge Ars Musica et au Forum des compositeurs de Wallonie, pour une s\u00e9rie de 6 commandes et r\u00e9sidences de cr\u00e9ation.<\/p>\n<p>PARTICIPANTS<\/p>\n<ul>\n<li>Marie-Annick B\u00e9liveau, voix<\/li>\n<li>Vincent Ranallo, voix<\/li>\n<li>Ensemble contemporain de Montr\u00e9al (ECM+)<\/li>\n<li>V\u00e9ronique Lacroix, chef<\/li>\n<li>+ ch\u0153ur m\u00e9tal, trio piano, violoncelle et percussions<\/li>\n<\/ul>\n<p>PROGRAMME<\/p>\n<ul>\n<li>Gabriel Dharmoo, <em>Wanmansho<\/em> (2015)<\/li>\n<li>Pierre-Luc Sen\u00e9cal, <em>The Dayking<\/em><br \/>\nAvec des \u0153uvres de Alice Hebborn, Stefan Hejdrowski , Sarah W\u00e9ry.<\/li>\n<\/ul>\n<p>La voix est \u00e0 l\u2019honneur dans ce concert tout \u00e0 fait exceptionnel. Il r\u00e9unit deux cr\u00e9ations pour voix des jeunes compositeurs belges Alice Hebborn et Stefan Hejdrowski, compos\u00e9es sp\u00e9cialement pour Marie-Annick B\u00e9liveau et l\u2019ensemble Erreur de type 27, dans le cadre de la r\u00e9sidence crois\u00e9e du Groupe Le Vivier et d\u2019Ars Musica. Le baryton Vincent Ranallo et l\u2019Ensemble contemporain de Montr\u00e9al (ECM+), nous plongerons au c\u0153ur du monde imaginaire du mythe de Shreu et Djonr et de ses rites pr\u00e9paratoires, pour une exp\u00e9rience musicale originale, avec l\u2019\u0153uvre <em>Wanmansho<\/em> de Gabriel Dharmoo. Ce sera \u00e9galement l\u2019occasion de c\u00e9l\u00e9brer la remise du Prix Jules-L\u00e9ger 2017, du Conseil des arts du Canada, \u00e0 Gabriel Dharmoo pour cette \u0153uvre \u00e9tonnante. Enfin Codes d\u2019acc\u00e8s, donne carte blanche \u00e0 Pierre-Luc Sen\u00e9cal, ainsi qu\u2019\u00e0 un ch\u0153ur de m\u00e9tal pour sa pi\u00e8ce <em>The Dayking<\/em>.<\/p>\n<p>R\u00e9gulier: 29,50$<br \/>\nA\u00een\u00e9: 18,00$<br \/>\n\u00c9tudiant: 18,00$<br \/>\nMembre Le Vivier: 18,00$<\/p>\n","protected":false},"excerpt":{"rendered":"<p>Dans le cadre de sa nouvelle S\u00e9rie des partenaires internationaux consacr\u00e9e cette saison \u00e0 la Belgique, Le Vivier s\u2019est associ\u00e9 au festival belge Ars Musica et au Forum des compositeurs de Wallonie, pour une s\u00e9rie de 6 commandes et r\u00e9sidences de cr\u00e9ation. PARTICIPANTS Marie-Annick B\u00e9liveau, voix Vincent Ranallo, voix Ensemble contemporain de Montr\u00e9al (ECM+) V\u00e9ronique [&hellip;]<\/p>\n","protected":false},"author":1,"featured_media":56384,"comment_status":"open","ping_status":"closed","template":"","meta":{"om_disable_all_campaigns":false,"jetpack_post_was_ever_published":false},"tags":[],"tribe_events_cat":[6109,5327,5027,5024,5050],"acf":[],"jetpack_sharing_enabled":true,"_links":{"self":[{"href":"https:\/\/www.ludwig-van.com\/montreal\/wp-json\/wp\/v2\/tribe_events\/56451"}],"collection":[{"href":"https:\/\/www.ludwig-van.com\/montreal\/wp-json\/wp\/v2\/tribe_events"}],"about":[{"href":"https:\/\/www.ludwig-van.com\/montreal\/wp-json\/wp\/v2\/types\/tribe_events"}],"author":[{"embeddable":true,"href":"https:\/\/www.ludwig-van.com\/montreal\/wp-json\/wp\/v2\/users\/1"}],"replies":[{"embeddable":true,"href":"https:\/\/www.ludwig-van.com\/montreal\/wp-json\/wp\/v2\/comments?post=56451"}],"version-history":[{"count":1,"href":"https:\/\/www.ludwig-van.com\/montreal\/wp-json\/wp\/v2\/tribe_events\/56451\/revisions"}],"predecessor-version":[{"id":56452,"href":"https:\/\/www.ludwig-van.com\/montreal\/wp-json\/wp\/v2\/tribe_events\/56451\/revisions\/56452"}],"wp:featuredmedia":[{"embeddable":true,"href":"https:\/\/www.ludwig-van.com\/montreal\/wp-json\/wp\/v2\/media\/56384"}],"wp:attachment":[{"href":"https:\/\/www.ludwig-van.com\/montreal\/wp-json\/wp\/v2\/media?parent=56451"}],"wp:term":[{"taxonomy":"post_tag","embeddable":true,"href":"https:\/\/www.ludwig-van.com\/montreal\/wp-json\/wp\/v2\/tags?post=56451"},{"taxonomy":"tribe_events_cat","embeddable":true,"href":"https:\/\/www.ludwig-van.com\/montreal\/wp-json\/wp\/v2\/tribe_events_cat?post=56451"}],"curies":[{"name":"wp","href":"https:\/\/api.w.org\/{rel}","templated":true}]}}