{"id":56164,"date":"2018-09-01T17:02:37","date_gmt":"2018-09-01T21:02:37","guid":{"rendered":"https:\/\/www.ludwig-van.com\/montreal\/?post_type=tribe_events&#038;p=56164"},"modified":"2018-09-01T17:02:37","modified_gmt":"2018-09-01T21:02:37","slug":"i-musici-lessence-dune-femme","status":"publish","type":"tribe_events","link":"https:\/\/www.ludwig-van.com\/montreal\/event\/i-musici-lessence-dune-femme\/","title":{"rendered":"I Musici | L&rsquo;essence d&rsquo;une femme"},"content":{"rendered":"<p>En ouverture de saison, nous vous proposons un voyage ardent au coeur de l\u2019identit\u00e9 f\u00e9minine. Des portraits musicaux de femmes \u00e0 la fois fortes, compatissantes, d\u00e9termin\u00e9es, gracieuses, r\u00e9silientes et aimantes, port\u00e9s par la narration d\u2019Anne-Marie Cadieux et vingt des plus belles voix f\u00e9minines d\u2019ici. Un floril\u00e8ge d\u2019oeuvres allant de Hildegard von Bingen \u00e0 Ana Sokolovic qui suscitera \u00e9motion et r\u00e9flexion.<\/p>\n<p>Extraits d\u2019oeuvres d\u2019Hildegard von Bingen, Ana Sokolovic, Debussy,\u00a0Lili Boulanger, Respighi, Berlioz, Britten, Vivaldi, Clara et Robert\u00a0Schumann ainsi qu\u2019une cr\u00e9ation d\u2019\u00c9ric Champagne.<\/p>\n<p>Anne-Marie Cadieux<br \/>\nNARRATRICE<\/p>\n<p>Mireille Lebel<br \/>\nMEZZO-SOPRANO<\/p>\n<p>France Bellemare<br \/>\nSOPRANO<\/p>\n<p>C\u00e9cile Muhire<br \/>\nSOPRANO<\/p>\n<p>Aline Kutan<br \/>\nSOPRANO<\/p>\n<p>Florence Bourget<br \/>\nMEZZO-SOPRANO<\/p>\n<p>H\u00e9l\u00e8ne Delalande<br \/>\nMEZZO-SOPRANO<\/p>\n<p>Membres du Choeur de chambre Schulich<br \/>\nJean-S\u00e9bastien Vall\u00e9e*<br \/>\nCHEF DE CHOEUR<\/p>\n<p>Jean-Marie Zeitouni<br \/>\nCHEF D\u2019ORCHESTRE<\/p>\n<p>*Pr\u00e9paration du choeur<\/p>\n<p>Une collaboration avec l\u2019\u00c9cole de musique Schulich de l\u2019Universit\u00e9 McGill.<\/p>\n<p><strong>S\u00c9RIE I GRANDI CONCERTI<\/strong><br \/>\nI Musici de Montr\u00e9al s\u2019enflamme et se d\u00e9ploie dans le cadre de concerts grandioses sous la direction de Jean-Marie Zeitouni. En formation \u00e9largie, la sonorit\u00e9 riche et s\u00e9duisante de l\u2019orchestre envahit la Maison symphonique et la Salle Bourgie du Mus\u00e9e des beaux-arts de Montr\u00e9al. Partageant la sc\u00e8ne avec des invit\u00e9s de haut vol, I Musici vous fait d\u00e9couvrir ou red\u00e9couvrir les grands classiques tout en r\u00e9v\u00e9lant des tr\u00e9sors cach\u00e9s du r\u00e9pertoire. Fougue et grandeur vous attendent.<\/p>\n<p>Les concerts sont d\u2019une dur\u00e9e de 90 \u00e0 120 minutes en incluant un entracte de 20 minutes.<\/p>\n","protected":false},"excerpt":{"rendered":"<p>En ouverture de saison, nous vous proposons un voyage ardent au coeur de l\u2019identit\u00e9 f\u00e9minine. Des portraits musicaux de femmes \u00e0 la fois fortes, compatissantes, d\u00e9termin\u00e9es, gracieuses, r\u00e9silientes et aimantes, port\u00e9s par la narration d\u2019Anne-Marie Cadieux et vingt des plus belles voix f\u00e9minines d\u2019ici. Un floril\u00e8ge d\u2019oeuvres allant de Hildegard von Bingen \u00e0 Ana Sokolovic [&hellip;]<\/p>\n","protected":false},"author":1,"featured_media":56161,"comment_status":"open","ping_status":"closed","template":"","meta":{"om_disable_all_campaigns":false,"jetpack_post_was_ever_published":false},"tags":[],"tribe_events_cat":[5052,5050],"acf":[],"jetpack_sharing_enabled":true,"_links":{"self":[{"href":"https:\/\/www.ludwig-van.com\/montreal\/wp-json\/wp\/v2\/tribe_events\/56164"}],"collection":[{"href":"https:\/\/www.ludwig-van.com\/montreal\/wp-json\/wp\/v2\/tribe_events"}],"about":[{"href":"https:\/\/www.ludwig-van.com\/montreal\/wp-json\/wp\/v2\/types\/tribe_events"}],"author":[{"embeddable":true,"href":"https:\/\/www.ludwig-van.com\/montreal\/wp-json\/wp\/v2\/users\/1"}],"replies":[{"embeddable":true,"href":"https:\/\/www.ludwig-van.com\/montreal\/wp-json\/wp\/v2\/comments?post=56164"}],"version-history":[{"count":1,"href":"https:\/\/www.ludwig-van.com\/montreal\/wp-json\/wp\/v2\/tribe_events\/56164\/revisions"}],"predecessor-version":[{"id":56165,"href":"https:\/\/www.ludwig-van.com\/montreal\/wp-json\/wp\/v2\/tribe_events\/56164\/revisions\/56165"}],"wp:featuredmedia":[{"embeddable":true,"href":"https:\/\/www.ludwig-van.com\/montreal\/wp-json\/wp\/v2\/media\/56161"}],"wp:attachment":[{"href":"https:\/\/www.ludwig-van.com\/montreal\/wp-json\/wp\/v2\/media?parent=56164"}],"wp:term":[{"taxonomy":"post_tag","embeddable":true,"href":"https:\/\/www.ludwig-van.com\/montreal\/wp-json\/wp\/v2\/tags?post=56164"},{"taxonomy":"tribe_events_cat","embeddable":true,"href":"https:\/\/www.ludwig-van.com\/montreal\/wp-json\/wp\/v2\/tribe_events_cat?post=56164"}],"curies":[{"name":"wp","href":"https:\/\/api.w.org\/{rel}","templated":true}]}}