{"id":55777,"date":"2018-08-01T19:16:16","date_gmt":"2018-08-01T23:16:16","guid":{"rendered":"https:\/\/www.ludwig-van.com\/montreal\/?post_type=tribe_events&#038;p=55777"},"modified":"2018-08-01T19:16:16","modified_gmt":"2018-08-01T23:16:16","slug":"orchestre-metropolitain-beethoven-retentissant","status":"publish","type":"tribe_events","link":"https:\/\/www.ludwig-van.com\/montreal\/event\/orchestre-metropolitain-beethoven-retentissant\/","title":{"rendered":"Orchestre M\u00e9tropolitain | Beethoven retentissant"},"content":{"rendered":"<p>Nicolas Ellis, ce jeune chef \u00e0 l\u2019avenir des plus prometteurs que l\u2019Orchestre accueille \u00e0 titre partenaire artistique, dirige un concert o\u00f9 l\u2019incontournable Beethoven est \u00e0 l\u2019honneur. L\u2019expressive <em>Ouverture L\u00e9onore III<\/em> est si convaincante qu\u2019elle est souvent jou\u00e9e sans l\u2019op\u00e9ra <em>Fidelio<\/em> qu\u2019elle devait accompagner, et la <em>Symphonie no 4<\/em> marque par sa beaut\u00e9 et son \u00e9criture raffin\u00e9e. De retour \u00e0 l\u2019OM apr\u00e8s un s\u00e9jour \u00e0 l\u2019Orchestre philharmonique de Los Angeles, le trompettiste St\u00e9phane Beaulac cr\u00e9e le <em>Concerto pour trompette<\/em> de la Montr\u00e9alaise d\u2019adoption Stacey Brown, avec qui l\u2019Orchestre a d\u00e9j\u00e0 collabor\u00e9 et dont la musique a charm\u00e9 musiciens et public.<\/p>\n<p>Pr\u00e9sent\u00e9 dans le cadre du projet Artistes \u00e9mergents RBC<\/p>\n<p>CHEF &amp; COLLABORATEUR ARTISTIQUE<br \/>\nNicolas Ellis<\/p>\n<p>TROMPETTE<br \/>\nSt\u00e9phane Beaulac<\/p>\n<p>OEUVRES<br \/>\nBEETHOVEN, Ouverture L\u00e9onore III<br \/>\nS. BROWN, Concerto pour trompette (cr\u00e9ation)<br \/>\nBEETHOVEN, Symphonie no 4<\/p>\n","protected":false},"excerpt":{"rendered":"<p>Nicolas Ellis, ce jeune chef \u00e0 l\u2019avenir des plus prometteurs que l\u2019Orchestre accueille \u00e0 titre partenaire artistique, dirige un concert o\u00f9 l\u2019incontournable Beethoven est \u00e0 l\u2019honneur. L\u2019expressive Ouverture L\u00e9onore III est si convaincante qu\u2019elle est souvent jou\u00e9e sans l\u2019op\u00e9ra Fidelio qu\u2019elle devait accompagner, et la Symphonie no 4 marque par sa beaut\u00e9 et son \u00e9criture [&hellip;]<\/p>\n","protected":false},"author":1,"featured_media":55780,"comment_status":"open","ping_status":"closed","template":"","meta":{"om_disable_all_campaigns":false,"jetpack_post_was_ever_published":false},"tags":[],"tribe_events_cat":[6487],"acf":[],"jetpack_sharing_enabled":true,"_links":{"self":[{"href":"https:\/\/www.ludwig-van.com\/montreal\/wp-json\/wp\/v2\/tribe_events\/55777"}],"collection":[{"href":"https:\/\/www.ludwig-van.com\/montreal\/wp-json\/wp\/v2\/tribe_events"}],"about":[{"href":"https:\/\/www.ludwig-van.com\/montreal\/wp-json\/wp\/v2\/types\/tribe_events"}],"author":[{"embeddable":true,"href":"https:\/\/www.ludwig-van.com\/montreal\/wp-json\/wp\/v2\/users\/1"}],"replies":[{"embeddable":true,"href":"https:\/\/www.ludwig-van.com\/montreal\/wp-json\/wp\/v2\/comments?post=55777"}],"version-history":[{"count":1,"href":"https:\/\/www.ludwig-van.com\/montreal\/wp-json\/wp\/v2\/tribe_events\/55777\/revisions"}],"predecessor-version":[{"id":55781,"href":"https:\/\/www.ludwig-van.com\/montreal\/wp-json\/wp\/v2\/tribe_events\/55777\/revisions\/55781"}],"wp:featuredmedia":[{"embeddable":true,"href":"https:\/\/www.ludwig-van.com\/montreal\/wp-json\/wp\/v2\/media\/55780"}],"wp:attachment":[{"href":"https:\/\/www.ludwig-van.com\/montreal\/wp-json\/wp\/v2\/media?parent=55777"}],"wp:term":[{"taxonomy":"post_tag","embeddable":true,"href":"https:\/\/www.ludwig-van.com\/montreal\/wp-json\/wp\/v2\/tags?post=55777"},{"taxonomy":"tribe_events_cat","embeddable":true,"href":"https:\/\/www.ludwig-van.com\/montreal\/wp-json\/wp\/v2\/tribe_events_cat?post=55777"}],"curies":[{"name":"wp","href":"https:\/\/api.w.org\/{rel}","templated":true}]}}