{"id":55733,"date":"2018-07-30T20:00:35","date_gmt":"2018-07-31T00:00:35","guid":{"rendered":"https:\/\/www.ludwig-van.com\/montreal\/?post_type=tribe_events&#038;p=55733"},"modified":"2018-07-30T20:26:43","modified_gmt":"2018-07-31T00:26:43","slug":"orchestre-metropolitain-airs-de-jeunesse-musique-cinema","status":"publish","type":"tribe_events","link":"https:\/\/www.ludwig-van.com\/montreal\/event\/orchestre-metropolitain-airs-de-jeunesse-musique-cinema\/","title":{"rendered":"Orchestre M\u00e9tropolitain | Airs de jeunesse : La musique au cin\u00e9ma"},"content":{"rendered":"<p>Comme le balai de l\u2019<em>Apprenti sorcier<\/em> de Dukas, l\u2019OM s\u2019anime sous la baguette de Nicolas Ellis dans un programme sous l\u2019enseigne du cin\u00e9ma. <em>L\u2019Ouverture de Guillaume Tell<\/em> de Rossini nous emm\u00e8ne en cavalcade \u00e0 travers les Alpes suisses, et les f\u00e9es nous guident dans la suite <em>La Belle au bois dormant<\/em> de Tcha\u00efkovski. L\u2019ambiance se fait plus grave tandis que le hautbois de Mathias Leclerc fait r\u00e9sonner la m\u00e9lodie du <em>Hautbois de Gabriel<\/em> d\u2019Ennio Morricone et que le violon d\u2019Eva Lesage plonge dans la m\u00e9lancolie du th\u00e8me de <em>Schindler\u2019s List<\/em> de John Williams. L\u2019aube se l\u00e8ve ensuite avec des extraits de la suite <em>Peer Gynt<\/em>, et l\u2019on p\u00e9n\u00e8tre dans l\u2019antre \u00e9trangement familier du roi de la montagne.<\/p>\n<p>Pr\u00e9sent\u00e9 dans le cadre du projet Artistes \u00e9mergents RBC<\/p>\n<p>CHEF &amp; COLLABORATEUR ARTISTIQUE<br \/>\nNicolas Ellis<\/p>\n<p>PARRAIN D\u2019HONNEUR DE LA 10E \u00c9DITION<br \/>\nSt\u00e9phane T\u00e9treault<\/p>\n<p>VIOLON<br \/>\nEva Lesage<\/p>\n<p>HAUTBOIS<br \/>\nMathias Leclerc<\/p>\n<p>SOPRANO<br \/>\nCatherine St-Arnaud<\/p>\n<p>OEUVRES<br \/>\nROSSINI, Guillaume Tell, ouverture<br \/>\nDUKAS, L\u2019Apprenti sorcier<br \/>\n*TCHA\u00cfKOVSKI, La Belle au bois dormant, valse<br \/>\nMORRICONE, Gabriel\u2019s Oboe<br \/>\nWILLIAMS, La Liste de Schindler, th\u00e8me principal<br \/>\nGOUNOD, Faust : Air des bijoux<br \/>\n*GRIEG, Peer Gynt : Au matin \u2013 Dans l\u2019antre du roi de la montagne<br \/>\n* Pr\u00e9sent\u00e9 \u00e0 la Maison symphonique seulement<\/p>\n","protected":false},"excerpt":{"rendered":"<p>Comme le balai de l\u2019Apprenti sorcier de Dukas, l\u2019OM s\u2019anime sous la baguette de Nicolas Ellis dans un programme sous l\u2019enseigne du cin\u00e9ma. L\u2019Ouverture de Guillaume Tell de Rossini nous emm\u00e8ne en cavalcade \u00e0 travers les Alpes suisses, et les f\u00e9es nous guident dans la suite La Belle au bois dormant de Tcha\u00efkovski. L\u2019ambiance se [&hellip;]<\/p>\n","protected":false},"author":1,"featured_media":55313,"comment_status":"open","ping_status":"closed","template":"","meta":{"om_disable_all_campaigns":false,"jetpack_post_was_ever_published":false},"tags":[],"tribe_events_cat":[6139,6487,6476,5050],"acf":[],"jetpack_sharing_enabled":true,"_links":{"self":[{"href":"https:\/\/www.ludwig-van.com\/montreal\/wp-json\/wp\/v2\/tribe_events\/55733"}],"collection":[{"href":"https:\/\/www.ludwig-van.com\/montreal\/wp-json\/wp\/v2\/tribe_events"}],"about":[{"href":"https:\/\/www.ludwig-van.com\/montreal\/wp-json\/wp\/v2\/types\/tribe_events"}],"author":[{"embeddable":true,"href":"https:\/\/www.ludwig-van.com\/montreal\/wp-json\/wp\/v2\/users\/1"}],"replies":[{"embeddable":true,"href":"https:\/\/www.ludwig-van.com\/montreal\/wp-json\/wp\/v2\/comments?post=55733"}],"version-history":[{"count":1,"href":"https:\/\/www.ludwig-van.com\/montreal\/wp-json\/wp\/v2\/tribe_events\/55733\/revisions"}],"predecessor-version":[{"id":55737,"href":"https:\/\/www.ludwig-van.com\/montreal\/wp-json\/wp\/v2\/tribe_events\/55733\/revisions\/55737"}],"wp:featuredmedia":[{"embeddable":true,"href":"https:\/\/www.ludwig-van.com\/montreal\/wp-json\/wp\/v2\/media\/55313"}],"wp:attachment":[{"href":"https:\/\/www.ludwig-van.com\/montreal\/wp-json\/wp\/v2\/media?parent=55733"}],"wp:term":[{"taxonomy":"post_tag","embeddable":true,"href":"https:\/\/www.ludwig-van.com\/montreal\/wp-json\/wp\/v2\/tags?post=55733"},{"taxonomy":"tribe_events_cat","embeddable":true,"href":"https:\/\/www.ludwig-van.com\/montreal\/wp-json\/wp\/v2\/tribe_events_cat?post=55733"}],"curies":[{"name":"wp","href":"https:\/\/api.w.org\/{rel}","templated":true}]}}