{"id":55631,"date":"2018-07-25T16:13:39","date_gmt":"2018-07-25T20:13:39","guid":{"rendered":"https:\/\/www.ludwig-van.com\/montreal\/?post_type=tribe_events&#038;p=55631"},"modified":"2018-07-25T16:13:39","modified_gmt":"2018-07-25T20:13:39","slug":"orchestre-metropolitain-kerson-leong-reveries","status":"publish","type":"tribe_events","link":"https:\/\/www.ludwig-van.com\/montreal\/event\/orchestre-metropolitain-kerson-leong-reveries\/","title":{"rendered":"Orchestre M\u00e9tropolitain | Kerson Leong : R\u00eaveries"},"content":{"rendered":"<p>Quoi de plus po\u00e9tique et \u00e9vocateur que le Pr\u00e9lude \u00e0 l\u2019apr\u00e8s-midi d\u2019un faune de Debussy ! Inspir\u00e9e par un po\u00e8me de Mallarm\u00e9 \u00e9voquant un moment dans la vie d\u2019un faune, la pi\u00e8ce envo\u00fbte d\u00e8s les premi\u00e8res notes de fl\u00fbte solo par l\u2019attrait de sa m\u00e9lodie, mais surtout par les couleurs d\u00e9licates et puissantes qu\u2019elle d\u00e9ploie. Le lyrique et luxuriant Concerto pour violon de Korngold prend vie sous l\u2019archet du violoniste Kerson Leong, que l\u2019Orchestre accueille \u00e0 titre de soliste en r\u00e9sidence. Kensho Watanabe, chef assistant \u00e0 l\u2019Orchestre de Philadelphie, dirige ce programme compl\u00e9t\u00e9 par la Symphonie no 1 de Chostakovitch, l\u2019une des plus raffin\u00e9es du compositeur.<\/p>\n<p>Pr\u00e9sent\u00e9 dans le cadre du projet Artistes \u00e9mergents RBC<\/p>\n<p>CHEF<br \/>\nKensho Watanabe<\/p>\n<p>VIOLON-SOLISTE EN R\u00c9SIDENCE<br \/>\nKerson Leong<\/p>\n<p>OEUVRES<br \/>\nDEBUSSY, Pr\u00e9lude \u00e0 l\u2019apr\u00e8s-midi d&rsquo;un faune<br \/>\nKORNGOLD, Concerto pour violon<br \/>\nRAVEL, Le Tombeau de Couperin<br \/>\nCHOSTAKOVITCH, Symphonie no 1<\/p>\n","protected":false},"excerpt":{"rendered":"<p>Quoi de plus po\u00e9tique et \u00e9vocateur que le Pr\u00e9lude \u00e0 l\u2019apr\u00e8s-midi d\u2019un faune de Debussy ! Inspir\u00e9e par un po\u00e8me de Mallarm\u00e9 \u00e9voquant un moment dans la vie d\u2019un faune, la pi\u00e8ce envo\u00fbte d\u00e8s les premi\u00e8res notes de fl\u00fbte solo par l\u2019attrait de sa m\u00e9lodie, mais surtout par les couleurs d\u00e9licates et puissantes qu\u2019elle d\u00e9ploie. [&hellip;]<\/p>\n","protected":false},"author":1,"featured_media":52247,"comment_status":"open","ping_status":"closed","template":"","meta":{"om_disable_all_campaigns":false,"jetpack_post_was_ever_published":false},"tags":[],"tribe_events_cat":[6487,6476],"acf":[],"jetpack_sharing_enabled":true,"_links":{"self":[{"href":"https:\/\/www.ludwig-van.com\/montreal\/wp-json\/wp\/v2\/tribe_events\/55631"}],"collection":[{"href":"https:\/\/www.ludwig-van.com\/montreal\/wp-json\/wp\/v2\/tribe_events"}],"about":[{"href":"https:\/\/www.ludwig-van.com\/montreal\/wp-json\/wp\/v2\/types\/tribe_events"}],"author":[{"embeddable":true,"href":"https:\/\/www.ludwig-van.com\/montreal\/wp-json\/wp\/v2\/users\/1"}],"replies":[{"embeddable":true,"href":"https:\/\/www.ludwig-van.com\/montreal\/wp-json\/wp\/v2\/comments?post=55631"}],"version-history":[{"count":1,"href":"https:\/\/www.ludwig-van.com\/montreal\/wp-json\/wp\/v2\/tribe_events\/55631\/revisions"}],"predecessor-version":[{"id":55633,"href":"https:\/\/www.ludwig-van.com\/montreal\/wp-json\/wp\/v2\/tribe_events\/55631\/revisions\/55633"}],"wp:featuredmedia":[{"embeddable":true,"href":"https:\/\/www.ludwig-van.com\/montreal\/wp-json\/wp\/v2\/media\/52247"}],"wp:attachment":[{"href":"https:\/\/www.ludwig-van.com\/montreal\/wp-json\/wp\/v2\/media?parent=55631"}],"wp:term":[{"taxonomy":"post_tag","embeddable":true,"href":"https:\/\/www.ludwig-van.com\/montreal\/wp-json\/wp\/v2\/tags?post=55631"},{"taxonomy":"tribe_events_cat","embeddable":true,"href":"https:\/\/www.ludwig-van.com\/montreal\/wp-json\/wp\/v2\/tribe_events_cat?post=55631"}],"curies":[{"name":"wp","href":"https:\/\/api.w.org\/{rel}","templated":true}]}}