{"id":55329,"date":"2018-07-10T22:59:12","date_gmt":"2018-07-11T02:59:12","guid":{"rendered":"https:\/\/www.ludwig-van.com\/montreal\/?post_type=tribe_events&#038;p=55329"},"modified":"2018-07-10T22:59:12","modified_gmt":"2018-07-11T02:59:12","slug":"ahuntsic-fugue-obac-grand-concert-dorchestre-exterieur-gratuit","status":"publish","type":"tribe_events","link":"https:\/\/www.ludwig-van.com\/montreal\/event\/ahuntsic-fugue-obac-grand-concert-dorchestre-exterieur-gratuit\/","title":{"rendered":"Ahuntsic en fugue | OBAC &#8211; Grand concert d&rsquo;orchestre ext\u00e9rieur gratuit"},"content":{"rendered":"<p>L\u2019OBAC (Orchestre des Berges d&rsquo;Ahuntsic-Cartierville) est un orchestre \u00e9ph\u00e9m\u00e8re qui, une fois par an, r\u00e9unira des musiciens professionnels \u00e9tablis, des musiciens professionnels de la rel\u00e8ve et des solistes reconnus, afin d\u2019offrir gratuitement \u00e0 la population d\u2019Ahuntsic-Cartierville un grand concert de musique classique sur les berges de l\u2019arrondissement. Ce projet culturel novateur vise \u00e0 d\u00e9mocratiser l\u2019acc\u00e8s \u00e0 la musique, aux grandes oeuvres du r\u00e9pertoire, classiques, modernes et contemporaines. De plus, en alliant la sonorit\u00e9 des plus grands compositeurs d\u2019ici et d\u2019ailleurs aux magnifiques paysages riverains du Parcours Gouin, l\u2019OBAC permettra \u00e0 la population d\u2019Ahuntsic et des environs de d\u00e9couvrir le patrimoine environnemental de leur arrondissement sous un angle nouveau.<\/p>\n<p>Pour la premi\u00e8re \u00e9dition, le parc-nature de l\u2019\u00cele-de-la-Visitation accueillera l\u2019OBAC dans la soir\u00e9e du dimanche 12 ao\u00fbt, sous la direction de Mathieu Gaudet. Le public y entendra entre autres des \u0153uvres de Bach, Handel, Vivaldi, Dvo\u0159\u00e1k, Tavakol ainsi que l\u2019Hymne \u00e0 l\u2019arrondissement cr\u00e9\u00e9 \u00e0 l\u2019occasion du 375e anniversaire de Montr\u00e9al. En cas de mauvais temps, le concert sera pr\u00e9sent\u00e9 \u00e0 l\u2019\u00e9glise Saint-Paul-de-la-Croix.<\/p>\n<p class=\"obac aos-init aos-animate\" data-aos=\"fade-up\" data-aos-duration=\"1500\">Programmation du concert gratuit<\/p>\n<p>Kiya TABASSIAN (1976- ) &#8211; arr. Fran\u00e7ois VALLI\u00c8RES : Hymne \u00e0 l\u2019arrondissement \u00abM\u00e9moires d\u2019Ahuntsic\u00bb (2017)<\/p>\n<p>Johann Sebastian BACH (1685-1750) &#8211; arr. Mathieu GAUDET : Choral BWV 659 : Viens, Sauveur des pa\u00efens (circa 1714)<\/p>\n<p>Nino ROTA (1911-1979) : Concerto pour cordes (1965)<br \/>\nI: Pr\u00e9lude \u2014 Allegro ben moderato<br \/>\nII: Scherzo \u2014 Allegretto comodo<\/p>\n<p>Nino ROTA (1911-1979) &#8211; arr. Matthew NAUGHTIN : Th\u00e8me du film Rom\u00e9o et Juliette (1968)<\/p>\n<p>Antonin DVORAK (1841-1904) : S\u00e9r\u00e9nade pour cordes opus 22 (1875)<br \/>\nI: Moderato<br \/>\nIV: Larghetto<br \/>\nV: Finale \u2014 Allegro vivace<\/p>\n<p>Georg Friedrich H\u00c4NDEL (1685-1759) : 2 airs d\u2019op\u00e9ra<br \/>\nTornami a vagheggiar \u2014 tir\u00e9 d\u2019Alcina (1735)<br \/>\nLascia ch&rsquo;io pianga \u2014 tir\u00e9 de Rinaldo (1711)<\/p>\n<p>Gerald FINZI (1901-1956) : Romance pour cordes opus 11, en Mi b majeur (1928)<\/p>\n<p>Showan TAVAKOL : Le sifflet du Ph\u00e9nix (2018)<\/p>\n<p>Antonio VIVALDI (1678-1741) : Concerto pour violon en sol mineur RV 315 : \u00abl\u2019\u00c9t\u00e9\u00bb<br \/>\nI: Allegro non molto<br \/>\nII: Adagio<br \/>\nIII: Presto<\/p>\n","protected":false},"excerpt":{"rendered":"<p>L\u2019OBAC (Orchestre des Berges d&rsquo;Ahuntsic-Cartierville) est un orchestre \u00e9ph\u00e9m\u00e8re qui, une fois par an, r\u00e9unira des musiciens professionnels \u00e9tablis, des musiciens professionnels de la rel\u00e8ve et des solistes reconnus, afin d\u2019offrir gratuitement \u00e0 la population d\u2019Ahuntsic-Cartierville un grand concert de musique classique sur les berges de l\u2019arrondissement. Ce projet culturel novateur vise \u00e0 d\u00e9mocratiser l\u2019acc\u00e8s [&hellip;]<\/p>\n","protected":false},"author":1,"featured_media":55330,"comment_status":"open","ping_status":"closed","template":"","meta":{"om_disable_all_campaigns":false,"jetpack_post_was_ever_published":false},"tags":[],"tribe_events_cat":[5052,5513,6487,5050],"acf":[],"jetpack_sharing_enabled":true,"_links":{"self":[{"href":"https:\/\/www.ludwig-van.com\/montreal\/wp-json\/wp\/v2\/tribe_events\/55329"}],"collection":[{"href":"https:\/\/www.ludwig-van.com\/montreal\/wp-json\/wp\/v2\/tribe_events"}],"about":[{"href":"https:\/\/www.ludwig-van.com\/montreal\/wp-json\/wp\/v2\/types\/tribe_events"}],"author":[{"embeddable":true,"href":"https:\/\/www.ludwig-van.com\/montreal\/wp-json\/wp\/v2\/users\/1"}],"replies":[{"embeddable":true,"href":"https:\/\/www.ludwig-van.com\/montreal\/wp-json\/wp\/v2\/comments?post=55329"}],"version-history":[{"count":1,"href":"https:\/\/www.ludwig-van.com\/montreal\/wp-json\/wp\/v2\/tribe_events\/55329\/revisions"}],"predecessor-version":[{"id":55332,"href":"https:\/\/www.ludwig-van.com\/montreal\/wp-json\/wp\/v2\/tribe_events\/55329\/revisions\/55332"}],"wp:featuredmedia":[{"embeddable":true,"href":"https:\/\/www.ludwig-van.com\/montreal\/wp-json\/wp\/v2\/media\/55330"}],"wp:attachment":[{"href":"https:\/\/www.ludwig-van.com\/montreal\/wp-json\/wp\/v2\/media?parent=55329"}],"wp:term":[{"taxonomy":"post_tag","embeddable":true,"href":"https:\/\/www.ludwig-van.com\/montreal\/wp-json\/wp\/v2\/tags?post=55329"},{"taxonomy":"tribe_events_cat","embeddable":true,"href":"https:\/\/www.ludwig-van.com\/montreal\/wp-json\/wp\/v2\/tribe_events_cat?post=55329"}],"curies":[{"name":"wp","href":"https:\/\/api.w.org\/{rel}","templated":true}]}}