{"id":55165,"date":"2018-07-02T16:04:34","date_gmt":"2018-07-02T20:04:34","guid":{"rendered":"https:\/\/www.ludwig-van.com\/montreal\/?post_type=tribe_events&#038;p=55165"},"modified":"2018-07-02T16:04:34","modified_gmt":"2018-07-02T20:04:34","slug":"orchestre-symphonique-de-quebec-festival-dopera-de-quebec-flute-enchantee-de-mozart","status":"publish","type":"tribe_events","link":"https:\/\/www.ludwig-van.com\/montreal\/event\/orchestre-symphonique-de-quebec-festival-dopera-de-quebec-flute-enchantee-de-mozart\/2018-07-31\/","title":{"rendered":"Orchestre symphonique de Qu\u00e9bec | Festival d&rsquo;op\u00e9ra de Qu\u00e9bec : La fl\u00fbte enchant\u00e9e de Mozart"},"content":{"rendered":"<p><em>La fl\u00fbte enchant\u00e9e<\/em>, chef-d\u2019\u0153uvre ultime de Mozart, est l\u2019un des op\u00e9ras les plus jou\u00e9s au monde. Une musique divine, une histoire magique remplie de rebondissements ont fait sa renomm\u00e9e aupr\u00e8s des jeunes et des moins jeunes depuis sa cr\u00e9ation en 1791. Le metteur en sc\u00e8ne qu\u00e9b\u00e9cois de r\u00e9putation internationale <strong>Robert Lepage<\/strong> signe ici sa premi\u00e8re mise en sc\u00e8ne de\u00a0<em>La fl\u00fbte<\/em>\u00a0avec tout le talent, l\u2019esprit et l\u2019inventivit\u00e9 qu\u2019on lui conna\u00eet. Parions que l\u2019univers fantastique de cet op\u00e9ra a su lui inspirer plus d\u2019une id\u00e9e novatrice qui aurait certainement plu au g\u00e9nie de Salzbourg.<\/p>\n<p class=\"p1\"><strong><span class=\"s1\">Musique : Wolfgang Amadeus Mozart<br \/>\nLivret : Emanuel Schikaneder<\/span><\/strong><\/p>\n<p>Chant\u00e9 en allemand avec surtitres fran\u00e7ais et anglais.<\/p>\n<p class=\"p1\"><span class=\"s1\">Dur\u00e9e (estim\u00e9e)\u00a0: 2 h 50 avec un entracte.<\/span><\/p>\n","protected":false},"excerpt":{"rendered":"<p>La fl\u00fbte enchant\u00e9e, chef-d\u2019\u0153uvre ultime de Mozart, est l\u2019un des op\u00e9ras les plus jou\u00e9s au monde. Une musique divine, une histoire magique remplie de rebondissements ont fait sa renomm\u00e9e aupr\u00e8s des jeunes et des moins jeunes depuis sa cr\u00e9ation en 1791. Le metteur en sc\u00e8ne qu\u00e9b\u00e9cois de r\u00e9putation internationale Robert Lepage signe ici sa premi\u00e8re [&hellip;]<\/p>\n","protected":false},"author":1,"featured_media":55166,"comment_status":"open","ping_status":"closed","template":"","meta":{"om_disable_all_campaigns":false,"jetpack_post_was_ever_published":false},"tags":[],"tribe_events_cat":[5513,4992,6487,5050],"acf":[],"jetpack_sharing_enabled":true,"_links":{"self":[{"href":"https:\/\/www.ludwig-van.com\/montreal\/wp-json\/wp\/v2\/tribe_events\/55165"}],"collection":[{"href":"https:\/\/www.ludwig-van.com\/montreal\/wp-json\/wp\/v2\/tribe_events"}],"about":[{"href":"https:\/\/www.ludwig-van.com\/montreal\/wp-json\/wp\/v2\/types\/tribe_events"}],"author":[{"embeddable":true,"href":"https:\/\/www.ludwig-van.com\/montreal\/wp-json\/wp\/v2\/users\/1"}],"replies":[{"embeddable":true,"href":"https:\/\/www.ludwig-van.com\/montreal\/wp-json\/wp\/v2\/comments?post=55165"}],"version-history":[{"count":1,"href":"https:\/\/www.ludwig-van.com\/montreal\/wp-json\/wp\/v2\/tribe_events\/55165\/revisions"}],"predecessor-version":[{"id":55167,"href":"https:\/\/www.ludwig-van.com\/montreal\/wp-json\/wp\/v2\/tribe_events\/55165\/revisions\/55167"}],"wp:featuredmedia":[{"embeddable":true,"href":"https:\/\/www.ludwig-van.com\/montreal\/wp-json\/wp\/v2\/media\/55166"}],"wp:attachment":[{"href":"https:\/\/www.ludwig-van.com\/montreal\/wp-json\/wp\/v2\/media?parent=55165"}],"wp:term":[{"taxonomy":"post_tag","embeddable":true,"href":"https:\/\/www.ludwig-van.com\/montreal\/wp-json\/wp\/v2\/tags?post=55165"},{"taxonomy":"tribe_events_cat","embeddable":true,"href":"https:\/\/www.ludwig-van.com\/montreal\/wp-json\/wp\/v2\/tribe_events_cat?post=55165"}],"curies":[{"name":"wp","href":"https:\/\/api.w.org\/{rel}","templated":true}]}}