{"id":55032,"date":"2018-06-26T16:53:15","date_gmt":"2018-06-26T20:53:15","guid":{"rendered":"https:\/\/www.ludwig-van.com\/montreal\/?post_type=tribe_events&#038;p=55032"},"modified":"2018-06-26T16:53:15","modified_gmt":"2018-06-26T20:53:15","slug":"universite-de-montreal-cours-de-maitre-sherrill-milnes-baryton","status":"publish","type":"tribe_events","link":"https:\/\/www.ludwig-van.com\/montreal\/event\/universite-de-montreal-cours-de-maitre-sherrill-milnes-baryton\/","title":{"rendered":"Universit\u00e9 de Montr\u00e9al | Cours de ma\u00eetre Sherrill Milnes, baryton"},"content":{"rendered":"<p>Le baryton <strong>Sherrill Milnes<\/strong> a chant\u00e9 plus de 650 repr\u00e9sentations au Met et s\u2019est illustr\u00e9 dans les prestigieuses maisons du monde. Sa discographie consid\u00e9rable le fait entendre aux c\u00f4t\u00e9s des l\u00e9gendaires Caball\u00e9, Tebaldi, Sutherland, Sills, Horne, Leontyne Price, Domingo, Pavarotti et autres. En 2008, il a re\u00e7u le Opera News Award pour l&rsquo;ensemble de sa carri\u00e8re.<\/p>\n<p>Les cours de ma\u00eetre sont des occasions uniques de s\u2019immiscer dans l\u2019univers formidable de la p\u00e9dagogie et sur la relation singuli\u00e8re entre un professeur et son \u00e9l\u00e8ve. Elles permettront d\u2019entendre de trois \u00e0 cinq chanteurs qui interpr\u00e9teront quelques-uns des plus beaux airs du r\u00e9pertoire sous les conseils de p\u00e9dagogues parmi les plus respect\u00e9s sur la sc\u00e8ne lyrique.<\/p>\n<p>L\u2019Institut Canadien d\u2019Art Vocal, ICAV, tient annuellement \u00e0 Montr\u00e9al depuis 2004 un stage international de perfectionnement pour jeunes chanteurs d\u2019op\u00e9ra.\u00a0 ICAV a un double mandat. Il offre une formation de haut calibre aux meilleurs chanteurs de la rel\u00e8ve lyrique canadienne et internationale. Il pr\u00e9sente au public une programmation vari\u00e9e et captivante au Festival d\u2019Art Vocal de Montr\u00e9al, une dizaine d\u2019\u00e9v\u00e9nements brillamment pr\u00e9par\u00e9s, dont un op\u00e9ra mis en sc\u00e8ne. Cette ann\u00e9e, ce sera Cendrillon de Massenet.<\/p>\n<p>18 $ (r\u00e9gulier), 15 $ (a\u00een\u00e9s), 10 $ (\u00e9tudiants),<br \/>\nPasseport donnant acc\u00e8s \u00e0 tous les \u00e9v\u00e9nements : 125$<\/p>\n","protected":false},"excerpt":{"rendered":"<p>Le baryton Sherrill Milnes a chant\u00e9 plus de 650 repr\u00e9sentations au Met et s\u2019est illustr\u00e9 dans les prestigieuses maisons du monde. Sa discographie consid\u00e9rable le fait entendre aux c\u00f4t\u00e9s des l\u00e9gendaires Caball\u00e9, Tebaldi, Sutherland, Sills, Horne, Leontyne Price, Domingo, Pavarotti et autres. En 2008, il a re\u00e7u le Opera News Award pour l&rsquo;ensemble de sa [&hellip;]<\/p>\n","protected":false},"author":1,"featured_media":55033,"comment_status":"open","ping_status":"closed","template":"","meta":{"om_disable_all_campaigns":false,"jetpack_post_was_ever_published":false},"tags":[],"tribe_events_cat":[5512,5050],"acf":[],"jetpack_sharing_enabled":true,"_links":{"self":[{"href":"https:\/\/www.ludwig-van.com\/montreal\/wp-json\/wp\/v2\/tribe_events\/55032"}],"collection":[{"href":"https:\/\/www.ludwig-van.com\/montreal\/wp-json\/wp\/v2\/tribe_events"}],"about":[{"href":"https:\/\/www.ludwig-van.com\/montreal\/wp-json\/wp\/v2\/types\/tribe_events"}],"author":[{"embeddable":true,"href":"https:\/\/www.ludwig-van.com\/montreal\/wp-json\/wp\/v2\/users\/1"}],"replies":[{"embeddable":true,"href":"https:\/\/www.ludwig-van.com\/montreal\/wp-json\/wp\/v2\/comments?post=55032"}],"version-history":[{"count":1,"href":"https:\/\/www.ludwig-van.com\/montreal\/wp-json\/wp\/v2\/tribe_events\/55032\/revisions"}],"predecessor-version":[{"id":55034,"href":"https:\/\/www.ludwig-van.com\/montreal\/wp-json\/wp\/v2\/tribe_events\/55032\/revisions\/55034"}],"wp:featuredmedia":[{"embeddable":true,"href":"https:\/\/www.ludwig-van.com\/montreal\/wp-json\/wp\/v2\/media\/55033"}],"wp:attachment":[{"href":"https:\/\/www.ludwig-van.com\/montreal\/wp-json\/wp\/v2\/media?parent=55032"}],"wp:term":[{"taxonomy":"post_tag","embeddable":true,"href":"https:\/\/www.ludwig-van.com\/montreal\/wp-json\/wp\/v2\/tags?post=55032"},{"taxonomy":"tribe_events_cat","embeddable":true,"href":"https:\/\/www.ludwig-van.com\/montreal\/wp-json\/wp\/v2\/tribe_events_cat?post=55032"}],"curies":[{"name":"wp","href":"https:\/\/api.w.org\/{rel}","templated":true}]}}