{"id":54576,"date":"2018-06-01T16:02:36","date_gmt":"2018-06-01T20:02:36","guid":{"rendered":"https:\/\/www.ludwig-van.com\/montreal\/?post_type=tribe_events&#038;p=54576"},"modified":"2018-06-01T16:02:36","modified_gmt":"2018-06-01T20:02:36","slug":"cammac-soiree-intimiste-natalie-choquette-diva-samuse","status":"publish","type":"tribe_events","link":"https:\/\/www.ludwig-van.com\/montreal\/event\/cammac-soiree-intimiste-natalie-choquette-diva-samuse\/","title":{"rendered":"CAMMAC | Une soir\u00e9e intimiste avec Natalie Choquette: La Diva s&rsquo;amuse!"},"content":{"rendered":"<p>Joignez-vous \u00e0 CAMMAC pour une soir\u00e9e inoubliable et intimiste avec la soprano <strong>Natalie Choquette<\/strong>, dans le cadre enchanteur d\u2019une des plus belles maisons patrimoniales de Montr\u00e9al, situ\u00e9e sur la rue du docteur Penfield au pied du Mont Royal, le <strong>jeudi 21 juin<\/strong> <strong>2018, de 18h \u00e0 20h30<\/strong>.<\/p>\n<p>Natalie Choquette est une soprano multilingue atypique. Dou\u00e9e d\u2019une voix magnifique, elle se glisse dans la peau de divas comiques et excessives, r\u00e9unissant avec brio le rire et l\u2019\u00e9motion. Elle donne au mot \u00ab diva \u00bb un tout autre sens, contribuant \u00e0 rendre l\u2019art lyrique plus accessible sans lui faire perdre de son lustre.<\/p>\n<p>Natalie vous enchantera avec son r\u00e9pertoire, son humour et sa cr\u00e9ativit\u00e9. Apr\u00e8s le concert, vous aurez la chance de bavarder avec elle autour d\u2019un verre et de fines bouch\u00e9es. Nous limitons \u00e0 50 le nombre de convives afin de vous permettre de profiter pleinement de sa pr\u00e9sence.<\/p>\n<p>Les profits de la soir\u00e9e serviront \u00e0 appuyer l\u2019\u00e9ducation musicale aupr\u00e8s des personnes de tout \u00e2ge.<\/p>\n<p>Natalie Choquette sera accompagn\u00e9e de la talentueuse <a href=\"http:\/\/w3.cegepsl.qc.ca\/musique\/le-departement\/professeurs\/classique\/claviers\/lucille-ouellette\/\" target=\"_blank\" rel=\"noopener\">Lucielle Ouellette<\/a> au piano.<\/p>\n<p><strong>R\u00e9servez d\u00e8s maintenant <\/strong><strong>ici<\/strong>. \u00a0Le billet au co\u00fbt de 250 $ inclut un re\u00e7u pour fins d\u2019imp\u00f4t de 150 $.<\/p>\n","protected":false},"excerpt":{"rendered":"<p>Joignez-vous \u00e0 CAMMAC pour une soir\u00e9e inoubliable et intimiste avec la soprano Natalie Choquette, dans le cadre enchanteur d\u2019une des plus belles maisons patrimoniales de Montr\u00e9al, situ\u00e9e sur la rue du docteur Penfield au pied du Mont Royal, le jeudi 21 juin 2018, de 18h \u00e0 20h30. Natalie Choquette est une soprano multilingue atypique. Dou\u00e9e [&hellip;]<\/p>\n","protected":false},"author":1,"featured_media":54577,"comment_status":"open","ping_status":"closed","template":"","meta":{"om_disable_all_campaigns":false,"jetpack_post_was_ever_published":false},"tags":[],"tribe_events_cat":[5050],"acf":[],"jetpack_sharing_enabled":true,"_links":{"self":[{"href":"https:\/\/www.ludwig-van.com\/montreal\/wp-json\/wp\/v2\/tribe_events\/54576"}],"collection":[{"href":"https:\/\/www.ludwig-van.com\/montreal\/wp-json\/wp\/v2\/tribe_events"}],"about":[{"href":"https:\/\/www.ludwig-van.com\/montreal\/wp-json\/wp\/v2\/types\/tribe_events"}],"author":[{"embeddable":true,"href":"https:\/\/www.ludwig-van.com\/montreal\/wp-json\/wp\/v2\/users\/1"}],"replies":[{"embeddable":true,"href":"https:\/\/www.ludwig-van.com\/montreal\/wp-json\/wp\/v2\/comments?post=54576"}],"version-history":[{"count":1,"href":"https:\/\/www.ludwig-van.com\/montreal\/wp-json\/wp\/v2\/tribe_events\/54576\/revisions"}],"predecessor-version":[{"id":54578,"href":"https:\/\/www.ludwig-van.com\/montreal\/wp-json\/wp\/v2\/tribe_events\/54576\/revisions\/54578"}],"wp:featuredmedia":[{"embeddable":true,"href":"https:\/\/www.ludwig-van.com\/montreal\/wp-json\/wp\/v2\/media\/54577"}],"wp:attachment":[{"href":"https:\/\/www.ludwig-van.com\/montreal\/wp-json\/wp\/v2\/media?parent=54576"}],"wp:term":[{"taxonomy":"post_tag","embeddable":true,"href":"https:\/\/www.ludwig-van.com\/montreal\/wp-json\/wp\/v2\/tags?post=54576"},{"taxonomy":"tribe_events_cat","embeddable":true,"href":"https:\/\/www.ludwig-van.com\/montreal\/wp-json\/wp\/v2\/tribe_events_cat?post=54576"}],"curies":[{"name":"wp","href":"https:\/\/api.w.org\/{rel}","templated":true}]}}