{"id":54334,"date":"2018-05-20T22:35:30","date_gmt":"2018-05-21T02:35:30","guid":{"rendered":"https:\/\/www.ludwig-van.com\/montreal\/?post_type=tribe_events&#038;p=54334"},"modified":"2018-05-26T23:26:24","modified_gmt":"2018-05-27T03:26:24","slug":"fondation-arte-musica-pentaedre-siecle-de-musique-feminin","status":"publish","type":"tribe_events","link":"https:\/\/www.ludwig-van.com\/montreal\/event\/fondation-arte-musica-pentaedre-siecle-de-musique-feminin\/","title":{"rendered":"Arte Musica et Penta\u00e8dre | Un si\u00e8cle de musique au f\u00e9minin"},"content":{"rendered":"<p>Adul\u00e9es en leur temps par leurs pairs, mais presque ignor\u00e9es de nos jours, ces cinq compositrices ont laiss\u00e9 une \u0153uvre foisonnante dont une grande partie reste \u00e0 d\u00e9couvrir. Il ne s\u2019agit pas, malgr\u00e9 le titre de la pi\u00e8ce d\u2019Elsa Barraine, de charmants \u00ab ouvrages de dames \u00bb, mais d\u2019un r\u00e9pertoire riche et puissant que nous font d\u00e9couvrir Penta\u00e8dre et la jeune pianiste Lysandre M\u00e9nard, r\u00e9v\u00e9l\u00e9e dans le film La Passion d\u2019Augustine de L\u00e9a Pool.<\/p>\n<p>Hedwige Chr\u00e9tien (1859-1944) : Quintette \u00e0 vent<br \/>\nLouise Farrenc (1804-1875) : Sextuor pour vents et piano en do mineur, op. 40<br \/>\nMel Bonis (1858-1937) : Sc\u00e8nes de la for\u00eat pour fl\u00fbte, cor et piano, op. 123<br \/>\nClaude Arrieu (1903-1990) : Quintette en ut<br \/>\nRusticana pour basson et piano<br \/>\nElsa Barraine (1910-1999) : Ouvrage de dame : Th\u00e8me et variations pour quintette \u00e0 vent<\/p>\n<p>Pr\u00e9sent\u00e9 en collaboration avec la Fondation Arte musica<\/p>\n<p>ADMISSION: 39$ R\u00c9GULIER \/ 20.75$ 34 ANS ET MOINS<\/p>\n","protected":false},"excerpt":{"rendered":"<p>Adul\u00e9es en leur temps par leurs pairs, mais presque ignor\u00e9es de nos jours, ces cinq compositrices ont laiss\u00e9 une \u0153uvre foisonnante dont une grande partie reste \u00e0 d\u00e9couvrir. Il ne s\u2019agit pas, malgr\u00e9 le titre de la pi\u00e8ce d\u2019Elsa Barraine, de charmants \u00ab ouvrages de dames \u00bb, mais d\u2019un r\u00e9pertoire riche et puissant que nous [&hellip;]<\/p>\n","protected":false},"author":1,"featured_media":54335,"comment_status":"open","ping_status":"closed","template":"","meta":{"om_disable_all_campaigns":false,"jetpack_post_was_ever_published":false},"tags":[],"tribe_events_cat":[5052,5327,5024],"acf":[],"jetpack_sharing_enabled":true,"_links":{"self":[{"href":"https:\/\/www.ludwig-van.com\/montreal\/wp-json\/wp\/v2\/tribe_events\/54334"}],"collection":[{"href":"https:\/\/www.ludwig-van.com\/montreal\/wp-json\/wp\/v2\/tribe_events"}],"about":[{"href":"https:\/\/www.ludwig-van.com\/montreal\/wp-json\/wp\/v2\/types\/tribe_events"}],"author":[{"embeddable":true,"href":"https:\/\/www.ludwig-van.com\/montreal\/wp-json\/wp\/v2\/users\/1"}],"replies":[{"embeddable":true,"href":"https:\/\/www.ludwig-van.com\/montreal\/wp-json\/wp\/v2\/comments?post=54334"}],"version-history":[{"count":3,"href":"https:\/\/www.ludwig-van.com\/montreal\/wp-json\/wp\/v2\/tribe_events\/54334\/revisions"}],"predecessor-version":[{"id":54469,"href":"https:\/\/www.ludwig-van.com\/montreal\/wp-json\/wp\/v2\/tribe_events\/54334\/revisions\/54469"}],"wp:featuredmedia":[{"embeddable":true,"href":"https:\/\/www.ludwig-van.com\/montreal\/wp-json\/wp\/v2\/media\/54335"}],"wp:attachment":[{"href":"https:\/\/www.ludwig-van.com\/montreal\/wp-json\/wp\/v2\/media?parent=54334"}],"wp:term":[{"taxonomy":"post_tag","embeddable":true,"href":"https:\/\/www.ludwig-van.com\/montreal\/wp-json\/wp\/v2\/tags?post=54334"},{"taxonomy":"tribe_events_cat","embeddable":true,"href":"https:\/\/www.ludwig-van.com\/montreal\/wp-json\/wp\/v2\/tribe_events_cat?post=54334"}],"curies":[{"name":"wp","href":"https:\/\/api.w.org\/{rel}","templated":true}]}}