{"id":53852,"date":"2018-05-02T19:02:28","date_gmt":"2018-05-02T23:02:28","guid":{"rendered":"https:\/\/www.ludwig-van.com\/montreal\/?post_type=tribe_events&#038;p=53852"},"modified":"2018-05-02T19:02:28","modified_gmt":"2018-05-02T23:02:28","slug":"orford-musique-i-musici-rencontre-festive","status":"publish","type":"tribe_events","link":"https:\/\/www.ludwig-van.com\/montreal\/event\/orford-musique-i-musici-rencontre-festive\/","title":{"rendered":"Orford Musique | I Musici : rencontre festive"},"content":{"rendered":"<p>Concert de cl\u00f4ture | I Musici : rencontre festive<\/p>\n<p>En cl\u00f4ture du Festival 2018, les tr\u00e8s aim\u00e9s I Musici de Montr\u00e9al et leur chef Jean-Marie Zeitouni vous invitent \u00e0 une rencontre festive entre l\u2019Allemagne et le Royaume-Uni. De la passion toute britannique d\u2019Elgar aux festives danses de Brahms en passant par le romantisme exacerb\u00e9 de Schumann, d\u00e9couvrez ou red\u00e9couvrez la riche sonorit\u00e9 de cet ensemble, fond\u00e9 en 1983 par le regrett\u00e9 violoncelliste, chef d\u2019orchestre et ancien directeur artistique d\u2019Orford Musique Yuli Turovsky.<\/p>\n<p>Jean-Marie Zeitouni, chef<br \/>\nDerek Louie, violoncelle<br \/>\nOchestre de chambre I Musici de Montr\u00e9al<\/p>\n<p>Schumann, <em>Concerto pour violoncelle en la mineur<\/em>, op. 129<br \/>\nBrahms, <em>Danses hongroises<\/em><br \/>\nElgar, <em>S\u00e9r\u00e9nade pour cordes en mi mineur<\/em>, op. 20<\/p>\n","protected":false},"excerpt":{"rendered":"<p>Concert de cl\u00f4ture | I Musici : rencontre festive En cl\u00f4ture du Festival 2018, les tr\u00e8s aim\u00e9s I Musici de Montr\u00e9al et leur chef Jean-Marie Zeitouni vous invitent \u00e0 une rencontre festive entre l\u2019Allemagne et le Royaume-Uni. De la passion toute britannique d\u2019Elgar aux festives danses de Brahms en passant par le romantisme exacerb\u00e9 de [&hellip;]<\/p>\n","protected":false},"author":1,"featured_media":53661,"comment_status":"open","ping_status":"closed","template":"","meta":{"om_disable_all_campaigns":false,"jetpack_post_was_ever_published":false},"tags":[],"tribe_events_cat":[6109,5052,5513,6487],"acf":[],"jetpack_sharing_enabled":true,"_links":{"self":[{"href":"https:\/\/www.ludwig-van.com\/montreal\/wp-json\/wp\/v2\/tribe_events\/53852"}],"collection":[{"href":"https:\/\/www.ludwig-van.com\/montreal\/wp-json\/wp\/v2\/tribe_events"}],"about":[{"href":"https:\/\/www.ludwig-van.com\/montreal\/wp-json\/wp\/v2\/types\/tribe_events"}],"author":[{"embeddable":true,"href":"https:\/\/www.ludwig-van.com\/montreal\/wp-json\/wp\/v2\/users\/1"}],"replies":[{"embeddable":true,"href":"https:\/\/www.ludwig-van.com\/montreal\/wp-json\/wp\/v2\/comments?post=53852"}],"version-history":[{"count":1,"href":"https:\/\/www.ludwig-van.com\/montreal\/wp-json\/wp\/v2\/tribe_events\/53852\/revisions"}],"predecessor-version":[{"id":53855,"href":"https:\/\/www.ludwig-van.com\/montreal\/wp-json\/wp\/v2\/tribe_events\/53852\/revisions\/53855"}],"wp:featuredmedia":[{"embeddable":true,"href":"https:\/\/www.ludwig-van.com\/montreal\/wp-json\/wp\/v2\/media\/53661"}],"wp:attachment":[{"href":"https:\/\/www.ludwig-van.com\/montreal\/wp-json\/wp\/v2\/media?parent=53852"}],"wp:term":[{"taxonomy":"post_tag","embeddable":true,"href":"https:\/\/www.ludwig-van.com\/montreal\/wp-json\/wp\/v2\/tags?post=53852"},{"taxonomy":"tribe_events_cat","embeddable":true,"href":"https:\/\/www.ludwig-van.com\/montreal\/wp-json\/wp\/v2\/tribe_events_cat?post=53852"}],"curies":[{"name":"wp","href":"https:\/\/api.w.org\/{rel}","templated":true}]}}