{"id":52554,"date":"2018-03-15T17:23:53","date_gmt":"2018-03-15T21:23:53","guid":{"rendered":"https:\/\/www.ludwig-van.com\/montreal\/?post_type=tribe_events&#038;p=52554"},"modified":"2018-03-15T17:23:53","modified_gmt":"2018-03-15T21:23:53","slug":"jeunesses-musicales-concert-conference-aux-sources-musiques-monde","status":"publish","type":"tribe_events","link":"https:\/\/www.ludwig-van.com\/montreal\/event\/jeunesses-musicales-concert-conference-aux-sources-musiques-monde\/","title":{"rendered":"Jeunesses Musicales | Concert-conf\u00e9rence : Aux sources des musiques du monde"},"content":{"rendered":"<p><strong>Concert-Conf\u00e9rence | Aux sources des musiques du monde<\/strong><\/p>\n<p>Les musiques du monde sont \u00e0 la fois d\u2019une vari\u00e9t\u00e9 infinie et riches de sens. Comment alors ne pas \u00eatre d\u00e9boussol\u00e9s par cette diversit\u00e9 extr\u00eame et en m\u00eame temps fascin\u00e9s par autant d\u2019univers dont l\u2019acc\u00e8s est bien souvent cod\u00e9 ? Il est pourtant possible de les d\u00e9coder afin de go\u00fbter les musiques du monde et m\u00eame de s\u2019en d\u00e9lecter comme on d\u00e9gusterait un plat savoureux.<\/p>\n<p>\u00ab Ce projet est n\u00e9 d\u2019une convergence entre les terrains que j\u2019ai men\u00e9s durant 15 ans\u00a0en Asie centrale aupr\u00e8s des musiciens traditionnels, et mes activit\u00e9s de recherche en milieu universitaire au cours desquelles j\u2019ai rencontr\u00e9 de nombreux musiciens du monde \u00e9tablis \u00e0 Montr\u00e9al. Le concept de ce concert-conf\u00e9rence est le suivant : offrir des clefs d\u2019\u00e9coute simples et efficaces afin de susciter une exp\u00e9rience unique et actualis\u00e9e des musiques du monde. \u00bb<\/p>\n<p>&#8211; Fr\u00e9d\u00e9ric L\u00e9otar<\/p>\n<div><strong>CONF\u00c9RENCIER<\/strong><\/div>\n<div><strong>Fr\u00e9d\u00e9ric L\u00e9otar<\/strong>, ethnomusicologue<\/div>\n<div><\/div>\n<div><strong>MUSICIENS<\/strong><\/div>\n<div><strong>Pierre-Olivier Bolduc<\/strong>, didgeridoo<\/div>\n<div><strong>Bruno Desch\u00eanes<\/strong>, shakuhachi<\/div>\n<div><strong>Atna Njock<\/strong>, nkuu<\/div>\n<div><strong>Ziya Tabassian<\/strong>, tombak<\/div>\n<div><\/div>\n<div><strong>MISE EN SC\u00c8NE<\/strong><\/div>\n<div><strong>Judith Pelletier<\/strong><\/div>\n","protected":false},"excerpt":{"rendered":"<p>Concert-Conf\u00e9rence | Aux sources des musiques du monde Les musiques du monde sont \u00e0 la fois d\u2019une vari\u00e9t\u00e9 infinie et riches de sens. Comment alors ne pas \u00eatre d\u00e9boussol\u00e9s par cette diversit\u00e9 extr\u00eame et en m\u00eame temps fascin\u00e9s par autant d\u2019univers dont l\u2019acc\u00e8s est bien souvent cod\u00e9 ? Il est pourtant possible de les d\u00e9coder [&hellip;]<\/p>\n","protected":false},"author":1,"featured_media":52555,"comment_status":"open","ping_status":"closed","template":"","meta":{"om_disable_all_campaigns":false,"jetpack_post_was_ever_published":false},"tags":[],"tribe_events_cat":[5512,5563],"acf":[],"jetpack_sharing_enabled":true,"_links":{"self":[{"href":"https:\/\/www.ludwig-van.com\/montreal\/wp-json\/wp\/v2\/tribe_events\/52554"}],"collection":[{"href":"https:\/\/www.ludwig-van.com\/montreal\/wp-json\/wp\/v2\/tribe_events"}],"about":[{"href":"https:\/\/www.ludwig-van.com\/montreal\/wp-json\/wp\/v2\/types\/tribe_events"}],"author":[{"embeddable":true,"href":"https:\/\/www.ludwig-van.com\/montreal\/wp-json\/wp\/v2\/users\/1"}],"replies":[{"embeddable":true,"href":"https:\/\/www.ludwig-van.com\/montreal\/wp-json\/wp\/v2\/comments?post=52554"}],"version-history":[{"count":1,"href":"https:\/\/www.ludwig-van.com\/montreal\/wp-json\/wp\/v2\/tribe_events\/52554\/revisions"}],"predecessor-version":[{"id":52556,"href":"https:\/\/www.ludwig-van.com\/montreal\/wp-json\/wp\/v2\/tribe_events\/52554\/revisions\/52556"}],"wp:featuredmedia":[{"embeddable":true,"href":"https:\/\/www.ludwig-van.com\/montreal\/wp-json\/wp\/v2\/media\/52555"}],"wp:attachment":[{"href":"https:\/\/www.ludwig-van.com\/montreal\/wp-json\/wp\/v2\/media?parent=52554"}],"wp:term":[{"taxonomy":"post_tag","embeddable":true,"href":"https:\/\/www.ludwig-van.com\/montreal\/wp-json\/wp\/v2\/tags?post=52554"},{"taxonomy":"tribe_events_cat","embeddable":true,"href":"https:\/\/www.ludwig-van.com\/montreal\/wp-json\/wp\/v2\/tribe_events_cat?post=52554"}],"curies":[{"name":"wp","href":"https:\/\/api.w.org\/{rel}","templated":true}]}}