{"id":52543,"date":"2018-03-15T17:00:52","date_gmt":"2018-03-15T21:00:52","guid":{"rendered":"https:\/\/www.ludwig-van.com\/montreal\/?post_type=tribe_events&#038;p=52543"},"modified":"2018-03-15T17:00:52","modified_gmt":"2018-03-15T21:00:52","slug":"universite-de-montreal-operamania-romeo-juliette-de-gounod","status":"publish","type":"tribe_events","link":"https:\/\/www.ludwig-van.com\/montreal\/event\/universite-de-montreal-operamania-romeo-juliette-de-gounod\/","title":{"rendered":"Universit\u00e9 de Montr\u00e9al | Op\u00e9ramania &#8211; \u00ab Rom\u00e9o et Juliette \u00bb de Gounod"},"content":{"rendered":"<p><strong>Version composite<\/strong><br \/>\n<strong>Chanteurs : Roberto Alagna, Diana Damrau, Juan Diego Fl\u00f3rez, Angela Gheorghiu, Vittorio Grigolo, Nino Machaidze, Anna Netrebko, Stefano Secco, Leontina Vaduva et Rolando Villaz\u00f3n, en provenance de Londres, New York, Salzbourg, V\u00e9rone et Vienne<\/strong><\/p>\n<p>Un <em>Rom\u00e9o et Juliette<\/em> dans une version \u00ab\u00a0id\u00e9ale\u00a0\u00bb compos\u00e9e de fragments choisis tir\u00e9s de productions diverses (le Royal Opera House, le Metropolitan, les Ar\u00e8nes de V\u00e9rone, Salzbourg, etc.) et mettant en vedette des interpr\u00e8tes de tout premier plan, capt\u00e9s dans des conditions parfaites.<\/p>\n","protected":false},"excerpt":{"rendered":"<p>Version composite Chanteurs : Roberto Alagna, Diana Damrau, Juan Diego Fl\u00f3rez, Angela Gheorghiu, Vittorio Grigolo, Nino Machaidze, Anna Netrebko, Stefano Secco, Leontina Vaduva et Rolando Villaz\u00f3n, en provenance de Londres, New York, Salzbourg, V\u00e9rone et Vienne Un Rom\u00e9o et Juliette dans une version \u00ab\u00a0id\u00e9ale\u00a0\u00bb compos\u00e9e de fragments choisis tir\u00e9s de productions diverses (le Royal Opera [&hellip;]<\/p>\n","protected":false},"author":1,"featured_media":49766,"comment_status":"open","ping_status":"closed","template":"","meta":{"om_disable_all_campaigns":false,"jetpack_post_was_ever_published":false},"tags":[],"tribe_events_cat":[6440,4992],"acf":[],"jetpack_sharing_enabled":true,"_links":{"self":[{"href":"https:\/\/www.ludwig-van.com\/montreal\/wp-json\/wp\/v2\/tribe_events\/52543"}],"collection":[{"href":"https:\/\/www.ludwig-van.com\/montreal\/wp-json\/wp\/v2\/tribe_events"}],"about":[{"href":"https:\/\/www.ludwig-van.com\/montreal\/wp-json\/wp\/v2\/types\/tribe_events"}],"author":[{"embeddable":true,"href":"https:\/\/www.ludwig-van.com\/montreal\/wp-json\/wp\/v2\/users\/1"}],"replies":[{"embeddable":true,"href":"https:\/\/www.ludwig-van.com\/montreal\/wp-json\/wp\/v2\/comments?post=52543"}],"version-history":[{"count":1,"href":"https:\/\/www.ludwig-van.com\/montreal\/wp-json\/wp\/v2\/tribe_events\/52543\/revisions"}],"predecessor-version":[{"id":52544,"href":"https:\/\/www.ludwig-van.com\/montreal\/wp-json\/wp\/v2\/tribe_events\/52543\/revisions\/52544"}],"wp:featuredmedia":[{"embeddable":true,"href":"https:\/\/www.ludwig-van.com\/montreal\/wp-json\/wp\/v2\/media\/49766"}],"wp:attachment":[{"href":"https:\/\/www.ludwig-van.com\/montreal\/wp-json\/wp\/v2\/media?parent=52543"}],"wp:term":[{"taxonomy":"post_tag","embeddable":true,"href":"https:\/\/www.ludwig-van.com\/montreal\/wp-json\/wp\/v2\/tags?post=52543"},{"taxonomy":"tribe_events_cat","embeddable":true,"href":"https:\/\/www.ludwig-van.com\/montreal\/wp-json\/wp\/v2\/tribe_events_cat?post=52543"}],"curies":[{"name":"wp","href":"https:\/\/api.w.org\/{rel}","templated":true}]}}