{"id":52355,"date":"2018-03-07T18:48:09","date_gmt":"2018-03-07T23:48:09","guid":{"rendered":"https:\/\/www.ludwig-van.com\/montreal\/?post_type=tribe_events&#038;p=52355"},"modified":"2018-03-07T18:48:09","modified_gmt":"2018-03-07T23:48:09","slug":"osm-kent-nagano-dirige-bruckner","status":"publish","type":"tribe_events","link":"https:\/\/www.ludwig-van.com\/montreal\/event\/osm-kent-nagano-dirige-bruckner\/2018-04-11\/","title":{"rendered":"OSM | Kent Nagano dirige Bruckner"},"content":{"rendered":"<div class=\"vc_wp_text wpb_content_element description_concert\">\n<div class=\"widget widget_text\">\n<div class=\"textwidget\">\n<p>Compos\u00e9 \u00e0 la suite de la mort d\u2019une jeune amie, \u00ab \u00c0 la m\u00e9moire d\u2019un ange \u00bb de Berg est empreint de lyrisme et de sensibilit\u00e9. Bruckner rend un vibrant hommage \u00e0 Wagner dans le sublime <em>Adagio<\/em> de sa\u00a0<em>7<sup>e<\/sup> symphonie<\/em>, rendue populaire par le tr\u00e8s beau film <em>Senso<\/em>, de Luchino\u00a0Visconti.<\/p>\n<p><span style=\"line-height: inherit;\">\u00ab\u00a0Christian Tetzlaff demeure sans doute l\u2019un des cinq meilleurs violonistes de sa g\u00e9n\u00e9ration, ma\u00eetrisant le r\u00e9pertoire classique et romantique comme celui du XXe si\u00e8cle.\u00a0\u00bb \u2013 Lib\u00e9ration<\/span><\/p>\n<p><span class=\"vc_tta-title-text\">ARTISTES ET \u0152UVRES<\/span><\/p>\n<\/div>\n<p>Orchestre symphonique de Montr\u00e9al<br \/>\nKent Nagano, chef d\u2019orchestre<br \/>\nChristian Tetzlaff, violon<\/p>\n<p>Berg, Concerto pour violon, \u00ab \u00c0 la m\u00e9moire d\u2019un ange \u00bb (22 min)<br \/>\nBruckner, Symphonie no 7 en mi majeur (64 min)<\/p>\n<p>Pr\u00e9concert : Vincent Boucher, orgue<br \/>\n\u0152uvres de Bach, Brahms et Bruckner<\/p>\n<\/div>\n<\/div>\n","protected":false},"excerpt":{"rendered":"<p>Compos\u00e9 \u00e0 la suite de la mort d\u2019une jeune amie, \u00ab \u00c0 la m\u00e9moire d\u2019un ange \u00bb de Berg est empreint de lyrisme et de sensibilit\u00e9. Bruckner rend un vibrant hommage \u00e0 Wagner dans le sublime Adagio de sa\u00a07e symphonie, rendue populaire par le tr\u00e8s beau film Senso, de Luchino\u00a0Visconti. \u00ab\u00a0Christian Tetzlaff demeure sans doute [&hellip;]<\/p>\n","protected":false},"author":1,"featured_media":52357,"comment_status":"open","ping_status":"closed","template":"","meta":{"om_disable_all_campaigns":false,"jetpack_post_was_ever_published":false},"tags":[],"tribe_events_cat":[6487,6476],"acf":[],"jetpack_sharing_enabled":true,"_links":{"self":[{"href":"https:\/\/www.ludwig-van.com\/montreal\/wp-json\/wp\/v2\/tribe_events\/52355"}],"collection":[{"href":"https:\/\/www.ludwig-van.com\/montreal\/wp-json\/wp\/v2\/tribe_events"}],"about":[{"href":"https:\/\/www.ludwig-van.com\/montreal\/wp-json\/wp\/v2\/types\/tribe_events"}],"author":[{"embeddable":true,"href":"https:\/\/www.ludwig-van.com\/montreal\/wp-json\/wp\/v2\/users\/1"}],"replies":[{"embeddable":true,"href":"https:\/\/www.ludwig-van.com\/montreal\/wp-json\/wp\/v2\/comments?post=52355"}],"version-history":[{"count":1,"href":"https:\/\/www.ludwig-van.com\/montreal\/wp-json\/wp\/v2\/tribe_events\/52355\/revisions"}],"predecessor-version":[{"id":52359,"href":"https:\/\/www.ludwig-van.com\/montreal\/wp-json\/wp\/v2\/tribe_events\/52355\/revisions\/52359"}],"wp:featuredmedia":[{"embeddable":true,"href":"https:\/\/www.ludwig-van.com\/montreal\/wp-json\/wp\/v2\/media\/52357"}],"wp:attachment":[{"href":"https:\/\/www.ludwig-van.com\/montreal\/wp-json\/wp\/v2\/media?parent=52355"}],"wp:term":[{"taxonomy":"post_tag","embeddable":true,"href":"https:\/\/www.ludwig-van.com\/montreal\/wp-json\/wp\/v2\/tags?post=52355"},{"taxonomy":"tribe_events_cat","embeddable":true,"href":"https:\/\/www.ludwig-van.com\/montreal\/wp-json\/wp\/v2\/tribe_events_cat?post=52355"}],"curies":[{"name":"wp","href":"https:\/\/api.w.org\/{rel}","templated":true}]}}