{"id":52303,"date":"2018-03-06T20:31:33","date_gmt":"2018-03-07T01:31:33","guid":{"rendered":"https:\/\/www.ludwig-van.com\/montreal\/?post_type=tribe_events&#038;p=52303"},"modified":"2018-03-06T20:40:11","modified_gmt":"2018-03-07T01:40:11","slug":"vivier-viviermix-creatif","status":"publish","type":"tribe_events","link":"https:\/\/www.ludwig-van.com\/montreal\/event\/vivier-viviermix-creatif\/","title":{"rendered":"Le Vivier | VivierMix cr\u00e9atif"},"content":{"rendered":"<p>Un concert exceptionnel d\u00e9montrant la musique nouvelle sous toutes ces formes avec : Louis Dufort, Quatuor Bozzini avec le chor\u00e9graphe et danseur Marc Boivin, Voces Bor\u00e9ales et plus encore\u2026<\/p>\n<p>Une soir\u00e9e avec 6 musiciens, 21 chanteurs et le danseur et chor\u00e9graphe Marc Boivin. En passant du quatuor \u00e0 cordes \u00e0 la danse, du saxophone solo \u00e0 improvisation-performance, de l\u2019\u00e9lectronique \u00ab live \u00bb avec Louis Dufort, pour terminer avec une chorale de 20 chanteurs : ce sera tout un \u00e9v\u00e9nement !<\/p>\n<p>PARTICIPANTS<\/p>\n<ul>\n<li><a href=\"https:\/\/www.levivier.ca\/fr\/bio\/dufort_lo\" target=\"_blank\" rel=\"noopener\">Louis Dufort<\/a><\/li>\n<li><a href=\"https:\/\/www.levivier.ca\/fr\/bio\/freedman_lo\" target=\"_blank\" rel=\"noopener\">Lori Freedman<\/a><\/li>\n<li><a href=\"https:\/\/www.levivier.ca\/fr\/bio\/quatuorbozzini_\" target=\"_blank\" rel=\"noopener\">Quatuor Bozzini<\/a> (<a href=\"https:\/\/www.levivier.ca\/fr\/bio\/merkel_cl\" target=\"_blank\" rel=\"noopener\">Clemens Merkel<\/a> ; <a href=\"https:\/\/www.levivier.ca\/fr\/bio\/benjamin_mi\">Mira Benjamin<\/a> ; <a href=\"https:\/\/www.levivier.ca\/fr\/bio\/bozzini_st\" target=\"_blank\" rel=\"noopener\">St\u00e9phanie Bozzini<\/a> ; <a href=\"https:\/\/www.levivier.ca\/fr\/bio\/bozzini_is\" target=\"_blank\" rel=\"noopener\">Isabelle Bozzini<\/a>)<\/li>\n<li><a href=\"https:\/\/www.levivier.ca\/fr\/bio\/boivin_ma\" target=\"_blank\" rel=\"noopener\">Marc Boivin<\/a>, danse, chor\u00e9graphie<\/li>\n<li><a class=\"lien-inaccessible\">Voces Boreales<\/a><\/li>\n<li><a class=\"lien-inaccessible\">Andrew Gray<\/a>, chef<\/li>\n<\/ul>\n<section class=\"col n4 marge programme\">PROGRAMME<\/p>\n<ul class=\"oeuvre-list\">\n<li class=\"oeuvre\">\n<div class=\"titre\"><a class=\"lien-inaccessible\">Stephanie Martin<\/a>, <i><a class=\"lien-inaccessible\">Dum Completur<\/a><\/i><\/div>\n<\/li>\n<li class=\"oeuvre\">\n<div class=\"titre\"><a class=\"lien-inaccessible\">Eric Whitacre<\/a>, <i><a class=\"lien-inaccessible\">Leonardo Dreams of his flying machine<\/a><\/i><\/div>\n<\/li>\n<li class=\"oeuvre\">\n<div class=\"titre\"><a href=\"https:\/\/www.levivier.ca\/fr\/bio\/freedman_lo\" target=\"_blank\" rel=\"noopener\">Lori Freedman<\/a>, <i><a class=\"lien-inaccessible\">To the Bridge<\/a><\/i> (2014)<\/div>\n<div class=\"instr\">clarinettes<\/div>\n<div class=\"interpretes\"><a class=\"litk-interface bio\" href=\"https:\/\/www.levivier.ca\/fr\/bio\/freedman_lo\" target=\"_blank\" rel=\"noopener\">Lori Freedman<\/a>, clarinette<\/div>\n<\/li>\n<li class=\"oeuvre\">\n<div class=\"titre\"><a href=\"https:\/\/www.levivier.ca\/fr\/bio\/sokolovic_an\" target=\"_blank\" rel=\"noopener\">Ana Sokolovi\u0107<\/a>, <i><a class=\"lien-inaccessible\">Commedia dell\u2019arte II\u00a0<\/a><\/i>(2012)<\/div>\n<div class=\"instr\">quatuor \u00e0 cordes<\/div>\n<div class=\"commande\">Commande : Quatuor Bozzini, avec l\u2019aide du <acronym lang=\"fr\" title=\"Conseil des arts du Canada\">CAC<\/acronym> et du <acronym lang=\"fr\" title=\"Conseil des arts et des lettres du Qu\u00e9bec\">CALQ<\/acronym><\/div>\n<\/li>\n<\/ul>\n<p>R\u00e9gulier: 20,00$<br \/>\nA\u00een\u00e9: 12,00$<br \/>\n\u00c9tudiant: 12,00$<br \/>\nMembre Le Vivier: 12,00$<\/p>\n<p>\u00c9V\u00c9NEMENTS P\u00c9RIPH\u00c9RIQUES<\/p>\n<ul class=\"mini-evens\">\n<li class=\"mini-even\">\n<div class=\"titre\">Rencontre pr\u00e9-concert<\/div>\n<ul class=\"mini-cals\">\n<li class=\"mini-cal\">\n<div class=\"participants\"><a href=\"https:\/\/www.levivier.ca\/fr\/bio\/beaucage_re\" target=\"_blank\" rel=\"noopener\">R\u00e9jean Beaucage<\/a>, animateur<\/div>\n<div class=\"date-heure-lieu\">Mercredi 9 mai 2018, 19h00, <a class=\"lien-inaccessible\">Espace Custeau \u2013 Le Ges\u00f9<\/a><\/div>\n<div class=\"billetterie\">Entr\u00e9e libre<\/div>\n<\/li>\n<\/ul>\n<\/li>\n<\/ul>\n<\/section>\n","protected":false},"excerpt":{"rendered":"<p>Un concert exceptionnel d\u00e9montrant la musique nouvelle sous toutes ces formes avec : Louis Dufort, Quatuor Bozzini avec le chor\u00e9graphe et danseur Marc Boivin, Voces Bor\u00e9ales et plus encore\u2026 Une soir\u00e9e avec 6 musiciens, 21 chanteurs et le danseur et chor\u00e9graphe Marc Boivin. En passant du quatuor \u00e0 cordes \u00e0 la danse, du saxophone solo [&hellip;]<\/p>\n","protected":false},"author":1,"featured_media":47011,"comment_status":"open","ping_status":"closed","template":"","meta":{"om_disable_all_campaigns":false,"jetpack_post_was_ever_published":false},"tags":[],"tribe_events_cat":[5327,6002],"acf":[],"jetpack_sharing_enabled":true,"_links":{"self":[{"href":"https:\/\/www.ludwig-van.com\/montreal\/wp-json\/wp\/v2\/tribe_events\/52303"}],"collection":[{"href":"https:\/\/www.ludwig-van.com\/montreal\/wp-json\/wp\/v2\/tribe_events"}],"about":[{"href":"https:\/\/www.ludwig-van.com\/montreal\/wp-json\/wp\/v2\/types\/tribe_events"}],"author":[{"embeddable":true,"href":"https:\/\/www.ludwig-van.com\/montreal\/wp-json\/wp\/v2\/users\/1"}],"replies":[{"embeddable":true,"href":"https:\/\/www.ludwig-van.com\/montreal\/wp-json\/wp\/v2\/comments?post=52303"}],"version-history":[{"count":3,"href":"https:\/\/www.ludwig-van.com\/montreal\/wp-json\/wp\/v2\/tribe_events\/52303\/revisions"}],"predecessor-version":[{"id":52317,"href":"https:\/\/www.ludwig-van.com\/montreal\/wp-json\/wp\/v2\/tribe_events\/52303\/revisions\/52317"}],"wp:featuredmedia":[{"embeddable":true,"href":"https:\/\/www.ludwig-van.com\/montreal\/wp-json\/wp\/v2\/media\/47011"}],"wp:attachment":[{"href":"https:\/\/www.ludwig-van.com\/montreal\/wp-json\/wp\/v2\/media?parent=52303"}],"wp:term":[{"taxonomy":"post_tag","embeddable":true,"href":"https:\/\/www.ludwig-van.com\/montreal\/wp-json\/wp\/v2\/tags?post=52303"},{"taxonomy":"tribe_events_cat","embeddable":true,"href":"https:\/\/www.ludwig-van.com\/montreal\/wp-json\/wp\/v2\/tribe_events_cat?post=52303"}],"curies":[{"name":"wp","href":"https:\/\/api.w.org\/{rel}","templated":true}]}}