{"id":52154,"date":"2018-03-01T20:43:52","date_gmt":"2018-03-02T01:43:52","guid":{"rendered":"https:\/\/www.ludwig-van.com\/montreal\/?post_type=tribe_events&#038;p=52154"},"modified":"2018-03-14T18:47:00","modified_gmt":"2018-03-14T22:47:00","slug":"conservatoire-de-musique-de-montreal-grand-orchestre-a-cordes","status":"publish","type":"tribe_events","link":"https:\/\/www.ludwig-van.com\/montreal\/event\/conservatoire-de-musique-de-montreal-grand-orchestre-a-cordes\/2018-03-24\/","title":{"rendered":"Conservatoire de musique de Montre\u0301al | Grand orchestre \u00e0 cordes &#8211; Hommage \u00e0 Mme Jacqueline Desmarais"},"content":{"rendered":"<p>Grand orchestre \u00e0 cordes, direction\u00a0: <strong>Denis Brott<\/strong>, chef<\/p>\n<p>Solistes\u00a0:<br class=\"autobr\" \/><strong>St\u00e9phane T\u00e9treault<\/strong>, violoncelle<br class=\"autobr\" \/><strong>Denis Brott<\/strong>, violoncelle<br class=\"autobr\" \/><strong>Nicolas Lapointe<\/strong>, marimba<\/p>\n<p><i>Arrival of the Queen of Sheeba<\/i><br class=\"autobr\" \/>Georg Friedrich Handel<\/p>\n<p><i>Concerto pour marimba et orchestre \u00e0 cordes<\/i><br class=\"autobr\" \/>Emmanuel S\u00e9journ\u00e9<\/p>\n<p><i>Quatuor \u00e0 cordes no 13 en la mineur, op. 29, D. 804<\/i><br class=\"autobr\" \/>(arr.\u00a0: Denis Brott)<br class=\"autobr\" \/>Franz Schubert<\/p>\n<p><i>Andante cantabile pour violoncelle, op. 11<\/i><br class=\"autobr\" \/>Piotr Ilitch Tcha\u00efkovski<\/p>\n<p><i>Les Larmes de Jacqueline<\/i><br class=\"autobr\" \/>Jacques Offenbach<\/p>\n<p><i>Concerto pour 2 violoncelles en sol mineur, RV 531<\/i><br class=\"autobr\" \/>Antonio Vivaldi<\/p>\n<p>Tarifs<br class=\"autobr\" \/>R\u00e9gulier\u00a0: 15$<br class=\"autobr\" \/>\u00c9tudiants\u00a0: 7$<\/p>\n<p>Billets disponibles \u00e0 la billetterie du Conservatoire (514-873-4031, poste 313) et sur <a class=\"spip_out\" href=\"https:\/\/www.admission.com\/search\/?keyword=Le+Grand+Orchestre+%C3%A0+Cordes+%3A+St%C3%A9phane+T%C3%A9treault+et+Denis+Brott\" target=\"_blank\" rel=\"external noopener\">Admission<\/a><\/p>\n","protected":false},"excerpt":{"rendered":"<p>Grand orchestre \u00e0 cordes, direction\u00a0: Denis Brott, chef Solistes\u00a0:St\u00e9phane T\u00e9treault, violoncelleDenis Brott, violoncelleNicolas Lapointe, marimba Arrival of the Queen of SheebaGeorg Friedrich Handel Concerto pour marimba et orchestre \u00e0 cordesEmmanuel S\u00e9journ\u00e9 Quatuor \u00e0 cordes no 13 en la mineur, op. 29, D. 804(arr.\u00a0: Denis Brott)Franz Schubert Andante cantabile pour violoncelle, op. 11Piotr Ilitch Tcha\u00efkovski Les [&hellip;]<\/p>\n","protected":false},"author":1,"featured_media":48759,"comment_status":"open","ping_status":"closed","template":"","meta":{"om_disable_all_campaigns":false,"jetpack_post_was_ever_published":false},"tags":[],"tribe_events_cat":[6109,6487,5027],"acf":[],"jetpack_sharing_enabled":true,"_links":{"self":[{"href":"https:\/\/www.ludwig-van.com\/montreal\/wp-json\/wp\/v2\/tribe_events\/52154"}],"collection":[{"href":"https:\/\/www.ludwig-van.com\/montreal\/wp-json\/wp\/v2\/tribe_events"}],"about":[{"href":"https:\/\/www.ludwig-van.com\/montreal\/wp-json\/wp\/v2\/types\/tribe_events"}],"author":[{"embeddable":true,"href":"https:\/\/www.ludwig-van.com\/montreal\/wp-json\/wp\/v2\/users\/1"}],"replies":[{"embeddable":true,"href":"https:\/\/www.ludwig-van.com\/montreal\/wp-json\/wp\/v2\/comments?post=52154"}],"version-history":[{"count":3,"href":"https:\/\/www.ludwig-van.com\/montreal\/wp-json\/wp\/v2\/tribe_events\/52154\/revisions"}],"predecessor-version":[{"id":52480,"href":"https:\/\/www.ludwig-van.com\/montreal\/wp-json\/wp\/v2\/tribe_events\/52154\/revisions\/52480"}],"wp:featuredmedia":[{"embeddable":true,"href":"https:\/\/www.ludwig-van.com\/montreal\/wp-json\/wp\/v2\/media\/48759"}],"wp:attachment":[{"href":"https:\/\/www.ludwig-van.com\/montreal\/wp-json\/wp\/v2\/media?parent=52154"}],"wp:term":[{"taxonomy":"post_tag","embeddable":true,"href":"https:\/\/www.ludwig-van.com\/montreal\/wp-json\/wp\/v2\/tags?post=52154"},{"taxonomy":"tribe_events_cat","embeddable":true,"href":"https:\/\/www.ludwig-van.com\/montreal\/wp-json\/wp\/v2\/tribe_events_cat?post=52154"}],"curies":[{"name":"wp","href":"https:\/\/api.w.org\/{rel}","templated":true}]}}