{"id":51943,"date":"2018-02-22T19:11:52","date_gmt":"2018-02-23T00:11:52","guid":{"rendered":"https:\/\/www.ludwig-van.com\/montreal\/?post_type=tribe_events&#038;p=51943"},"modified":"2018-02-22T19:11:52","modified_gmt":"2018-02-23T00:11:52","slug":"osm-prague-de-mozart-de-dvorak","status":"publish","type":"tribe_events","link":"https:\/\/www.ludwig-van.com\/montreal\/event\/osm-prague-de-mozart-de-dvorak\/2018-03-14\/","title":{"rendered":"OSM | La Prague de Mozart et de Dvo\u0159\u00e1k"},"content":{"rendered":"<div class=\"vc_wp_text wpb_content_element description_concert\">\n<div class=\"widget widget_text\">\n<div class=\"textwidget\">\n<p>Trois violons solos de trois grands orchestres canadiens sont r\u00e9unis dans un parcours musical qui met en sc\u00e8ne Prague, o\u00f9 ont \u00e9t\u00e9 jou\u00e9es les symphonies de Mozart et de Dvo\u0159\u00e1k. Ajoutant au plaisir la d\u00e9couverte, l\u2019\u0153uvre d\u2019Alexina Louie met en valeur le jeu prodigieux des violonistes.<span style=\"line-height: inherit;\">\u00a0<\/span><\/p>\n<\/div>\n<\/div>\n<\/div>\n<div class=\"vc_separator wpb_content_element vc_separator_align_center vc_sep_width_100 vc_sep_pos_align_center vc_separator_no_text vc_custom_1469031380753  vc_custom_1469031380753\">\n<p><strong>ARTISTES ET \u0152UVRES<\/strong><br \/>\nOrchestre symphonique de Montr\u00e9al<br \/>\n<em>L\u2019<a href=\"http:\/\/www.osm.ca\/fr\/octobass\/\" target=\"_blank\" rel=\"noopener\">octobasse <\/a>sera jou\u00e9 dans l\u2019oeuvre de Dvorak, Symphonie no 8<\/em><br \/>\n<strong>Kent Nagano<\/strong>, chef d\u2019orchestre<br \/>\n<strong>Andrew Wan<\/strong>, violon solo de l\u2019OSM<br \/>\n<strong>Jonathan Crow<\/strong>, violon solo du TSO<br \/>\n<strong>Yosuke Kawasaki<\/strong>, violon solo de l\u2019Orchestre du CNA<\/p>\n<p><strong>Mozart,<\/strong> Symphonie no 38 en r\u00e9 majeur, K. 504, \u00ab Prague \u00bb (26 min.)<br \/>\nSymphonie \u00ab\u00a0Prague\u00a0\u00bb<br \/>\n<strong>Alexina Louie<\/strong>, Cr\u00e9ation qu\u00e9b\u00e9coise d\u2019une \u0153uvre pour 3 violons et orchestre* (15 min.)<br \/>\n<strong>Dvo\u0159\u00e1k<\/strong>, Symphonie no 8 en sol majeur, op. 88 (34 min.)<br \/>\nSymphonie no 8 en sol majeur<\/p>\n<p>*Commande du Toronto Symphony Orchestra en collaboration avec l\u2019Orchestre du Centre national des arts et l\u2019Orchestre symphonique de Montr\u00e9al, gr\u00e2ce au soutien financier du gouvernement du Canada.<\/p>\n<\/div>\n","protected":false},"excerpt":{"rendered":"<p>Trois violons solos de trois grands orchestres canadiens sont r\u00e9unis dans un parcours musical qui met en sc\u00e8ne Prague, o\u00f9 ont \u00e9t\u00e9 jou\u00e9es les symphonies de Mozart et de Dvo\u0159\u00e1k. Ajoutant au plaisir la d\u00e9couverte, l\u2019\u0153uvre d\u2019Alexina Louie met en valeur le jeu prodigieux des violonistes.\u00a0 ARTISTES ET \u0152UVRES Orchestre symphonique de Montr\u00e9al L\u2019octobasse sera [&hellip;]<\/p>\n","protected":false},"author":1,"featured_media":48497,"comment_status":"open","ping_status":"closed","template":"","meta":{"om_disable_all_campaigns":false,"jetpack_post_was_ever_published":false},"tags":[],"tribe_events_cat":[6487,6476],"acf":[],"jetpack_sharing_enabled":true,"_links":{"self":[{"href":"https:\/\/www.ludwig-van.com\/montreal\/wp-json\/wp\/v2\/tribe_events\/51943"}],"collection":[{"href":"https:\/\/www.ludwig-van.com\/montreal\/wp-json\/wp\/v2\/tribe_events"}],"about":[{"href":"https:\/\/www.ludwig-van.com\/montreal\/wp-json\/wp\/v2\/types\/tribe_events"}],"author":[{"embeddable":true,"href":"https:\/\/www.ludwig-van.com\/montreal\/wp-json\/wp\/v2\/users\/1"}],"replies":[{"embeddable":true,"href":"https:\/\/www.ludwig-van.com\/montreal\/wp-json\/wp\/v2\/comments?post=51943"}],"version-history":[{"count":1,"href":"https:\/\/www.ludwig-van.com\/montreal\/wp-json\/wp\/v2\/tribe_events\/51943\/revisions"}],"predecessor-version":[{"id":51944,"href":"https:\/\/www.ludwig-van.com\/montreal\/wp-json\/wp\/v2\/tribe_events\/51943\/revisions\/51944"}],"wp:featuredmedia":[{"embeddable":true,"href":"https:\/\/www.ludwig-van.com\/montreal\/wp-json\/wp\/v2\/media\/48497"}],"wp:attachment":[{"href":"https:\/\/www.ludwig-van.com\/montreal\/wp-json\/wp\/v2\/media?parent=51943"}],"wp:term":[{"taxonomy":"post_tag","embeddable":true,"href":"https:\/\/www.ludwig-van.com\/montreal\/wp-json\/wp\/v2\/tags?post=51943"},{"taxonomy":"tribe_events_cat","embeddable":true,"href":"https:\/\/www.ludwig-van.com\/montreal\/wp-json\/wp\/v2\/tribe_events_cat?post=51943"}],"curies":[{"name":"wp","href":"https:\/\/api.w.org\/{rel}","templated":true}]}}