{"id":51793,"date":"2018-02-16T15:44:13","date_gmt":"2018-02-16T20:44:13","guid":{"rendered":"https:\/\/www.ludwig-van.com\/montreal\/?post_type=tribe_events&#038;p=51793"},"modified":"2018-02-16T15:44:13","modified_gmt":"2018-02-16T20:44:13","slug":"fondation-arte-musica-claude-debussy-vie-de-boheme","status":"publish","type":"tribe_events","link":"https:\/\/www.ludwig-van.com\/montreal\/event\/fondation-arte-musica-claude-debussy-vie-de-boheme\/","title":{"rendered":"Fondation Arte Musica | Claude Debussy &#8211; Une vie de boh\u00e8me"},"content":{"rendered":"<p>Ce spectacle immersif parcourt les souvenirs de Debussy \u2013 l\u2019Exposition universelle de Paris, sa vie de boh\u00e8me, sa famille \u2013 sous forme de tableaux musicaux. Gr\u00e2ce \u00e0 une sc\u00e9nographie originale int\u00e9grant arts visuels, documents d\u2019archives et narration, les moments charni\u00e8res de la vie du compositeur sont d\u00e9voil\u00e9s, nous permettant de mieux comprendre l\u2019essence de son \u0153uvre.<\/p>\n<p><em>Une production MEMO Histoires de musique en collaboration avec la Fondation Arte Musica<\/em><\/p>\n<p>ARTISTES<br \/>\n<strong>Andr\u00e9anne Brisson-Paquin<\/strong>, soprano<br \/>\n<strong>Flavie Gagnon et Nancy Ricard<\/strong>, violons<br \/>\n<strong>Isaac Chalk<\/strong>, alto<br \/>\n<strong>Chlo\u00e9 Dominguez<\/strong>, violoncelle<br \/>\n<strong>Arianne Brisson<\/strong>, fl\u00fbte<br \/>\n<strong>Olivier H\u00e9bert-Bouchard<\/strong>, piano<br \/>\n<strong>Eveline Gr\u00e9goire-Rousseau<\/strong>, harpe<br \/>\n<strong>William Kraushaar<\/strong>, narration<\/p>\n","protected":false},"excerpt":{"rendered":"<p>Ce spectacle immersif parcourt les souvenirs de Debussy \u2013 l\u2019Exposition universelle de Paris, sa vie de boh\u00e8me, sa famille \u2013 sous forme de tableaux musicaux. Gr\u00e2ce \u00e0 une sc\u00e9nographie originale int\u00e9grant arts visuels, documents d\u2019archives et narration, les moments charni\u00e8res de la vie du compositeur sont d\u00e9voil\u00e9s, nous permettant de mieux comprendre l\u2019essence de son [&hellip;]<\/p>\n","protected":false},"author":1,"featured_media":51795,"comment_status":"open","ping_status":"closed","template":"","meta":{"om_disable_all_campaigns":false,"jetpack_post_was_ever_published":false},"tags":[],"tribe_events_cat":[6109,5052,5565,5124,6476,5050],"acf":[],"jetpack_sharing_enabled":true,"_links":{"self":[{"href":"https:\/\/www.ludwig-van.com\/montreal\/wp-json\/wp\/v2\/tribe_events\/51793"}],"collection":[{"href":"https:\/\/www.ludwig-van.com\/montreal\/wp-json\/wp\/v2\/tribe_events"}],"about":[{"href":"https:\/\/www.ludwig-van.com\/montreal\/wp-json\/wp\/v2\/types\/tribe_events"}],"author":[{"embeddable":true,"href":"https:\/\/www.ludwig-van.com\/montreal\/wp-json\/wp\/v2\/users\/1"}],"replies":[{"embeddable":true,"href":"https:\/\/www.ludwig-van.com\/montreal\/wp-json\/wp\/v2\/comments?post=51793"}],"version-history":[{"count":1,"href":"https:\/\/www.ludwig-van.com\/montreal\/wp-json\/wp\/v2\/tribe_events\/51793\/revisions"}],"predecessor-version":[{"id":51796,"href":"https:\/\/www.ludwig-van.com\/montreal\/wp-json\/wp\/v2\/tribe_events\/51793\/revisions\/51796"}],"wp:featuredmedia":[{"embeddable":true,"href":"https:\/\/www.ludwig-van.com\/montreal\/wp-json\/wp\/v2\/media\/51795"}],"wp:attachment":[{"href":"https:\/\/www.ludwig-van.com\/montreal\/wp-json\/wp\/v2\/media?parent=51793"}],"wp:term":[{"taxonomy":"post_tag","embeddable":true,"href":"https:\/\/www.ludwig-van.com\/montreal\/wp-json\/wp\/v2\/tags?post=51793"},{"taxonomy":"tribe_events_cat","embeddable":true,"href":"https:\/\/www.ludwig-van.com\/montreal\/wp-json\/wp\/v2\/tribe_events_cat?post=51793"}],"curies":[{"name":"wp","href":"https:\/\/api.w.org\/{rel}","templated":true}]}}