{"id":51586,"date":"2018-02-13T16:13:48","date_gmt":"2018-02-13T21:13:48","guid":{"rendered":"https:\/\/www.ludwig-van.com\/montreal\/?post_type=tribe_events&#038;p=51586"},"modified":"2018-02-13T16:13:48","modified_gmt":"2018-02-13T21:13:48","slug":"moments-musicaux-damour-et-divresse","status":"publish","type":"tribe_events","link":"https:\/\/www.ludwig-van.com\/montreal\/event\/moments-musicaux-damour-et-divresse\/","title":{"rendered":"Moments Musicaux | D&rsquo;Amour et d&rsquo;ivresse"},"content":{"rendered":"<p class=\"p1\">Pour clore sa saison musicale 2017-2018, l&rsquo;organisme Moments Musicaux mise sur la beaut\u00e9, sur la puret\u00e9 des voix du tr\u00e8s r\u00e9put\u00e9 Studio de musique ancienne de Montr\u00e9al (SMAM).\u00a0C&rsquo;est avec un grand bonheur que nous vous invitons \u00e0 venir entendre un quintette vocal et luth, dans ce concert intitul\u00e9 :\u00a0D&rsquo;AMOUR ET D&rsquo;IVRESSE<\/p>\n<p class=\"p1\">L&rsquo;organisme Moments Musicaux re\u00e7oit cinq chanteurs chevronn\u00e9s qui seront accompagn\u00e9s au luth par Madeleine Owen.<\/p>\n<p class=\"p1\">Avec ses sonorit\u00e9s vibrantes et la richesse de ses interpr\u00e9tations, ce choeur largement reconnu propose un programme inspir\u00e9 des XVe et XVIe si\u00e8cles qui transportera l\u2019auditoire dans un voyage \u00e0 travers l\u2019Italie, l\u2019Angleterre et la France. Les ma\u00eetres compositeurs Roland de Lassus, Claudio Monteverdi et Josquin Des Prez sauront amuser et divertir gr\u00e2ce \u00e0 leur style ludique.<\/p>\n<p class=\"p1\">Ce concert saura r\u00e9chauffer tout votre \u00eatre, c&rsquo;est garanti.<\/p>\n<p class=\"p1\">Pour ajouter \u00e0 votre plaisir, joignez-vous aux musiciens et aux organisatrices de l&rsquo;\u00e9v\u00e8nement lors de l&rsquo;apr\u00e8s-concert.<\/p>\n<p class=\"p1\">Distribution<\/p>\n<p class=\"p1\">Rebecca Dowd \u2013 soprano<br \/>\nStephanie Manias \u2013 soprano<br \/>\nJos\u00e9e Lalonde \u2013 alto<br \/>\nMichiel Schrey \u2013 tenor<br \/>\nNormand Richard \u2013 basse<br \/>\nMadeleine Owen \u2013 luth et pr\u00e9sentation<\/p>\n<p class=\"p1\">Informations et billets <a href=\"http:\/\/www.momentsmusicaux.ca\" target=\"_blank\" rel=\"noopener\"><span class=\"s1\">www.momentsmusicaux.ca<\/span><\/a><span class=\"s1\"> <\/span>ou 514-439-2254<br \/>\nAdm. g\u00e9n. 30$<br \/>\n\u00c9tudiants 10$<\/p>\n","protected":false},"excerpt":{"rendered":"<p>Pour clore sa saison musicale 2017-2018, l&rsquo;organisme Moments Musicaux mise sur la beaut\u00e9, sur la puret\u00e9 des voix du tr\u00e8s r\u00e9put\u00e9 Studio de musique ancienne de Montr\u00e9al (SMAM).\u00a0C&rsquo;est avec un grand bonheur que nous vous invitons \u00e0 venir entendre un quintette vocal et luth, dans ce concert intitul\u00e9 :\u00a0D&rsquo;AMOUR ET D&rsquo;IVRESSE L&rsquo;organisme Moments Musicaux re\u00e7oit [&hellip;]<\/p>\n","protected":false},"author":1,"featured_media":51589,"comment_status":"open","ping_status":"closed","template":"","meta":{"om_disable_all_campaigns":false,"jetpack_post_was_ever_published":false},"tags":[],"tribe_events_cat":[5109,5053,5050],"acf":[],"jetpack_sharing_enabled":true,"_links":{"self":[{"href":"https:\/\/www.ludwig-van.com\/montreal\/wp-json\/wp\/v2\/tribe_events\/51586"}],"collection":[{"href":"https:\/\/www.ludwig-van.com\/montreal\/wp-json\/wp\/v2\/tribe_events"}],"about":[{"href":"https:\/\/www.ludwig-van.com\/montreal\/wp-json\/wp\/v2\/types\/tribe_events"}],"author":[{"embeddable":true,"href":"https:\/\/www.ludwig-van.com\/montreal\/wp-json\/wp\/v2\/users\/1"}],"replies":[{"embeddable":true,"href":"https:\/\/www.ludwig-van.com\/montreal\/wp-json\/wp\/v2\/comments?post=51586"}],"version-history":[{"count":1,"href":"https:\/\/www.ludwig-van.com\/montreal\/wp-json\/wp\/v2\/tribe_events\/51586\/revisions"}],"predecessor-version":[{"id":51591,"href":"https:\/\/www.ludwig-van.com\/montreal\/wp-json\/wp\/v2\/tribe_events\/51586\/revisions\/51591"}],"wp:featuredmedia":[{"embeddable":true,"href":"https:\/\/www.ludwig-van.com\/montreal\/wp-json\/wp\/v2\/media\/51589"}],"wp:attachment":[{"href":"https:\/\/www.ludwig-van.com\/montreal\/wp-json\/wp\/v2\/media?parent=51586"}],"wp:term":[{"taxonomy":"post_tag","embeddable":true,"href":"https:\/\/www.ludwig-van.com\/montreal\/wp-json\/wp\/v2\/tags?post=51586"},{"taxonomy":"tribe_events_cat","embeddable":true,"href":"https:\/\/www.ludwig-van.com\/montreal\/wp-json\/wp\/v2\/tribe_events_cat?post=51586"}],"curies":[{"name":"wp","href":"https:\/\/api.w.org\/{rel}","templated":true}]}}