{"id":51488,"date":"2018-02-08T20:47:09","date_gmt":"2018-02-09T01:47:09","guid":{"rendered":"https:\/\/www.ludwig-van.com\/montreal\/?post_type=tribe_events&#038;p=51488"},"modified":"2018-02-08T20:52:24","modified_gmt":"2018-02-09T01:52:24","slug":"orchestre-symphonique-de-laval-glorieuse-trompette","status":"publish","type":"tribe_events","link":"https:\/\/www.ludwig-van.com\/montreal\/event\/orchestre-symphonique-de-laval-glorieuse-trompette\/2018-03-14\/","title":{"rendered":"Orchestre symphonique de Laval | Glorieuse trompette"},"content":{"rendered":"<p>La sonorit\u00e9 glorieuse de la trompette est \u00e0 l\u2019honneur dans ce programme, mettant en vedette Pacho Flores, un trompettiste virtuose qui jouera pour la premi\u00e8re fois au Canada. Pour terminer, les trompettes de l\u2019Orchestre entameront le th\u00e8me de l\u2019in\u00e9luctable destin, cher \u00e0 Tcha\u00efkovski, dans la tragique Quatri\u00e8me symphonie.<\/p>\n<p><strong>Johann Baptist Georg Neruda<\/strong><br \/>\n<em>Concerto pour trompette et cordes<\/em> <em>en mi b\u00e9mol majeur<\/em><\/p>\n<p><strong>Efra\u00edn Oscher <\/strong><br \/>\n<em>Soledad<\/em><\/p>\n<p><strong>Astor Piazzolla<\/strong><br \/>\n<em>Cuatro Estaciones Porte\u00f1as<\/em>\u00a0: \u00ab Invierno Porte\u00f1o \u00bb (arr. Efra\u00edn Oscher)<\/p>\n<p><strong>Alain Trudel <\/strong><br \/>\n<em>Preach, <\/em>pour trompette et orchestre<\/p>\n<p><strong>Piotr Ilitch Tcha\u00efkovski<\/strong><br \/>\n<em>Symphonie n\u00ba 4 en fa mineur<\/em>, op. 36<\/p>\n<p>Alain Trudel, chef<br \/>\nPacho Flores, trompette<\/p>\n","protected":false},"excerpt":{"rendered":"<p>La sonorit\u00e9 glorieuse de la trompette est \u00e0 l\u2019honneur dans ce programme, mettant en vedette Pacho Flores, un trompettiste virtuose qui jouera pour la premi\u00e8re fois au Canada. Pour terminer, les trompettes de l\u2019Orchestre entameront le th\u00e8me de l\u2019in\u00e9luctable destin, cher \u00e0 Tcha\u00efkovski, dans la tragique Quatri\u00e8me symphonie. Johann Baptist Georg Neruda Concerto pour trompette [&hellip;]<\/p>\n","protected":false},"author":1,"featured_media":51489,"comment_status":"open","ping_status":"closed","template":"","meta":{"om_disable_all_campaigns":false,"jetpack_post_was_ever_published":false},"tags":[],"tribe_events_cat":[6487],"acf":[],"jetpack_sharing_enabled":true,"_links":{"self":[{"href":"https:\/\/www.ludwig-van.com\/montreal\/wp-json\/wp\/v2\/tribe_events\/51488"}],"collection":[{"href":"https:\/\/www.ludwig-van.com\/montreal\/wp-json\/wp\/v2\/tribe_events"}],"about":[{"href":"https:\/\/www.ludwig-van.com\/montreal\/wp-json\/wp\/v2\/types\/tribe_events"}],"author":[{"embeddable":true,"href":"https:\/\/www.ludwig-van.com\/montreal\/wp-json\/wp\/v2\/users\/1"}],"replies":[{"embeddable":true,"href":"https:\/\/www.ludwig-van.com\/montreal\/wp-json\/wp\/v2\/comments?post=51488"}],"version-history":[{"count":3,"href":"https:\/\/www.ludwig-van.com\/montreal\/wp-json\/wp\/v2\/tribe_events\/51488\/revisions"}],"predecessor-version":[{"id":51493,"href":"https:\/\/www.ludwig-van.com\/montreal\/wp-json\/wp\/v2\/tribe_events\/51488\/revisions\/51493"}],"wp:featuredmedia":[{"embeddable":true,"href":"https:\/\/www.ludwig-van.com\/montreal\/wp-json\/wp\/v2\/media\/51489"}],"wp:attachment":[{"href":"https:\/\/www.ludwig-van.com\/montreal\/wp-json\/wp\/v2\/media?parent=51488"}],"wp:term":[{"taxonomy":"post_tag","embeddable":true,"href":"https:\/\/www.ludwig-van.com\/montreal\/wp-json\/wp\/v2\/tags?post=51488"},{"taxonomy":"tribe_events_cat","embeddable":true,"href":"https:\/\/www.ludwig-van.com\/montreal\/wp-json\/wp\/v2\/tribe_events_cat?post=51488"}],"curies":[{"name":"wp","href":"https:\/\/api.w.org\/{rel}","templated":true}]}}