{"id":51318,"date":"2018-01-30T18:14:18","date_gmt":"2018-01-30T23:14:18","guid":{"rendered":"https:\/\/www.ludwig-van.com\/montreal\/?post_type=tribe_events&#038;p=51318"},"modified":"2018-01-30T18:14:18","modified_gmt":"2018-01-30T23:14:18","slug":"fondation-arte-musica-passion-de-jeanne-darc","status":"publish","type":"tribe_events","link":"https:\/\/www.ludwig-van.com\/montreal\/event\/fondation-arte-musica-passion-de-jeanne-darc\/","title":{"rendered":"Fondation Arte Musica | La Passion de Jeanne d\u2019Arc"},"content":{"rendered":"<p>L\u2019Orlando Consort interpr\u00e8te en direct une nouvelle trame musicale pour le chef-d\u2019\u0153uvre de Carl Dreyer\u00a0<em>La Passion de Jeanne d\u2019Arc<\/em>. Avec de la musique compos\u00e9e durant la courte vie de Jeanne d\u2019Arc (1412-1431), l\u2019ensemble vocal anglais propose une reconstitution musicale fid\u00e8le de la France m\u00e9di\u00e9vale. Une r\u00e9alisation unique qui nous ram\u00e8ne aux origines du 7e art, alors que la musique \u00e9tait jou\u00e9e en direct dans les salles de cin\u00e9ma!<\/p>\n<p><em>\u00ab L\u2019ORLANDO CONSORT SEMBLE AVOIR CR\u00c9\u00c9\u00a0<\/em><em>LA NOUVELLE TRAME SONORE DE R\u00c9F\u00c9RENCE POUR LE CHEF-D\u2019\u0152UVRE DE DREYER. \u00bb<br \/>\n<\/em>\u2013 Classical Source<\/p>\n<p><strong>ARTISTES<br \/>\n<\/strong><strong>THE ORLANDO CONSORT<\/strong><strong><br \/>\n<\/strong><strong>Matthew Venner<\/strong>, contret\u00e9nor<br \/>\n<strong>Mark Dobell<\/strong>, t\u00e9nor<br \/>\n<strong>Angus Smith<\/strong>, t\u00e9nor<br \/>\n<strong>Donald Greig<\/strong>, baryton<br \/>\n<strong>Robert McDonald<\/strong>, basse<\/p>\n<p><strong>PROGRAMME<br \/>\n<\/strong>Avec la projection du film muet\u00a0<em>La Passion de Jeanne d\u2019Arc\u00a0<\/em>(1928) de Carl Dreyer avec intertitres en anglais<\/p>\n","protected":false},"excerpt":{"rendered":"<p>L\u2019Orlando Consort interpr\u00e8te en direct une nouvelle trame musicale pour le chef-d\u2019\u0153uvre de Carl Dreyer\u00a0La Passion de Jeanne d\u2019Arc. Avec de la musique compos\u00e9e durant la courte vie de Jeanne d\u2019Arc (1412-1431), l\u2019ensemble vocal anglais propose une reconstitution musicale fid\u00e8le de la France m\u00e9di\u00e9vale. Une r\u00e9alisation unique qui nous ram\u00e8ne aux origines du 7e art, [&hellip;]<\/p>\n","protected":false},"author":1,"featured_media":51319,"comment_status":"open","ping_status":"closed","template":"","meta":{"om_disable_all_campaigns":false,"jetpack_post_was_ever_published":false},"tags":[],"tribe_events_cat":[6440,5050],"acf":[],"jetpack_sharing_enabled":true,"_links":{"self":[{"href":"https:\/\/www.ludwig-van.com\/montreal\/wp-json\/wp\/v2\/tribe_events\/51318"}],"collection":[{"href":"https:\/\/www.ludwig-van.com\/montreal\/wp-json\/wp\/v2\/tribe_events"}],"about":[{"href":"https:\/\/www.ludwig-van.com\/montreal\/wp-json\/wp\/v2\/types\/tribe_events"}],"author":[{"embeddable":true,"href":"https:\/\/www.ludwig-van.com\/montreal\/wp-json\/wp\/v2\/users\/1"}],"replies":[{"embeddable":true,"href":"https:\/\/www.ludwig-van.com\/montreal\/wp-json\/wp\/v2\/comments?post=51318"}],"version-history":[{"count":1,"href":"https:\/\/www.ludwig-van.com\/montreal\/wp-json\/wp\/v2\/tribe_events\/51318\/revisions"}],"predecessor-version":[{"id":51321,"href":"https:\/\/www.ludwig-van.com\/montreal\/wp-json\/wp\/v2\/tribe_events\/51318\/revisions\/51321"}],"wp:featuredmedia":[{"embeddable":true,"href":"https:\/\/www.ludwig-van.com\/montreal\/wp-json\/wp\/v2\/media\/51319"}],"wp:attachment":[{"href":"https:\/\/www.ludwig-van.com\/montreal\/wp-json\/wp\/v2\/media?parent=51318"}],"wp:term":[{"taxonomy":"post_tag","embeddable":true,"href":"https:\/\/www.ludwig-van.com\/montreal\/wp-json\/wp\/v2\/tags?post=51318"},{"taxonomy":"tribe_events_cat","embeddable":true,"href":"https:\/\/www.ludwig-van.com\/montreal\/wp-json\/wp\/v2\/tribe_events_cat?post=51318"}],"curies":[{"name":"wp","href":"https:\/\/api.w.org\/{rel}","templated":true}]}}