{"id":51306,"date":"2018-01-30T17:47:54","date_gmt":"2018-01-30T22:47:54","guid":{"rendered":"https:\/\/www.ludwig-van.com\/montreal\/?post_type=tribe_events&#038;p=51306"},"modified":"2018-01-30T17:47:54","modified_gmt":"2018-01-30T22:47:54","slug":"fondation-arte-musica-alexandre-tharaud","status":"publish","type":"tribe_events","link":"https:\/\/www.ludwig-van.com\/montreal\/event\/fondation-arte-musica-alexandre-tharaud\/","title":{"rendered":"Fondation Arte Musica | Alexandre Tharaud"},"content":{"rendered":"<p>Alexandre Tharaud retrouve le fid\u00e8le public de la salle Bourgie le temps d\u2019un r\u00e9cital couvrant 250 ans de musique. Des c\u00e9l\u00e8bres <em>Cinq Morceaux de fantaisie <\/em>de Rachmaninov aux <em>Miroirs <\/em>de Ravel, chef-d\u2019\u0153uvre incontest\u00e9, Alexandre Tharaud met son art au service d\u2019univers contrast\u00e9s.<\/p>\n<p><strong>ARTISTE<br \/>\n<\/strong><strong>ALEXANDRE THARAUD<\/strong>, piano<\/p>\n<p><strong>PROGRAMME<br \/>\n<\/strong><strong>SCARLATTI\u00a0<\/strong>Sept Sonates<br \/>\n<strong>RACHMANINOV\u00a0<\/strong><em>Cinq Morceaux de fantaisie<\/em>, op. 3<strong><br \/>\n<\/strong><strong>MAHLER-THARAUD\u00a0<\/strong><em>Adagietto\u00a0<\/em>de la\u00a0<em>Symphonie n\u00b0 5<\/em><br \/>\n<strong>RAVEL\u00a0<\/strong><em>Miroirs<\/em><\/p>\n","protected":false},"excerpt":{"rendered":"<p>Alexandre Tharaud retrouve le fid\u00e8le public de la salle Bourgie le temps d\u2019un r\u00e9cital couvrant 250 ans de musique. Des c\u00e9l\u00e8bres Cinq Morceaux de fantaisie de Rachmaninov aux Miroirs de Ravel, chef-d\u2019\u0153uvre incontest\u00e9, Alexandre Tharaud met son art au service d\u2019univers contrast\u00e9s. ARTISTE ALEXANDRE THARAUD, piano PROGRAMME SCARLATTI\u00a0Sept Sonates RACHMANINOV\u00a0Cinq Morceaux de fantaisie, op. 3 [&hellip;]<\/p>\n","protected":false},"author":1,"featured_media":48289,"comment_status":"open","ping_status":"closed","template":"","meta":{"om_disable_all_campaigns":false,"jetpack_post_was_ever_published":false},"tags":[],"tribe_events_cat":[5024],"acf":[],"jetpack_sharing_enabled":true,"_links":{"self":[{"href":"https:\/\/www.ludwig-van.com\/montreal\/wp-json\/wp\/v2\/tribe_events\/51306"}],"collection":[{"href":"https:\/\/www.ludwig-van.com\/montreal\/wp-json\/wp\/v2\/tribe_events"}],"about":[{"href":"https:\/\/www.ludwig-van.com\/montreal\/wp-json\/wp\/v2\/types\/tribe_events"}],"author":[{"embeddable":true,"href":"https:\/\/www.ludwig-van.com\/montreal\/wp-json\/wp\/v2\/users\/1"}],"replies":[{"embeddable":true,"href":"https:\/\/www.ludwig-van.com\/montreal\/wp-json\/wp\/v2\/comments?post=51306"}],"version-history":[{"count":1,"href":"https:\/\/www.ludwig-van.com\/montreal\/wp-json\/wp\/v2\/tribe_events\/51306\/revisions"}],"predecessor-version":[{"id":51307,"href":"https:\/\/www.ludwig-van.com\/montreal\/wp-json\/wp\/v2\/tribe_events\/51306\/revisions\/51307"}],"wp:featuredmedia":[{"embeddable":true,"href":"https:\/\/www.ludwig-van.com\/montreal\/wp-json\/wp\/v2\/media\/48289"}],"wp:attachment":[{"href":"https:\/\/www.ludwig-van.com\/montreal\/wp-json\/wp\/v2\/media?parent=51306"}],"wp:term":[{"taxonomy":"post_tag","embeddable":true,"href":"https:\/\/www.ludwig-van.com\/montreal\/wp-json\/wp\/v2\/tags?post=51306"},{"taxonomy":"tribe_events_cat","embeddable":true,"href":"https:\/\/www.ludwig-van.com\/montreal\/wp-json\/wp\/v2\/tribe_events_cat?post=51306"}],"curies":[{"name":"wp","href":"https:\/\/api.w.org\/{rel}","templated":true}]}}