{"id":51166,"date":"2018-01-25T18:32:47","date_gmt":"2018-01-25T23:32:47","guid":{"rendered":"https:\/\/www.ludwig-van.com\/montreal\/?post_type=tribe_events&#038;p=51166"},"modified":"2018-01-25T18:32:47","modified_gmt":"2018-01-25T23:32:47","slug":"osm-jacques-lacombe-lame-russe","status":"publish","type":"tribe_events","link":"https:\/\/www.ludwig-van.com\/montreal\/event\/osm-jacques-lacombe-lame-russe\/2018-02-07\/","title":{"rendered":"OSM | Jacques Lacombe et l\u2019\u00e2me russe"},"content":{"rendered":"<div class=\"vc_wp_text wpb_content_element description_concert\">\n<div class=\"widget widget_text\">\n<div class=\"textwidget\">\n<p>L\u2019OSM pr\u00e9sente l\u2019apog\u00e9e de Chostakovitch en interpr\u00e9tant sa derni\u00e8re \u0153uvre concertante, ainsi que la symphonie n<sup>o<\/sup> 5 de Prokofiev, l\u2019une des plus grandioses de son r\u00e9pertoire. Entre deux concerts en Allemagne, Jacques Lacombe revient offrir \u00e0 sa province natale sa fougue et son exp\u00e9rience pour unir ces \u0153uvres dans un concert enlevant.<\/p>\n<\/div>\n<\/div>\n<\/div>\n<div class=\"vc_wp_text wpb_content_element description_concert\">\n<div class=\"widget widget_text\">\n<div class=\"textwidget\">\n<p class=\"m-2126301917119671990msolistparagraph\">\u201cJacques Lacombe communique \u00e0 merveille avec les musiciens, exploitant leur virtuosit\u00e9 pour composer un tableau riche d\u2019une multitude de d\u00e9tails, d\u2019id\u00e9es et de nuances.\u201c \u2013 La Presse<\/p>\n<p>ARTISTES ET \u0152UVRES<\/p>\n<p><strong>Orchestre symphonique de Montr\u00e9al<br \/>\n<\/strong>Jacques Lacombe, chef d\u2019orchestre<br \/>\nAlina Ibragimova, violon<\/p>\n<p>Chostakovitch, Concerto pour violon n<sup>o<\/sup>\u00a02\u00a0en do di\u00e8se mineur, op. 129 (33\u2019)<br \/>\nProkofiev, Symphonie n<sup>o<\/sup>\u00a05 en si b\u00e9mol majeur, op. 100 (43\u2019)<\/p>\n<\/div>\n<\/div>\n<\/div>\n","protected":false},"excerpt":{"rendered":"<p>L\u2019OSM pr\u00e9sente l\u2019apog\u00e9e de Chostakovitch en interpr\u00e9tant sa derni\u00e8re \u0153uvre concertante, ainsi que la symphonie no 5 de Prokofiev, l\u2019une des plus grandioses de son r\u00e9pertoire. Entre deux concerts en Allemagne, Jacques Lacombe revient offrir \u00e0 sa province natale sa fougue et son exp\u00e9rience pour unir ces \u0153uvres dans un concert enlevant. \u201cJacques Lacombe communique [&hellip;]<\/p>\n","protected":false},"author":1,"featured_media":48463,"comment_status":"open","ping_status":"closed","template":"","meta":{"om_disable_all_campaigns":false,"jetpack_post_was_ever_published":false},"tags":[],"tribe_events_cat":[6487,6476],"acf":[],"jetpack_sharing_enabled":true,"_links":{"self":[{"href":"https:\/\/www.ludwig-van.com\/montreal\/wp-json\/wp\/v2\/tribe_events\/51166"}],"collection":[{"href":"https:\/\/www.ludwig-van.com\/montreal\/wp-json\/wp\/v2\/tribe_events"}],"about":[{"href":"https:\/\/www.ludwig-van.com\/montreal\/wp-json\/wp\/v2\/types\/tribe_events"}],"author":[{"embeddable":true,"href":"https:\/\/www.ludwig-van.com\/montreal\/wp-json\/wp\/v2\/users\/1"}],"replies":[{"embeddable":true,"href":"https:\/\/www.ludwig-van.com\/montreal\/wp-json\/wp\/v2\/comments?post=51166"}],"version-history":[{"count":1,"href":"https:\/\/www.ludwig-van.com\/montreal\/wp-json\/wp\/v2\/tribe_events\/51166\/revisions"}],"predecessor-version":[{"id":51167,"href":"https:\/\/www.ludwig-van.com\/montreal\/wp-json\/wp\/v2\/tribe_events\/51166\/revisions\/51167"}],"wp:featuredmedia":[{"embeddable":true,"href":"https:\/\/www.ludwig-van.com\/montreal\/wp-json\/wp\/v2\/media\/48463"}],"wp:attachment":[{"href":"https:\/\/www.ludwig-van.com\/montreal\/wp-json\/wp\/v2\/media?parent=51166"}],"wp:term":[{"taxonomy":"post_tag","embeddable":true,"href":"https:\/\/www.ludwig-van.com\/montreal\/wp-json\/wp\/v2\/tags?post=51166"},{"taxonomy":"tribe_events_cat","embeddable":true,"href":"https:\/\/www.ludwig-van.com\/montreal\/wp-json\/wp\/v2\/tribe_events_cat?post=51166"}],"curies":[{"name":"wp","href":"https:\/\/api.w.org\/{rel}","templated":true}]}}